{"id":107,"date":"2024-09-24T15:54:31","date_gmt":"2024-09-24T13:54:31","guid":{"rendered":"https:\/\/wpwebsitecoach.de\/hofladen\/?page_id=107"},"modified":"2024-11-18T16:19:04","modified_gmt":"2024-11-18T15:19:04","slug":"ueber-uns","status":"publish","type":"page","link":"https:\/\/irene-wolk.de\/gahmener-hof\/ueber-uns\/","title":{"rendered":"\u00dcber uns"},"content":{"rendered":"\n[et_pb_section fb_built=&#8220;1&#8243; fullwidth=&#8220;on&#8220; _builder_version=&#8220;4.27.0&#8243; _module_preset=&#8220;default&#8220; global_colors_info=&#8220;{}&#8220;][et_pb_fullwidth_image src=&#8220;https:\/\/irene-wolk.de\/gahmener-hof\/wp-content\/uploads\/sites\/13\/2024\/10\/familie-goerts-gahmener-hof.jpg&#8220; title_text=&#8220;familie-goerts&#8212;gahmener-hof&#8220; _builder_version=&#8220;4.27.0&#8243; _module_preset=&#8220;default&#8220; global_colors_info=&#8220;{}&#8220;][\/et_pb_fullwidth_image][\/et_pb_section][et_pb_section fb_built=&#8220;1&#8243; admin_label=&#8220;Section&#8220; _builder_version=&#8220;4.27.0&#8243; _module_preset=&#8220;default&#8220; background_color=&#8220;#F9F2E4&#8243; global_colors_info=&#8220;{}&#8220;][et_pb_row _builder_version=&#8220;4.27.3&#8243; _module_preset=&#8220;default&#8220; width=&#8220;90%&#8220; custom_margin=&#8220;0px|auto|1px|auto|false|false&#8220; custom_margin_tablet=&#8220;0px||90px||false|false&#8220; custom_margin_phone=&#8220;||0px||false|false&#8220; custom_margin_last_edited=&#8220;on|phone&#8220; custom_padding=&#8220;0px||0px||false|false&#8220; animation_style=&#8220;slide&#8220; animation_delay=&#8220;500ms&#8220; animation_speed_curve=&#8220;ease&#8220; locked=&#8220;off&#8220; global_colors_info=&#8220;{}&#8220;][et_pb_column type=&#8220;4_4&#8243; _builder_version=&#8220;4.23.1&#8243; _module_preset=&#8220;default&#8220; global_colors_info=&#8220;{}&#8220;][et_pb_text _builder_version=&#8220;4.27.3&#8243; _module_preset=&#8220;e44947ae-2082-412d-8e13-5bac7e926fb4&#8243; header_4_font=&#8220;Cabin_local|||on|||||&#8220; header_4_line_height=&#8220;1.2em&#8220; global_colors_info=&#8220;{%22gcid-primary-color%22:%91%22link_text_color%22,%22link_text_color%22%93,%22gcid-heading-color%22:%91%22header_text_color%22,%22header_3_text_color%22,%22header_2_text_color%22,%22header_5_text_color%22,%22header_6_text_color%22,%22quote_text_color%22,%22header_text_color%22,%22header_3_text_color%22,%22header_2_text_color%22,%22header_5_text_color%22,%22header_6_text_color%22,%22quote_text_color%22%93,%22gcid-body-color%22:%91%22text_text_color%22,%22text_text_color%22%93,%22gcid-secondary-color%22:%91%22quote_border_color%22,%22quote_border_color%22%93}&#8220; header_4_text_color__hover=&#8220;#006440&#8243;]<h4>\u00dcber uns<\/h4>[\/et_pb_text][et_pb_text _builder_version=&#8220;4.27.3&#8243; _module_preset=&#8220;27ecf749-88b9-49ed-9409-376a4c728bd8&#8243; header_2_font=&#8220;josefin_sans_local|700||on|||||&#8220; global_colors_info=&#8220;{%22gcid-primary-color%22:%91%22link_text_color%22,%22link_text_color%22%93,%22gcid-heading-color%22:%91%22header_text_color%22,%22header_4_text_color%22,%22header_3_text_color%22,%22header_5_text_color%22,%22header_6_text_color%22,%22quote_text_color%22,%22header_text_color%22,%22header_4_text_color%22,%22header_3_text_color%22,%22header_5_text_color%22,%22header_6_text_color%22,%22quote_text_color%22%93,%22gcid-body-color%22:%91%22text_text_color%22,%22text_text_color%22%93,%22gcid-secondary-color%22:%91%22quote_border_color%22,%22quote_border_color%22%93}&#8220;]<h2>Familienbetrieb mit Tradition<\/h2>[\/et_pb_text][\/et_pb_column][\/et_pb_row][et_pb_row column_structure=&#8220;1_2,1_2&#8243; use_custom_gutter=&#8220;on&#8220; gutter_width=&#8220;2&#8243; make_equal=&#8220;on&#8220; _builder_version=&#8220;4.27.3&#8243; _module_preset=&#8220;default&#8220; width_tablet=&#8220;&#8220; width_phone=&#8220;95%&#8220; width_last_edited=&#8220;on|phone&#8220; module_alignment=&#8220;center&#8220; custom_padding=&#8220;0px||||false|false&#8220; global_colors_info=&#8220;{}&#8220;][et_pb_column type=&#8220;1_2&#8243; _builder_version=&#8220;4.27.0&#8243; _module_preset=&#8220;default&#8220; global_colors_info=&#8220;{}&#8220;][et_pb_text quote_border_color=&#8220;gcid-secondary-color&#8220; _builder_version=&#8220;4.27.2&#8243; _module_preset=&#8220;default&#8220; text_font=&#8220;Varela_local|&#8211;et_global_body_font_weight|||||||&#8220; text_text_color=&#8220;#575656&#8243; text_font_size=&#8220;16px&#8220; text_line_height=&#8220;1.75em&#8220; link_font=&#8220;|&#8211;et_global_body_font_weight|||||||&#8220; link_text_color=&#8220;#FFFFFF&#8220; quote_font=&#8220;&#8211;et_global_heading_font|&#8211;et_global_heading_font_weight|||||||&#8220; quote_text_color=&#8220;#FFFFFF&#8220; header_font=&#8220;&#8211;et_global_heading_font|&#8211;et_global_heading_font_weight|||||||&#8220; header_text_color=&#8220;gcid-heading-color&#8220; header_font_size=&#8220;72px&#8220; header_line_height=&#8220;1.15em&#8220; header_2_font=&#8220;&#8211;et_global_heading_font|&#8211;et_global_heading_font_weight|||||||&#8220; header_2_text_color=&#8220;gcid-heading-color&#8220; header_2_font_size=&#8220;50px&#8220; header_2_line_height=&#8220;1.2em&#8220; header_3_font=&#8220;&#8211;et_global_heading_font|&#8211;et_global_heading_font_weight|||||||&#8220; header_3_text_color=&#8220;gcid-heading-color&#8220; header_3_font_size=&#8220;32px&#8220; header_3_line_height=&#8220;1.3em&#8220; header_4_font=&#8220;||||||||&#8220; header_4_text_align=&#8220;center&#8220; header_4_text_color=&#8220;#FFFFFF&#8220; header_4_font_size=&#8220;20px&#8220; header_4_line_height=&#8220;1.2em&#8220; header_5_font=&#8220;&#8211;et_global_heading_font|&#8211;et_global_heading_font_weight|||||||&#8220; header_5_text_color=&#8220;gcid-heading-color&#8220; header_5_font_size=&#8220;18px&#8220; header_5_line_height=&#8220;1.4em&#8220; header_6_font=&#8220;&#8211;et_global_heading_font|&#8211;et_global_heading_font_weight|||||||&#8220; header_6_text_color=&#8220;gcid-heading-color&#8220; header_6_line_height=&#8220;1.5em&#8220; width=&#8220;100%&#8220; module_alignment=&#8220;center&#8220; custom_margin=&#8220;0px||0px||false|false&#8220; custom_padding=&#8220;19px|17px|11px|17px|false|true&#8220; text_font_size_tablet=&#8220;15px&#8220; text_font_size_phone=&#8220;14px&#8220; text_font_size_last_edited=&#8220;on|phone&#8220; header_font_size_tablet=&#8220;40px&#8220; header_font_size_phone=&#8220;24px&#8220; header_font_size_last_edited=&#8220;on|desktop&#8220; header_2_font_size_tablet=&#8220;28px&#8220; header_2_font_size_phone=&#8220;20px&#8220; header_2_font_size_last_edited=&#8220;on|phone&#8220; header_3_font_size_tablet=&#8220;22px&#8220; header_3_font_size_phone=&#8220;17px&#8220; header_3_font_size_last_edited=&#8220;on|phone&#8220; header_4_font_size_tablet=&#8220;18px&#8220; header_4_font_size_phone=&#8220;15px&#8220; header_4_font_size_last_edited=&#8220;on|tablet&#8220; header_5_font_size_tablet=&#8220;15px&#8220; header_5_font_size_phone=&#8220;14px&#8220; header_5_font_size_last_edited=&#8220;on|desktop&#8220; header_6_font_size_tablet=&#8220;13px&#8220; header_6_font_size_phone=&#8220;13px&#8220; header_6_font_size_last_edited=&#8220;on|desktop&#8220; locked=&#8220;off&#8220; global_colors_info=&#8220;{%22gcid-primary-color%22:%91%22link_text_color%22%93,%22gcid-heading-color%22:%91%22header_text_color%22,%22header_4_text_color%22,%22header_3_text_color%22,%22header_2_text_color%22,%22header_5_text_color%22,%22header_6_text_color%22,%22quote_text_color%22%93,%22gcid-secondary-color%22:%91%22quote_border_color%22%93}&#8220; header_4_text_color__hover=&#8220;#fa9928&#8243; header_4_text_color__hover_enabled=&#8220;on|desktop&#8220; width__hover_enabled=&#8220;on|desktop&#8220; width__hover=&#8220;100%&#8220;]<p>Seit \u00fcber 700 Jahren steht der Gahmener Hof f\u00fcr Tradition und Qualit\u00e4t. Die erste Erw\u00e4hnung des Gahmener Hofes (fr\u00fcher als Hof Haumann bekannt), stammt aus einer Urkunde des Jahres 1285. Seither ist der Hof immer in Familienbesitz geblieben. Heute blicken wir auf eine dokumentierte Erbfolge bis ins Jahr 1567 zur\u00fcck. Der Hofname Haumann verlor sich erst 1961, als Hermann Goertz einheiratete. Der Hof Goertz wird heute in der 17. Generation von Familie Goertz bewirtschaftet.<\/p>\n<p>Unser Familienbetrieb hat sich der artgerechten Tierhaltung von Angus-Rindern und Duroc-Schweinen verschrieben. Sie leben in einem Tageslichtstall mit viel Stroh, Platz und Spielzeug. Unsere Schweine toben im Stroh, und das auf doppeltem Platz \u2013 anstelle von Spaltb\u00f6den wie in der konventionellen Haltung \u2013 zum Wohl der Tiere.<\/p>[\/et_pb_text][\/et_pb_column][et_pb_column type=&#8220;1_2&#8243; _builder_version=&#8220;4.27.0&#8243; _module_preset=&#8220;default&#8220; global_colors_info=&#8220;{}&#8220;][et_pb_text quote_border_color=&#8220;gcid-secondary-color&#8220; _builder_version=&#8220;4.27.3&#8243; _module_preset=&#8220;default&#8220; text_font=&#8220;Varela_local|&#8211;et_global_body_font_weight|||||||&#8220; text_text_color=&#8220;#575656&#8243; text_font_size=&#8220;16px&#8220; text_line_height=&#8220;1.75em&#8220; link_font=&#8220;|&#8211;et_global_body_font_weight|||||||&#8220; link_text_color=&#8220;#006440&#8243; quote_font=&#8220;&#8211;et_global_heading_font|&#8211;et_global_heading_font_weight|||||||&#8220; quote_text_color=&#8220;#FFFFFF&#8220; header_font=&#8220;&#8211;et_global_heading_font|&#8211;et_global_heading_font_weight|||||||&#8220; header_text_color=&#8220;gcid-heading-color&#8220; header_font_size=&#8220;72px&#8220; header_line_height=&#8220;1.15em&#8220; header_2_font=&#8220;&#8211;et_global_heading_font|&#8211;et_global_heading_font_weight|||||||&#8220; header_2_text_color=&#8220;gcid-heading-color&#8220; header_2_font_size=&#8220;50px&#8220; header_2_line_height=&#8220;1.2em&#8220; header_3_font=&#8220;&#8211;et_global_heading_font|&#8211;et_global_heading_font_weight|||||||&#8220; header_3_text_color=&#8220;gcid-heading-color&#8220; header_3_font_size=&#8220;32px&#8220; header_3_line_height=&#8220;1.3em&#8220; header_4_font=&#8220;||||||||&#8220; header_4_text_align=&#8220;center&#8220; header_4_text_color=&#8220;#FFFFFF&#8220; header_4_font_size=&#8220;20px&#8220; header_4_line_height=&#8220;1.2em&#8220; header_5_font=&#8220;&#8211;et_global_heading_font|&#8211;et_global_heading_font_weight|||||||&#8220; header_5_text_color=&#8220;gcid-heading-color&#8220; header_5_font_size=&#8220;18px&#8220; header_5_line_height=&#8220;1.4em&#8220; header_6_font=&#8220;&#8211;et_global_heading_font|&#8211;et_global_heading_font_weight|||||||&#8220; header_6_text_color=&#8220;gcid-heading-color&#8220; header_6_line_height=&#8220;1.5em&#8220; width=&#8220;100%&#8220; module_alignment=&#8220;center&#8220; custom_margin=&#8220;0px||0px||false|false&#8220; custom_padding=&#8220;19px|17px|11px|17px|false|true&#8220; text_font_size_tablet=&#8220;15px&#8220; text_font_size_phone=&#8220;14px&#8220; text_font_size_last_edited=&#8220;on|phone&#8220; header_font_size_tablet=&#8220;40px&#8220; header_font_size_phone=&#8220;24px&#8220; header_font_size_last_edited=&#8220;on|desktop&#8220; header_2_font_size_tablet=&#8220;28px&#8220; header_2_font_size_phone=&#8220;20px&#8220; header_2_font_size_last_edited=&#8220;on|phone&#8220; header_3_font_size_tablet=&#8220;22px&#8220; header_3_font_size_phone=&#8220;17px&#8220; header_3_font_size_last_edited=&#8220;on|phone&#8220; header_4_font_size_tablet=&#8220;18px&#8220; header_4_font_size_phone=&#8220;15px&#8220; header_4_font_size_last_edited=&#8220;on|tablet&#8220; header_5_font_size_tablet=&#8220;15px&#8220; header_5_font_size_phone=&#8220;14px&#8220; header_5_font_size_last_edited=&#8220;on|desktop&#8220; header_6_font_size_tablet=&#8220;13px&#8220; header_6_font_size_phone=&#8220;13px&#8220; header_6_font_size_last_edited=&#8220;on|desktop&#8220; locked=&#8220;off&#8220; global_colors_info=&#8220;{%22gcid-heading-color%22:%91%22header_text_color%22,%22header_4_text_color%22,%22header_3_text_color%22,%22header_2_text_color%22,%22header_5_text_color%22,%22header_6_text_color%22,%22quote_text_color%22%93,%22gcid-secondary-color%22:%91%22quote_border_color%22%93}&#8220; header_4_text_color__hover=&#8220;#fa9928&#8243; header_4_text_color__hover_enabled=&#8220;on|desktop&#8220;]<p>Auf unseren Ackerfl\u00e4chen wachsen Mais, Gerste, Weizen, Triticale, Ackergras und Ackerbohnen. Die Weiden und Wiesen runden das Futterangebot f\u00fcr unsere Tiere ab. Dabei arbeiten wir nach dem Gedanken des \u201eIntegrierten Landbaus\u201c. <a href=\"https:\/\/moderne-landwirtschaft.de\" target=\"_blank\" rel=\"noopener\" title=\"F\u00f6rdergemeinschaft Nachhaltiger Landwirtschaft\">F\u00f6rdergemeinschaft Nachhaltiger Landwirtschaft<\/a> (FNL.de)<\/p>\n<p>In unserem Hofladen finden Sie eine Auswahl an frischem Rind-und Schweinefleisch, Grillspezialit\u00e4ten und hausgemachten Gerichten. Wir arbeiten eng mit befreundeten Betrieben und kleinen Manufakturen zusammen, um Ihnen die besten Produkte anbieten zu k\u00f6nnen. F\u00fcr unser Gefl\u00fcgel-Angebot haben wir mit dem H\u00e4hnchenhof zur Nieden aus Fr\u00f6ndenberg-Ardey im Sauerland einen Partnerbetrieb mit gleichwertigem Anspruch gefunden. Frische, Qualit\u00e4t und echtes Handwerk sind unsere St\u00e4rken.<\/p>[\/et_pb_text][\/et_pb_column][\/et_pb_row][\/et_pb_section][et_pb_section fb_built=&#8220;1&#8243; fullwidth=&#8220;on&#8220; admin_label=&#8220;Code&#8220; _builder_version=&#8220;4.27.0&#8243; _module_preset=&#8220;default&#8220; background_color=&#8220;#F9F2E4&#8243; locked=&#8220;off&#8220; collapsed=&#8220;on&#8220; global_colors_info=&#8220;{}&#8220;][et_pb_fullwidth_code admin_label=&#8220;JS &#038; CSS Library Links&#8220; _builder_version=&#8220;4.17.3&#8243; _module_preset=&#8220;default&#8220; global_colors_info=&#8220;{}&#8220;]<!--This module must be included on every page you are using a carousel. Alternatively, copy and paste the below into Divi > Theme Options > Integration > Add to head. This will include the required libraries on every page automatically and you can remove this module from individual pages--><!-- [et_pb_line_break_holder] --><link rel=\"stylesheet\" href=\"https:\/\/npmcdn.com\/flickity@2\/dist\/flickity.css\"><!-- [et_pb_line_break_holder] --><script src=\"https:\/\/npmcdn.com\/flickity@2\/dist\/flickity.pkgd.js\"><\/script><!-- [et_pb_line_break_holder] -->[\/et_pb_fullwidth_code][et_pb_fullwidth_code disabled_on=&#8220;off|off|off&#8220; admin_label=&#8220;jQuery&#8220; _builder_version=&#8220;4.27.3&#8243; _module_preset=&#8220;default&#8220; global_colors_info=&#8220;{}&#8220;]<script><!-- [et_pb_line_break_holder] -->\/\/Featured Module Carousel by Brand & Build<!-- [et_pb_line_break_holder] -->(function ($) {<!-- [et_pb_line_break_holder] -->    $(window).load(function () {<!-- [et_pb_line_break_holder] -->        var $featuredCarousel = $('.bb-featured-carousel').flickity({<!-- [et_pb_line_break_holder] -->            \/\/ options<!-- [et_pb_line_break_holder] -->            cellAlign: 'center', \/\/Align slides to center<!-- [et_pb_line_break_holder] -->            contain: true, \/\/Prevents carousel overlap (no effect with wraparound)<!-- [et_pb_line_break_holder] -->            cellSelector: '.et_pb_row', \/\/Item selector - each item should be in its own row<!-- [et_pb_line_break_holder] -->            groupCells: 1, \/\/Rows to scroll - increase value to scroll more than 1 row at a time<!-- [et_pb_line_break_holder] -->            wrapAround: true, \/\/Infinite slides<!-- [et_pb_line_break_holder] -->            draggable: true, \/\/Slides to drag - use numerical value or set to false<!-- [et_pb_line_break_holder] -->            \/\/ friction: 0.15, \/\/Controls the movement of slider<!-- [et_pb_line_break_holder] -->            freeScroll: false, \/\/Unlimited dragging?<!-- [et_pb_line_break_holder] -->            freeScrollFriction: 0.075, \/\/ Lower friction, slides easier<!-- [et_pb_line_break_holder] -->            prevNextButtons: true, \/\/Show buttons<!-- [et_pb_line_break_holder] -->            pageDots: true, \/\/Show dots<!-- [et_pb_line_break_holder] -->            autoPlay: 4000, \/\/Autoplay speed in milliseconds. Default 3000ms Set to false to stop autoplay.<!-- [et_pb_line_break_holder] -->            pauseAutoPlayOnHover: true, \/\/ Pause on hover?<!-- [et_pb_line_break_holder] -->            adaptiveHeight: false, \/\/Carousel will adjust its height per slide<!-- [et_pb_line_break_holder] -->        });<!-- [et_pb_line_break_holder] -->    });<!-- [et_pb_line_break_holder] -->})(jQuery);<!-- [et_pb_line_break_holder] --><!-- [et_pb_line_break_holder] --><\/script>[\/et_pb_fullwidth_code][et_pb_fullwidth_code disabled_on=&#8220;off|off|off&#8220; admin_label=&#8220;CSS&#8220; _builder_version=&#8220;4.27.3&#8243; _module_preset=&#8220;default&#8220; border_color_all=&#8220;#8BA58F&#8220; global_colors_info=&#8220;{}&#8220;]<style><!-- [et_pb_line_break_holder] -->\/* ***************************************** *\/<!-- [et_pb_line_break_holder] -->\/* Featured Module Carousel by Brand & Build *\/<!-- [et_pb_line_break_holder] -->\/* ***************************************** *\/<!-- [et_pb_line_break_holder] --><!-- [et_pb_line_break_holder] -->:root {<!-- [et_pb_line_break_holder] -->    \/* Colour variables for buttons & dots. Adjust HEX values as required *\/<!-- [et_pb_line_break_holder] -->    --bb-featured-carousel-color1: #8ba58f;<!-- [et_pb_line_break_holder] -->    --bb-featured-carousel-color2: #006440;<!-- [et_pb_line_break_holder] -->    \/* Number of rows to show - Use an odd number if you wish to prevent left and right overhang.*\/<!-- [et_pb_line_break_holder] -->    --bb-featured-carousel-show: 3; \/*Desktop*\/<!-- [et_pb_line_break_holder] -->    --bb-featured-carousel-show-laptop: 3; \/*Laptop breakpoint 1280px*\/<!-- [et_pb_line_break_holder] -->    --bb-featured-carousel-show-tablet: 3; \/*Tablet breakpoint 980px*\/<!-- [et_pb_line_break_holder] -->    --bb-featured-carousel-show-mobile: 1; \/*Mobile breakpoint 768px*\/<!-- [et_pb_line_break_holder] -->    --bb-featured-carousel-spacing: 1px; \/*Space between rows - value added to left and right (spacing not required as scaling adds space)*\/<!-- [et_pb_line_break_holder] -->    --bb-featured-carousel-scale: 0.8; \/* Scale the non-centered item *\/<!-- [et_pb_line_break_holder] -->}<!-- [et_pb_line_break_holder] --><!-- [et_pb_line_break_holder] -->\/* Size the rows (Each item should be in its own row) *\/<!-- [et_pb_line_break_holder] -->.bb-featured-carousel .flickity-viewport .et_pb_row {<!-- [et_pb_line_break_holder] -->    width: calc(100% \/ var(--bb-featured-carousel-show));<!-- [et_pb_line_break_holder] -->    margin: 0 var(--bb-featured-carousel-spacing) !important;<!-- [et_pb_line_break_holder] -->}<!-- [et_pb_line_break_holder] --><!-- [et_pb_line_break_holder] -->.bb-featured-carousel .flickity-viewport .et_pb_row .et_pb_column {<!-- [et_pb_line_break_holder] -->    transition: all 0.5s ease;<!-- [et_pb_line_break_holder] -->}<!-- [et_pb_line_break_holder] --><!-- [et_pb_line_break_holder] -->.bb-featured-carousel<!-- [et_pb_line_break_holder] -->    .flickity-viewport<!-- [et_pb_line_break_holder] -->    .et_pb_row:not(.is-selected)<!-- [et_pb_line_break_holder] -->    .et_pb_column {<!-- [et_pb_line_break_holder] -->    transform: scale(var(--bb-featured-carousel-scale));<!-- [et_pb_line_break_holder] -->}<!-- [et_pb_line_break_holder] --><!-- [et_pb_line_break_holder] -->\/* Buttons *\/<!-- [et_pb_line_break_holder] --><!-- [et_pb_line_break_holder] -->\/* Buttons position *\/<!-- [et_pb_line_break_holder] -->.bb-featured-carousel .flickity-prev-next-button.previous {<!-- [et_pb_line_break_holder] -->    left: 30px;<!-- [et_pb_line_break_holder] -->}<!-- [et_pb_line_break_holder] --><!-- [et_pb_line_break_holder] -->.bb-featured-carousel .flickity-prev-next-button.next {<!-- [et_pb_line_break_holder] -->    right: 30px;<!-- [et_pb_line_break_holder] -->}<!-- [et_pb_line_break_holder] --><!-- [et_pb_line_break_holder] -->\/* Button colours *\/<!-- [et_pb_line_break_holder] -->.bb-featured-carousel .flickity-prev-next-button {<!-- [et_pb_line_break_holder] -->    transition: all 0.3s ease;<!-- [et_pb_line_break_holder] -->    color: var(--bb-featured-carousel-color1);<!-- [et_pb_line_break_holder] -->    background: var(--bb-featured-carousel-color2);<!-- [et_pb_line_break_holder] -->}<!-- [et_pb_line_break_holder] --><!-- [et_pb_line_break_holder] -->\/* Button icons *\/<!-- [et_pb_line_break_holder] -->.bb-featured-carousel .flickity-prev-next-button .flickity-button-icon {<!-- [et_pb_line_break_holder] -->    left: 25%;<!-- [et_pb_line_break_holder] -->    top: 25%;<!-- [et_pb_line_break_holder] -->    width: 50%;<!-- [et_pb_line_break_holder] -->    height: 50%;<!-- [et_pb_line_break_holder] -->}<!-- [et_pb_line_break_holder] --><!-- [et_pb_line_break_holder] -->\/* Reverse button colours on hover *\/<!-- [et_pb_line_break_holder] -->.bb-featured-carousel .flickity-prev-next-button:hover {<!-- [et_pb_line_break_holder] -->    color: var(--bb-featured-carousel-color2);<!-- [et_pb_line_break_holder] -->    background: var(--bb-featured-carousel-color1);<!-- [et_pb_line_break_holder] -->}<!-- [et_pb_line_break_holder] --><!-- [et_pb_line_break_holder] -->\/* Remove button focus highlight *\/<!-- [et_pb_line_break_holder] -->.bb-featured-carousel .flickity-prev-next-button:focus {<!-- [et_pb_line_break_holder] -->    box-shadow: none;<!-- [et_pb_line_break_holder] -->}<!-- [et_pb_line_break_holder] --><!-- [et_pb_line_break_holder] -->\/* Dots *\/<!-- [et_pb_line_break_holder] -->\/* Dots position *\/<!-- [et_pb_line_break_holder] -->.bb-featured-carousel .flickity-page-dots {<!-- [et_pb_line_break_holder] -->    bottom: -30px;<!-- [et_pb_line_break_holder] -->}<!-- [et_pb_line_break_holder] --><!-- [et_pb_line_break_holder] -->\/* Dots colour *\/<!-- [et_pb_line_break_holder] -->.bb-featured-carousel .flickity-page-dots .dot {<!-- [et_pb_line_break_holder] -->    background: var(--bb-featured-carousel-color2);<!-- [et_pb_line_break_holder] -->    opacity: 1;<!-- [et_pb_line_break_holder] -->}<!-- [et_pb_line_break_holder] --><!-- [et_pb_line_break_holder] -->\/* Active dot colour *\/<!-- [et_pb_line_break_holder] -->.bb-featured-carousel .flickity-page-dots .dot.is-selected {<!-- [et_pb_line_break_holder] -->    background: var(--bb-featured-carousel-color1);<!-- [et_pb_line_break_holder] -->    opacity: 1;<!-- [et_pb_line_break_holder] -->}<!-- [et_pb_line_break_holder] --><!-- [et_pb_line_break_holder] -->\/* Size the rows for laptops & large tablets *\/<!-- [et_pb_line_break_holder] -->@media screen and (max-width: 1280px) {<!-- [et_pb_line_break_holder] -->    .bb-featured-carousel .flickity-viewport .et_pb_row {<!-- [et_pb_line_break_holder] -->        width: calc(100% \/ var(--bb-featured-carousel-show-laptop));<!-- [et_pb_line_break_holder] -->    }<!-- [et_pb_line_break_holder] -->}<!-- [et_pb_line_break_holder] --><!-- [et_pb_line_break_holder] -->@media screen and (max-width: 980px) {<!-- [et_pb_line_break_holder] -->    .bb-featured-carousel .flickity-viewport .et_pb_row {<!-- [et_pb_line_break_holder] -->        width: calc(100% \/ var(--bb-featured-carousel-show-tablet));<!-- [et_pb_line_break_holder] -->    }<!-- [et_pb_line_break_holder] -->}<!-- [et_pb_line_break_holder] --><!-- [et_pb_line_break_holder] -->\/* Size the rows for smaller tablets & mobile *\/<!-- [et_pb_line_break_holder] -->@media screen and (max-width: 768px) {<!-- [et_pb_line_break_holder] -->    .bb-featured-carousel .flickity-viewport .et_pb_row {<!-- [et_pb_line_break_holder] -->        width: calc(100% \/ var(--bb-featured-carousel-show-mobile));<!-- [et_pb_line_break_holder] -->    }<!-- [et_pb_line_break_holder] -->    .bb-featured-carousel .flickity-prev-next-button {<!-- [et_pb_line_break_holder] -->        top: 100%;<!-- [et_pb_line_break_holder] -->        transform: translateY(-100%);<!-- [et_pb_line_break_holder] -->    }<!-- [et_pb_line_break_holder] -->    .bb-featured-carousel .flickity-prev-next-button.previous {<!-- [et_pb_line_break_holder] -->        left: 10px;<!-- [et_pb_line_break_holder] -->    }<!-- [et_pb_line_break_holder] --><!-- [et_pb_line_break_holder] -->    .bb-featured-carousel .flickity-prev-next-button.next {<!-- [et_pb_line_break_holder] -->        right: 10px;<!-- [et_pb_line_break_holder] -->    }<!-- [et_pb_line_break_holder] -->}<!-- [et_pb_line_break_holder] --><!-- [et_pb_line_break_holder] --><\/style>[\/et_pb_fullwidth_code][\/et_pb_section][et_pb_section fb_built=&#8220;1&#8243; custom_padding_last_edited=&#8220;on|phone&#8220; disabled_on=&#8220;off|off|off&#8220; admin_label=&#8220;Carousel drei Bilder&#8220; module_class=&#8220;bb-featured-carousel&#8220; _builder_version=&#8220;4.27.3&#8243; _module_preset=&#8220;default&#8220; background_color=&#8220;#F9F2E4&#8243; custom_padding=&#8220;30px||30px||true|false&#8220; custom_padding_tablet=&#8220;30px||30px||true|false&#8220; custom_padding_phone=&#8220;0px||0px||true|false&#8220; collapsed=&#8220;on&#8220; global_colors_info=&#8220;{}&#8220;][et_pb_row use_custom_gutter=&#8220;on&#8220; gutter_width=&#8220;1&#8243; _builder_version=&#8220;4.27.3&#8243; _module_preset=&#8220;default&#8220; width=&#8220;95%&#8220; max_width=&#8220;100%&#8220; animation_style=&#8220;zoom&#8220; animation_duration=&#8220;1300ms&#8220; global_colors_info=&#8220;{}&#8220;][et_pb_column type=&#8220;4_4&#8243; _builder_version=&#8220;4.17.3&#8243; _module_preset=&#8220;default&#8220; global_colors_info=&#8220;{}&#8220;][et_pb_image src=&#8220;https:\/\/irene-wolk.de\/gahmener-hof\/wp-content\/uploads\/sites\/13\/2024\/09\/galerie-gahmener-hof-angus-ochsen.jpg&#8220; alt=&#8220;Garten&#8211;und-Terassenneugestaltung&#8220; title_text=&#8220;galerie-gahmener-hof-angus-ochsen&#8220; force_fullwidth=&#8220;on&#8220; admin_label=&#8220;Garten&#8211;und-Terassenneugestaltung&#8220; _builder_version=&#8220;4.27.3&#8243; _module_preset=&#8220;default&#8220; border_color_all=&#8220;gcid-10268afb-31d5-49a8-a1a3-af2d0c253963&#8243; global_colors_info=&#8220;{%22gcid-10268afb-31d5-49a8-a1a3-af2d0c253963%22:%91%22border_color_all%22%93}&#8220;][\/et_pb_image][\/et_pb_column][\/et_pb_row][et_pb_row use_custom_gutter=&#8220;on&#8220; gutter_width=&#8220;1&#8243; _builder_version=&#8220;4.27.3&#8243; _module_preset=&#8220;default&#8220; width=&#8220;95%&#8220; max_width=&#8220;100%&#8220; global_colors_info=&#8220;{}&#8220;][et_pb_column type=&#8220;4_4&#8243; _builder_version=&#8220;4.17.3&#8243; _module_preset=&#8220;default&#8220; global_colors_info=&#8220;{}&#8220;][et_pb_image src=&#8220;https:\/\/irene-wolk.de\/gahmener-hof\/wp-content\/uploads\/sites\/13\/2024\/09\/galerie-gahmener-hof-duroc-schweine.jpg&#8220; alt=&#8220;Gartenneuanlage&#8220; title_text=&#8220;galerie-gahmener-hof-duroc-schweine&#8220; force_fullwidth=&#8220;on&#8220; admin_label=&#8220;Gartenneuanlage&#8220; _builder_version=&#8220;4.27.3&#8243; _module_preset=&#8220;default&#8220; global_colors_info=&#8220;{}&#8220;][\/et_pb_image][\/et_pb_column][\/et_pb_row][et_pb_row use_custom_gutter=&#8220;on&#8220; gutter_width=&#8220;1&#8243; _builder_version=&#8220;4.27.3&#8243; _module_preset=&#8220;default&#8220; width=&#8220;95%&#8220; max_width=&#8220;100%&#8220; global_colors_info=&#8220;{}&#8220;][et_pb_column type=&#8220;4_4&#8243; _builder_version=&#8220;4.17.3&#8243; _module_preset=&#8220;default&#8220; global_colors_info=&#8220;{}&#8220;][et_pb_image src=&#8220;https:\/\/irene-wolk.de\/gahmener-hof\/wp-content\/uploads\/sites\/13\/2024\/09\/galerie-gahmener-hof-landwirtschaft.jpg&#8220; title_text=&#8220;galerie-gahmener-hof-landwirtschaft&#8220; force_fullwidth=&#8220;on&#8220; admin_label=&#8220;Beet&#8211;und-Poolumrandungen&#8220; _builder_version=&#8220;4.27.3&#8243; _module_preset=&#8220;default&#8220; global_colors_info=&#8220;{}&#8220;][\/et_pb_image][\/et_pb_column][\/et_pb_row][et_pb_row use_custom_gutter=&#8220;on&#8220; gutter_width=&#8220;1&#8243; _builder_version=&#8220;4.27.3&#8243; _module_preset=&#8220;default&#8220; width=&#8220;95%&#8220; max_width=&#8220;100%&#8220; global_colors_info=&#8220;{}&#8220;][et_pb_column type=&#8220;4_4&#8243; _builder_version=&#8220;4.17.3&#8243; _module_preset=&#8220;default&#8220; global_colors_info=&#8220;{}&#8220;][et_pb_image src=&#8220;https:\/\/irene-wolk.de\/gahmener-hof\/wp-content\/uploads\/sites\/13\/2024\/09\/galerie-gahmener-hof-hofladen.jpg&#8220; alt=&#8220;Terrassen&#8211;und-Gartengestaltung&#8220; title_text=&#8220;galerie-gahmener-hof-hofladen&#8220; force_fullwidth=&#8220;on&#8220; admin_label=&#8220;Terrassen&#8211;und-Gartengestaltung&#8220; _builder_version=&#8220;4.27.3&#8243; _module_preset=&#8220;default&#8220; global_colors_info=&#8220;{}&#8220;][\/et_pb_image][\/et_pb_column][\/et_pb_row][et_pb_row use_custom_gutter=&#8220;on&#8220; gutter_width=&#8220;1&#8243; _builder_version=&#8220;4.27.3&#8243; _module_preset=&#8220;default&#8220; width=&#8220;95%&#8220; max_width=&#8220;100%&#8220; global_colors_info=&#8220;{}&#8220;][et_pb_column type=&#8220;4_4&#8243; _builder_version=&#8220;4.17.3&#8243; _module_preset=&#8220;default&#8220; global_colors_info=&#8220;{}&#8220;][et_pb_image src=&#8220;https:\/\/irene-wolk.de\/gahmener-hof\/wp-content\/uploads\/sites\/13\/2024\/11\/web_galerie-gahmener-hof-selbstgekochtes.jpg&#8220; alt=&#8220;Terrassen&#8211;und-Gartengestaltung&#8220; title_text=&#8220;web_galerie-gahmener hof-selbstgekochtes&#8220; force_fullwidth=&#8220;on&#8220; admin_label=&#8220;Terrassen&#8211;und-Gartengestaltung&#8220; _builder_version=&#8220;4.27.3&#8243; _module_preset=&#8220;default&#8220; global_colors_info=&#8220;{}&#8220;][\/et_pb_image][\/et_pb_column][\/et_pb_row][et_pb_row use_custom_gutter=&#8220;on&#8220; gutter_width=&#8220;1&#8243; _builder_version=&#8220;4.27.3&#8243; _module_preset=&#8220;default&#8220; width=&#8220;95%&#8220; max_width=&#8220;100%&#8220; global_colors_info=&#8220;{}&#8220;][et_pb_column type=&#8220;4_4&#8243; _builder_version=&#8220;4.17.3&#8243; _module_preset=&#8220;default&#8220; global_colors_info=&#8220;{}&#8220;][et_pb_image src=&#8220;https:\/\/irene-wolk.de\/gahmener-hof\/wp-content\/uploads\/sites\/13\/2024\/11\/web_galerie-gahmener-hof-regionale-produkte.jpg&#8220; alt=&#8220;Terrassen&#8211;und-Gartengestaltung&#8220; title_text=&#8220;web_galerie-gahmener hof-regionale produkte&#8220; force_fullwidth=&#8220;on&#8220; admin_label=&#8220;Terrassen&#8211;und-Gartengestaltung&#8220; _builder_version=&#8220;4.27.3&#8243; _module_preset=&#8220;default&#8220; global_colors_info=&#8220;{}&#8220;][\/et_pb_image][\/et_pb_column][\/et_pb_row][et_pb_row use_custom_gutter=&#8220;on&#8220; gutter_width=&#8220;1&#8243; _builder_version=&#8220;4.27.3&#8243; _module_preset=&#8220;default&#8220; width=&#8220;95%&#8220; max_width=&#8220;100%&#8220; global_colors_info=&#8220;{}&#8220;][et_pb_column type=&#8220;4_4&#8243; _builder_version=&#8220;4.17.3&#8243; _module_preset=&#8220;default&#8220; global_colors_info=&#8220;{}&#8220;][et_pb_image src=&#8220;https:\/\/irene-wolk.de\/gahmener-hof\/wp-content\/uploads\/sites\/13\/2024\/11\/web_galerie-gahmener-hof-praesentkorb.jpg&#8220; alt=&#8220;Terrassen&#8211;und-Gartengestaltung&#8220; title_text=&#8220;web_galerie-gahmener hof-praesentkorb&#8220; force_fullwidth=&#8220;on&#8220; admin_label=&#8220;Terrassen&#8211;und-Gartengestaltung&#8220; _builder_version=&#8220;4.27.3&#8243; _module_preset=&#8220;default&#8220; global_colors_info=&#8220;{}&#8220;][\/et_pb_image][\/et_pb_column][\/et_pb_row][et_pb_row use_custom_gutter=&#8220;on&#8220; gutter_width=&#8220;1&#8243; _builder_version=&#8220;4.27.3&#8243; _module_preset=&#8220;default&#8220; width=&#8220;95%&#8220; max_width=&#8220;100%&#8220; global_colors_info=&#8220;{}&#8220;][et_pb_column type=&#8220;4_4&#8243; _builder_version=&#8220;4.17.3&#8243; _module_preset=&#8220;default&#8220; global_colors_info=&#8220;{}&#8220;][et_pb_image src=&#8220;https:\/\/irene-wolk.de\/gahmener-hof\/wp-content\/uploads\/sites\/13\/2024\/11\/web_galerie-gahmener-hof-heiraten.jpg&#8220; alt=&#8220;Terrassen&#8211;und-Gartengestaltung&#8220; title_text=&#8220;web_galerie-gahmener hof-heiraten&#8220; force_fullwidth=&#8220;on&#8220; admin_label=&#8220;Terrassen&#8211;und-Gartengestaltung&#8220; _builder_version=&#8220;4.27.3&#8243; _module_preset=&#8220;default&#8220; global_colors_info=&#8220;{}&#8220;][\/et_pb_image][\/et_pb_column][\/et_pb_row][et_pb_row use_custom_gutter=&#8220;on&#8220; gutter_width=&#8220;1&#8243; _builder_version=&#8220;4.27.3&#8243; _module_preset=&#8220;default&#8220; width=&#8220;95%&#8220; max_width=&#8220;100%&#8220; global_colors_info=&#8220;{}&#8220;][et_pb_column type=&#8220;4_4&#8243; _builder_version=&#8220;4.17.3&#8243; _module_preset=&#8220;default&#8220; global_colors_info=&#8220;{}&#8220;][et_pb_image src=&#8220;https:\/\/irene-wolk.de\/gahmener-hof\/wp-content\/uploads\/sites\/13\/2024\/11\/web_galerie-gahmener-hof-grillspezialitaeten.jpg&#8220; alt=&#8220;Terrassen&#8211;und-Gartengestaltung&#8220; title_text=&#8220;web_galerie-gahmener hof-grillspezialitaeten&#8220; force_fullwidth=&#8220;on&#8220; admin_label=&#8220;Terrassen&#8211;und-Gartengestaltung&#8220; _builder_version=&#8220;4.27.3&#8243; _module_preset=&#8220;default&#8220; global_colors_info=&#8220;{}&#8220;][\/et_pb_image][\/et_pb_column][\/et_pb_row][\/et_pb_section][et_pb_section fb_built=&#8220;1&#8243; _builder_version=&#8220;4.27.3&#8243; _module_preset=&#8220;default&#8220; background_color=&#8220;#F9F2E4&#8243; global_colors_info=&#8220;{}&#8220;][et_pb_row use_custom_gutter=&#8220;on&#8220; gutter_width=&#8220;2&#8243; _builder_version=&#8220;4.27.3&#8243; _module_preset=&#8220;default&#8220; width_tablet=&#8220;&#8220; width_phone=&#8220;95%&#8220; width_last_edited=&#8220;on|phone&#8220; global_colors_info=&#8220;{}&#8220;][et_pb_column type=&#8220;4_4&#8243; _builder_version=&#8220;4.27.3&#8243; _module_preset=&#8220;default&#8220; global_colors_info=&#8220;{}&#8220;][et_pb_text _builder_version=&#8220;4.27.3&#8243; _module_preset=&#8220;27ecf749-88b9-49ed-9409-376a4c728bd8&#8243; locked=&#8220;off&#8220; global_colors_info=&#8220;{%22gcid-primary-color%22:%91%22link_text_color%22,%22link_text_color%22%93,%22gcid-heading-color%22:%91%22header_text_color%22,%22header_4_text_color%22,%22header_3_text_color%22,%22header_5_text_color%22,%22header_6_text_color%22,%22quote_text_color%22,%22header_text_color%22,%22header_4_text_color%22,%22header_3_text_color%22,%22header_5_text_color%22,%22header_6_text_color%22,%22quote_text_color%22%93,%22gcid-body-color%22:%91%22text_text_color%22,%22text_text_color%22%93,%22gcid-secondary-color%22:%91%22quote_border_color%22,%22quote_border_color%22%93}&#8220;]<h2>Top 12 unter den besten Hofl\u00e4den<\/h2>[\/et_pb_text][et_pb_text quote_border_color=&#8220;gcid-secondary-color&#8220; _builder_version=&#8220;4.27.3&#8243; _module_preset=&#8220;default&#8220; text_font=&#8220;Varela_local|&#8211;et_global_body_font_weight|||||||&#8220; text_text_color=&#8220;#575656&#8243; text_font_size=&#8220;16px&#8220; text_line_height=&#8220;1.75em&#8220; link_font=&#8220;|700|||||||&#8220; link_text_color=&#8220;#006440&#8243; quote_font=&#8220;&#8211;et_global_heading_font|&#8211;et_global_heading_font_weight|||||||&#8220; quote_text_color=&#8220;#FFFFFF&#8220; header_font=&#8220;&#8211;et_global_heading_font|&#8211;et_global_heading_font_weight|||||||&#8220; header_text_color=&#8220;gcid-heading-color&#8220; header_font_size=&#8220;72px&#8220; header_line_height=&#8220;1.15em&#8220; header_2_font=&#8220;&#8211;et_global_heading_font|&#8211;et_global_heading_font_weight|||||||&#8220; header_2_text_color=&#8220;gcid-heading-color&#8220; header_2_font_size=&#8220;50px&#8220; header_2_line_height=&#8220;1.2em&#8220; header_3_font=&#8220;ptserif-bold_local|&#8211;et_global_heading_font_weight|||||||&#8220; header_3_text_color=&#8220;#006440&#8243; header_3_font_size=&#8220;30px&#8220; header_3_line_height=&#8220;1.3em&#8220; header_4_font=&#8220;||||||||&#8220; header_4_text_align=&#8220;center&#8220; header_4_text_color=&#8220;#FFFFFF&#8220; header_4_font_size=&#8220;20px&#8220; header_4_line_height=&#8220;1.2em&#8220; header_5_font=&#8220;&#8211;et_global_heading_font|&#8211;et_global_heading_font_weight|||||||&#8220; header_5_text_color=&#8220;gcid-heading-color&#8220; header_5_font_size=&#8220;18px&#8220; header_5_line_height=&#8220;1.4em&#8220; header_6_font=&#8220;&#8211;et_global_heading_font|&#8211;et_global_heading_font_weight|||||||&#8220; header_6_text_color=&#8220;gcid-heading-color&#8220; header_6_line_height=&#8220;1.5em&#8220; text_orientation=&#8220;center&#8220; width=&#8220;97%&#8220; module_alignment=&#8220;center&#8220; custom_margin=&#8220;0px||0px||false|false&#8220; custom_padding=&#8220;19px|17px|41px|17px|false|true&#8220; text_font_size_tablet=&#8220;15px&#8220; text_font_size_phone=&#8220;14px&#8220; text_font_size_last_edited=&#8220;on|phone&#8220; header_font_size_tablet=&#8220;40px&#8220; header_font_size_phone=&#8220;24px&#8220; header_font_size_last_edited=&#8220;on|desktop&#8220; header_2_font_size_tablet=&#8220;28px&#8220; header_2_font_size_phone=&#8220;20px&#8220; header_2_font_size_last_edited=&#8220;on|phone&#8220; header_3_font_size_tablet=&#8220;22px&#8220; header_3_font_size_phone=&#8220;17px&#8220; header_3_font_size_last_edited=&#8220;on|phone&#8220; header_4_font_size_tablet=&#8220;18px&#8220; header_4_font_size_phone=&#8220;15px&#8220; header_4_font_size_last_edited=&#8220;on|tablet&#8220; header_5_font_size_tablet=&#8220;15px&#8220; header_5_font_size_phone=&#8220;14px&#8220; header_5_font_size_last_edited=&#8220;on|desktop&#8220; header_6_font_size_tablet=&#8220;13px&#8220; header_6_font_size_phone=&#8220;13px&#8220; header_6_font_size_last_edited=&#8220;on|desktop&#8220; locked=&#8220;off&#8220; global_colors_info=&#8220;{%22gcid-heading-color%22:%91%22header_text_color%22,%22header_4_text_color%22,%22header_2_text_color%22,%22header_5_text_color%22,%22header_6_text_color%22,%22quote_text_color%22%93,%22gcid-secondary-color%22:%91%22quote_border_color%22%93}&#8220; header_4_text_color__hover=&#8220;#fa9928&#8243; header_4_text_color__hover_enabled=&#8220;on|desktop&#8220;]<p>Der Hofladen des Gahmener Hof landete beim Wettbewerb <a href=\"https:\/\/www.hofdirekt.com\/meldungen\/die-gewinner-2024-2895.html\" target=\"_blank\" rel=\"noopener\" title=\"HOFdirekt\"><strong>\u201eBester Hofladen 2024\u201c<\/strong> <\/a>bei der Jury der <a href=\"https:\/\/www.hofdirekt.com\/meldungen\/die-gewinner-2024-2895.html\" target=\"_blank\" rel=\"noopener\" title=\"HOFdirekt\"><strong>\u201eHOFdirekt\u201c<\/strong><\/a> unter den Top 12 von 130 teilnehmenden Hofl\u00e4den. Eine stolze Leistung. Die nachhaltigen Produkte punkteten bei der Jury. Au\u00dferdem \u00fcberzeugte das einzigartige Flair des Hofladens und das erg\u00e4nzende Miteinander des Familienbetriebes in zwei Generationen.<\/p>[\/et_pb_text][\/et_pb_column][\/et_pb_row][et_pb_row _builder_version=&#8220;4.27.3&#8243; _module_preset=&#8220;default&#8220; use_custom_gutter=&#8220;on&#8220; gutter_width=&#8220;2&#8243; hover_enabled=&#8220;0&#8243; sticky_enabled=&#8220;0&#8243;][et_pb_column _builder_version=&#8220;4.27.3&#8243; _module_preset=&#8220;default&#8220; type=&#8220;4_4&#8243;][et_pb_image src=&#8220;https:\/\/irene-wolk.de\/gahmener-hof\/wp-content\/uploads\/sites\/13\/2024\/11\/Hofdirekt-Hofladen-Gahmener-Hof.jpg&#8220; title_text=&#8220;Hofdirekt Hofladen-Gahmener-Hof&#8220; align=&#8220;center&#8220; _builder_version=&#8220;4.27.3&#8243; _module_preset=&#8220;default&#8220; width_tablet=&#8220;80%&#8220; width_phone=&#8220;100%&#8220; width_last_edited=&#8220;on|phone&#8220; max_width_tablet=&#8220;&#8220; max_width_phone=&#8220;&#8220; max_width_last_edited=&#8220;on|phone&#8220; module_alignment=&#8220;center&#8220; hover_enabled=&#8220;0&#8243; global_colors_info=&#8220;{}&#8220; sticky_enabled=&#8220;0&#8243; force_fullwidth=&#8220;on&#8220; custom_padding=&#8220;|90px||90px|false|true&#8220; custom_padding_last_edited=&#8220;on|phone&#8220; custom_padding_phone=&#8220;|10px||10px|false|true&#8220; custom_padding_tablet=&#8220;|90px||90px|false|true&#8220;][\/et_pb_image][\/et_pb_column][\/et_pb_row][\/et_pb_section][et_pb_section fb_built=&#8220;1&#8243; admin_label=&#8220;Section&#8220; _builder_version=&#8220;4.27.0&#8243; _module_preset=&#8220;default&#8220; background_color=&#8220;#F9F2E4&#8243; custom_padding=&#8220;||1px|||&#8220; global_colors_info=&#8220;{}&#8220;][et_pb_row _builder_version=&#8220;4.27.0&#8243; _module_preset=&#8220;default&#8220; width=&#8220;90%&#8220; custom_margin=&#8220;0px|auto|40px|auto|false|false&#8220; custom_margin_tablet=&#8220;0px||90px||false|false&#8220; custom_margin_phone=&#8220;||70px||false|false&#8220; custom_margin_last_edited=&#8220;on|tablet&#8220; custom_padding=&#8220;0px||0px||false|false&#8220; animation_style=&#8220;slide&#8220; animation_delay=&#8220;500ms&#8220; animation_speed_curve=&#8220;ease&#8220; locked=&#8220;off&#8220; global_colors_info=&#8220;{}&#8220;][et_pb_column type=&#8220;4_4&#8243; _builder_version=&#8220;4.23.1&#8243; _module_preset=&#8220;default&#8220; global_colors_info=&#8220;{}&#8220;][et_pb_text _builder_version=&#8220;4.27.0&#8243; _module_preset=&#8220;27ecf749-88b9-49ed-9409-376a4c728bd8&#8243; global_colors_info=&#8220;{%22gcid-primary-color%22:%91%22link_text_color%22,%22link_text_color%22%93,%22gcid-heading-color%22:%91%22header_text_color%22,%22header_4_text_color%22,%22header_3_text_color%22,%22header_5_text_color%22,%22header_6_text_color%22,%22quote_text_color%22,%22header_text_color%22,%22header_4_text_color%22,%22header_3_text_color%22,%22header_5_text_color%22,%22header_6_text_color%22,%22quote_text_color%22%93,%22gcid-body-color%22:%91%22text_text_color%22,%22text_text_color%22%93,%22gcid-secondary-color%22:%91%22quote_border_color%22,%22quote_border_color%22%93}&#8220;]<h2>Was unsere Kunden sagen<\/h2>[\/et_pb_text][\/et_pb_column][\/et_pb_row][\/et_pb_section][et_pb_section fb_built=&#8220;1&#8243; admin_label=&#8220;Section&#8220; _builder_version=&#8220;4.27.0&#8243; _module_preset=&#8220;default&#8220; background_color=&#8220;#F9F2E4&#8243; background_image=&#8220;https:\/\/irene-wolk.de\/gahmener-hof\/wp-content\/uploads\/sites\/13\/2024\/09\/Hintergrund-Kunden.jpg&#8220; height=&#8220;700px&#8220; custom_padding=&#8220;13px|||||&#8220; global_colors_info=&#8220;{}&#8220;][et_pb_row _builder_version=&#8220;4.27.0&#8243; _module_preset=&#8220;default&#8220; custom_margin=&#8220;100px||||false|false&#8220; global_colors_info=&#8220;{}&#8220;][et_pb_column type=&#8220;4_4&#8243; _builder_version=&#8220;4.27.0&#8243; _module_preset=&#8220;default&#8220; global_colors_info=&#8220;{}&#8220;][dnxte_testimonial_parent dnxte_testimonial_use_icon=&#8220;on&#8220; dnxt_testimonial_autoplay_delay=&#8220;3000&#8243; dnxt_testimonial_loop=&#8220;on&#8220; dnxt_testimonial_arrows=&#8220;on&#8220; dnxt_testimonial_pagination_bullets=&#8220;off&#8220; dnxt_testimonial_arrow_color=&#8220;#8BA58F&#8220; dnxt_testimonial_dots_color=&#8220;#8BA58F&#8220; dnxt_testimonial_dots_active_color=&#8220;#006440&#8243; dnxt_testimonial_arrow_size=&#8220;30&#8243; dnxt_testimonial_arrow_position=&#8220;outer&#8220; dnxt_testimonial_pause_on_hover=&#8220;on&#8220; dnxt_testimonial_breakpoint_desktop=&#8220;3&#8243; _builder_version=&#8220;4.27.3&#8243; _module_preset=&#8220;default&#8220; header_font=&#8220;pt-serif-local||||||||&#8220; body_font=&#8220;pt-serif-local||||||||&#8220; body_font_size=&#8220;13px&#8220; position_font=&#8220;pt-serif-local||||||||&#8220; body_font_size_tablet=&#8220;14px&#8220; body_font_size_phone=&#8220;15px&#8220; body_font_size_last_edited=&#8220;on|phone&#8220; global_colors_info=&#8220;{}&#8220; body_font_size__hover_enabled=&#8220;on|desktop&#8220; body_font_size__hover=&#8220;13px&#8220;][dnxte_testimonial_child admin_label_text=&#8220;Judith M\u00fcller&#8220; dnxte_testimonial_name=&#8220;Judith M\u00fcller&#8220; dnxte_testimonial_description=&#8220;<h2><strong><em><span style=%22color: #006440;%22>Hofladen<\/span><\/em><\/strong><\/h2>\n\n\n\u201eSehr sehr nette Bedienung, tolle Auswahl an Produkten aus eigener Herstellung, das war mir wichtig. Man mu\u00df nicht t\u00e4glich Billigfleisch vom Discounter essen. Ich teste mich jetzt mal da durch. Selbst am WE und Sonntag kann man sich hier am Automaten versorgen.\u201c&#8220; dnxte_testimonial_rating_position=&#8220;none&#8220; dnxte_testimonial_description_padding=&#8220;25px|25px|25px|25px|true|true&#8220; _builder_version=&#8220;4.27.3&#8243; _module_preset=&#8220;default&#8220; header_font=&#8220;||on||||||&#8220; header_text_align=&#8220;left&#8220; header_text_color=&#8220;#575656&#8243; header_font_size=&#8220;14px&#8220; header_letter_spacing=&#8220;0px&#8220; position_font=&#8220;||||||||&#8220; description_font=&#8220;pt-serif-local||||||||&#8220; description_text_align=&#8220;left&#8220; description_text_color=&#8220;#575656&#8243; description_line_height=&#8220;1.8em&#8220; background_color=&#8220;#F9F2E4&#8243; background_enable_color=&#8220;on&#8220; border_radii=&#8220;on|8px|8px|8px|8px&#8220; border_width_all=&#8220;2px&#8220; border_color_all=&#8220;#BE9E66&#8243; global_colors_info=&#8220;{}&#8220;][\/dnxte_testimonial_child][dnxte_testimonial_child admin_label_text=&#8220;Petra Schmidt&#8220; dnxte_testimonial_name=&#8220;Petra Schmidt&#8220; dnxte_testimonial_description=&#8220;<h2><strong><em><span style=%22color: #006440;%22>Produkte<\/span><\/em><\/strong><\/h2>\n\n\u201eTats\u00e4chlich haben wir noch NIE sooo leckere Steaks gegessen, Qualit\u00e4t wird hier gelebt. Vom Bacon ganz zu schweigen, nicht vergleichbar mit anderem vom Discounter. Jederzeit decken wir uns dort wieder ein zur Campingtour. Herzlichen Dank f\u00fcr die nette Beratung seitens des Personals, immer sehr freundlich und hilfsbereit.\u201c&#8220; dnxte_testimonial_rating_position=&#8220;none&#8220; dnxte_testimonial_description_padding=&#8220;25px|25px|25px|25px|true|true&#8220; _builder_version=&#8220;4.27.3&#8243; _module_preset=&#8220;default&#8220; header_font=&#8220;||on||||||&#8220; header_text_align=&#8220;left&#8220; header_text_color=&#8220;#575656&#8243; header_font_size=&#8220;14px&#8220; header_letter_spacing=&#8220;0px&#8220; position_font=&#8220;||||||||&#8220; description_font=&#8220;pt-serif-local||||||||&#8220; description_text_align=&#8220;left&#8220; description_text_color=&#8220;#575656&#8243; description_line_height=&#8220;1.8em&#8220; background_color=&#8220;#F9F2E4&#8243; background_enable_color=&#8220;on&#8220; border_radii=&#8220;on|8px|8px|8px|8px&#8220; border_width_all=&#8220;2px&#8220; border_color_all=&#8220;#BE9E66&#8243; global_colors_info=&#8220;{}&#8220;][\/dnxte_testimonial_child][dnxte_testimonial_child admin_label_text=&#8220;Stefan Strom&#8220; dnxte_testimonial_name=&#8220;Stefan Strom&#8220; dnxte_testimonial_description=&#8220;<h2><strong><em><span style=%22color: #006440;%22>Qualit\u00e4t<\/span><\/em><\/strong><\/h2>\n\n\n\u201eImmer frische Ware, alle immer freundlich. Nat\u00fcrlich hat es auch seinen Preis, aber f\u00fcr gutes Fleisch und reine Bioprodukte gebe ich gerne mehr Geld aus als in jedem Discounter.\u201c&#8220; dnxte_testimonial_rating_position=&#8220;none&#8220; dnxte_testimonial_description_padding=&#8220;25px|25px|25px|25px|true|true&#8220; _builder_version=&#8220;4.27.3&#8243; _module_preset=&#8220;default&#8220; header_font=&#8220;||on||||||&#8220; header_text_align=&#8220;left&#8220; header_text_color=&#8220;#575656&#8243; header_font_size=&#8220;14px&#8220; header_letter_spacing=&#8220;0px&#8220; position_font=&#8220;||||||||&#8220; description_font=&#8220;pt-serif-local||||||||&#8220; description_text_align=&#8220;left&#8220; description_text_color=&#8220;#575656&#8243; description_line_height=&#8220;1.8em&#8220; background_color=&#8220;#F9F2E4&#8243; background_enable_color=&#8220;on&#8220; border_radii=&#8220;on|8px|8px|8px|8px&#8220; border_width_all=&#8220;2px&#8220; border_color_all=&#8220;#BE9E66&#8243; global_colors_info=&#8220;{}&#8220;][\/dnxte_testimonial_child][dnxte_testimonial_child admin_label_text=&#8220;Sabine Wrede&#8220; dnxte_testimonial_name=&#8220;Sabine Wrede&#8220; dnxte_testimonial_description=&#8220;<h2><strong><em><span style=%22color: #006440;%22>Verkaufsautomat<\/span><\/em><\/strong><\/h2>\n\n\n\n\u201eDie Radtour hat sich echt gelohnt. Haben aus dem Verkaufs Automat Gefl\u00fcgelbratwurst, Putenschnitzel, H\u00fcftsteak vom Schwein und Rostbratwurst mit K\u00e4se gekauft. Es war super lecker. Wir werden jetzt \u00f6fter dort einkaufen gehen. Herr G\u00f6rtz jun. haben wir auch getroffen und er war sehr nett. Danke noch mal f\u00fcr die tollen Produkte die sie herstellen.\u201c&#8220; dnxte_testimonial_rating_position=&#8220;none&#8220; dnxte_testimonial_description_padding=&#8220;25px|25px|25px|25px|true|true&#8220; _builder_version=&#8220;4.27.3&#8243; _module_preset=&#8220;default&#8220; header_font=&#8220;||on||||||&#8220; header_text_align=&#8220;left&#8220; header_text_color=&#8220;#575656&#8243; header_font_size=&#8220;14px&#8220; header_letter_spacing=&#8220;0px&#8220; position_font=&#8220;||||||||&#8220; description_font=&#8220;pt-serif-local||||||||&#8220; description_text_align=&#8220;left&#8220; description_text_color=&#8220;#575656&#8243; description_line_height=&#8220;1.8em&#8220; background_color=&#8220;#F9F2E4&#8243; background_enable_color=&#8220;on&#8220; border_radii=&#8220;on|8px|8px|8px|8px&#8220; border_width_all=&#8220;2px&#8220; border_color_all=&#8220;#BE9E66&#8243; global_colors_info=&#8220;{}&#8220;][\/dnxte_testimonial_child][dnxte_testimonial_child admin_label_text=&#8220;Paulina Writer&#8220; dnxte_testimonial_name=&#8220;Paulina Writer&#8220; dnxte_testimonial_description=&#8220;<h2><strong><em><span style=%22color: #006440;%22>Bedienung<\/span><\/em><\/strong><\/h2>\n\n\n\u201eWundervolle Menschen sch\u00f6ner Hof und gute Qualit\u00e4t der Produkte. Die Behandlung der Tiere ist auch in TOP. Ich kann nur empfehlen.\u201c&#8220; dnxte_testimonial_rating_position=&#8220;none&#8220; dnxte_testimonial_description_padding=&#8220;25px|25px|25px|25px|true|true&#8220; _builder_version=&#8220;4.27.3&#8243; _module_preset=&#8220;default&#8220; header_font=&#8220;||on||||||&#8220; header_text_align=&#8220;left&#8220; header_text_color=&#8220;#575656&#8243; header_font_size=&#8220;14px&#8220; header_letter_spacing=&#8220;0px&#8220; position_font=&#8220;||||||||&#8220; description_font=&#8220;pt-serif-local||||||||&#8220; description_text_align=&#8220;left&#8220; description_text_color=&#8220;#575656&#8243; description_line_height=&#8220;1.8em&#8220; background_color=&#8220;#F9F2E4&#8243; background_enable_color=&#8220;on&#8220; border_radii=&#8220;on|8px|8px|8px|8px&#8220; border_width_all=&#8220;2px&#8220; border_color_all=&#8220;#BE9E66&#8243; global_colors_info=&#8220;{}&#8220;][\/dnxte_testimonial_child][\/dnxte_testimonial_parent][\/et_pb_column][\/et_pb_row][\/et_pb_section][et_pb_section fb_built=&#8220;1&#8243; admin_label=&#8220;Header Section&#8220; _builder_version=&#8220;4.27.0&#8243; _module_preset=&#8220;default&#8220; background_color=&#8220;#F9F2E4&#8243; background_position=&#8220;top_center&#8220; custom_padding=&#8220;50px||50px||true|false&#8220; global_colors_info=&#8220;{}&#8220;][et_pb_row _builder_version=&#8220;4.27.2&#8243; _module_preset=&#8220;default&#8220; width=&#8220;90%&#8220; custom_margin=&#8220;0px|auto|40px|auto|false|false&#8220; custom_margin_tablet=&#8220;0px||90px||false|false&#8220; custom_margin_phone=&#8220;||0px||false|false&#8220; custom_margin_last_edited=&#8220;on|phone&#8220; custom_padding=&#8220;0px||0px||false|false&#8220; animation_style=&#8220;slide&#8220; animation_delay=&#8220;500ms&#8220; animation_speed_curve=&#8220;ease&#8220; locked=&#8220;off&#8220; global_colors_info=&#8220;{}&#8220;][et_pb_column type=&#8220;4_4&#8243; _builder_version=&#8220;4.23.1&#8243; _module_preset=&#8220;default&#8220; global_colors_info=&#8220;{}&#8220;][et_pb_text _builder_version=&#8220;4.27.3&#8243; _module_preset=&#8220;e44947ae-2082-412d-8e13-5bac7e926fb4&#8243; header_4_font=&#8220;Cabin_local|||on|||||&#8220; header_4_line_height=&#8220;1.2em&#8220; global_colors_info=&#8220;{%22gcid-primary-color%22:%91%22link_text_color%22,%22link_text_color%22%93,%22gcid-heading-color%22:%91%22header_text_color%22,%22header_3_text_color%22,%22header_2_text_color%22,%22header_5_text_color%22,%22header_6_text_color%22,%22quote_text_color%22,%22header_text_color%22,%22header_3_text_color%22,%22header_2_text_color%22,%22header_5_text_color%22,%22header_6_text_color%22,%22quote_text_color%22%93,%22gcid-body-color%22:%91%22text_text_color%22,%22text_text_color%22%93,%22gcid-secondary-color%22:%91%22quote_border_color%22,%22quote_border_color%22%93}&#8220; header_4_text_color__hover=&#8220;#BE9E66&#8243;]<h4>Gahmener Hof im Fernsehen<\/h4>[\/et_pb_text][et_pb_text _builder_version=&#8220;4.27.0&#8243; _module_preset=&#8220;27ecf749-88b9-49ed-9409-376a4c728bd8&#8243; global_colors_info=&#8220;{%22gcid-primary-color%22:%91%22link_text_color%22,%22link_text_color%22%93,%22gcid-heading-color%22:%91%22header_text_color%22,%22header_4_text_color%22,%22header_3_text_color%22,%22header_5_text_color%22,%22header_6_text_color%22,%22quote_text_color%22,%22header_text_color%22,%22header_4_text_color%22,%22header_3_text_color%22,%22header_5_text_color%22,%22header_6_text_color%22,%22quote_text_color%22%93,%22gcid-body-color%22:%91%22text_text_color%22,%22text_text_color%22%93,%22gcid-secondary-color%22:%91%22quote_border_color%22,%22quote_border_color%22%93}&#8220;]<h2>Der WDR zu Gast mit &#8222;Land &amp; Lecker&#8220;<\/h2>[\/et_pb_text][\/et_pb_column][\/et_pb_row][et_pb_row disabled_on=&#8220;on|on|off&#8220; _builder_version=&#8220;4.27.2&#8243; _module_preset=&#8220;default&#8220; width_tablet=&#8220;&#8220; width_phone=&#8220;95%&#8220; width_last_edited=&#8220;on|phone&#8220; custom_margin=&#8220;0px||0px||true|false&#8220; custom_padding=&#8220;0px||0px||true|false&#8220; global_colors_info=&#8220;{}&#8220;][et_pb_column type=&#8220;4_4&#8243; _builder_version=&#8220;4.27.0&#8243; _module_preset=&#8220;default&#8220; global_colors_info=&#8220;{}&#8220;][et_pb_image src=&#8220;https:\/\/irene-wolk.de\/gahmener-hof\/wp-content\/uploads\/sites\/13\/2024\/09\/land-und-lecker-1.jpg&#8220; title_text=&#8220;land-und-lecker&#8220; _builder_version=&#8220;4.27.0&#8243; _module_preset=&#8220;default&#8220; global_colors_info=&#8220;{}&#8220;][\/et_pb_image][\/et_pb_column][\/et_pb_row][et_pb_row disabled_on=&#8220;on|on|off&#8220; _builder_version=&#8220;4.27.2&#8243; _module_preset=&#8220;default&#8220; width_tablet=&#8220;&#8220; width_phone=&#8220;95%&#8220; width_last_edited=&#8220;on|phone&#8220; custom_margin=&#8220;0px||0px||true|false&#8220; custom_padding=&#8220;0px||0px||true|false&#8220; global_colors_info=&#8220;{}&#8220;][et_pb_column type=&#8220;4_4&#8243; _builder_version=&#8220;4.27.0&#8243; _module_preset=&#8220;default&#8220; global_colors_info=&#8220;{}&#8220;][\/et_pb_column][\/et_pb_row][et_pb_row column_structure=&#8220;1_3,1_3,1_3&#8243; use_custom_gutter=&#8220;on&#8220; gutter_width=&#8220;1&#8243; make_equal=&#8220;on&#8220; disabled_on=&#8220;on|on|off&#8220; _builder_version=&#8220;4.27.2&#8243; _module_preset=&#8220;default&#8220; width_tablet=&#8220;&#8220; width_phone=&#8220;95%&#8220; width_last_edited=&#8220;on|phone&#8220; module_alignment=&#8220;center&#8220; custom_margin=&#8220;0px||0px||true|false&#8220; custom_padding=&#8220;0px||0px||true|false&#8220; border_width_top=&#8220;6px&#8220; border_color_top=&#8220;#F9F2E4&#8243; global_colors_info=&#8220;{}&#8220;][et_pb_column type=&#8220;1_3&#8243; _builder_version=&#8220;4.27.2&#8243; _module_preset=&#8220;default&#8220; border_width_right=&#8220;4px&#8220; border_color_right=&#8220;#F9F2E4&#8243; global_colors_info=&#8220;{}&#8220;][et_pb_image src=&#8220;https:\/\/irene-wolk.de\/gahmener-hof\/wp-content\/uploads\/sites\/13\/2024\/09\/land-und-lecker03.jpg&#8220; title_text=&#8220;land-und-lecker03&#8243; _builder_version=&#8220;4.27.2&#8243; _module_preset=&#8220;default&#8220; global_colors_info=&#8220;{}&#8220;][\/et_pb_image][\/et_pb_column][et_pb_column type=&#8220;1_3&#8243; _builder_version=&#8220;4.27.2&#8243; _module_preset=&#8220;default&#8220; border_width_right=&#8220;2px&#8220; border_color_right=&#8220;#F9F2E4&#8243; border_width_left=&#8220;2px&#8220; border_color_left=&#8220;#F9F2E4&#8243; global_colors_info=&#8220;{}&#8220;][et_pb_image src=&#8220;https:\/\/irene-wolk.de\/gahmener-hof\/wp-content\/uploads\/sites\/13\/2024\/09\/land-und-lecker02.jpg&#8220; title_text=&#8220;land-und-lecker02&#8243; _builder_version=&#8220;4.27.2&#8243; _module_preset=&#8220;default&#8220; global_colors_info=&#8220;{}&#8220;][\/et_pb_image][\/et_pb_column][et_pb_column type=&#8220;1_3&#8243; _builder_version=&#8220;4.27.0&#8243; _module_preset=&#8220;default&#8220; border_width_left=&#8220;4px&#8220; border_color_left=&#8220;#F9F2E4&#8243; global_colors_info=&#8220;{}&#8220;][et_pb_image src=&#8220;https:\/\/irene-wolk.de\/gahmener-hof\/wp-content\/uploads\/sites\/13\/2024\/09\/land-und-lecker01.jpg&#8220; title_text=&#8220;land-und-lecker01&#8243; _builder_version=&#8220;4.27.0&#8243; _module_preset=&#8220;default&#8220; global_colors_info=&#8220;{}&#8220;][\/et_pb_image][\/et_pb_column][\/et_pb_row][\/et_pb_section][et_pb_section fb_built=&#8220;1&#8243; admin_label=&#8220;Section&#8220; _builder_version=&#8220;4.27.2&#8243; _module_preset=&#8220;default&#8220; background_color=&#8220;#F9F2E4&#8243; custom_padding=&#8220;1px||50px||false|false&#8220; global_colors_info=&#8220;{}&#8220;][et_pb_row disabled_on=&#8220;off|off|on&#8220; _builder_version=&#8220;4.27.2&#8243; _module_preset=&#8220;default&#8220; custom_padding=&#8220;4px|||||&#8220; global_colors_info=&#8220;{}&#8220;][et_pb_column type=&#8220;4_4&#8243; _builder_version=&#8220;4.27.2&#8243; _module_preset=&#8220;default&#8220; global_colors_info=&#8220;{}&#8220;][et_pb_image src=&#8220;https:\/\/irene-wolk.de\/gahmener-hof\/wp-content\/uploads\/sites\/13\/2024\/09\/land-und-lecker-1.jpg&#8220; title_text=&#8220;land-und-lecker&#8220; _builder_version=&#8220;4.27.0&#8243; _module_preset=&#8220;default&#8220; global_colors_info=&#8220;{}&#8220;][\/et_pb_image][et_pb_image src=&#8220;https:\/\/irene-wolk.de\/gahmener-hof\/wp-content\/uploads\/sites\/13\/2024\/09\/land-und-lecker03.jpg&#8220; title_text=&#8220;land-und-lecker03&#8243; _builder_version=&#8220;4.27.2&#8243; _module_preset=&#8220;default&#8220; global_colors_info=&#8220;{}&#8220;][\/et_pb_image][et_pb_image src=&#8220;https:\/\/irene-wolk.de\/gahmener-hof\/wp-content\/uploads\/sites\/13\/2024\/09\/land-und-lecker02.jpg&#8220; title_text=&#8220;land-und-lecker02&#8243; _builder_version=&#8220;4.27.2&#8243; _module_preset=&#8220;default&#8220; global_colors_info=&#8220;{}&#8220;][\/et_pb_image][et_pb_image src=&#8220;https:\/\/irene-wolk.de\/gahmener-hof\/wp-content\/uploads\/sites\/13\/2024\/09\/land-und-lecker01.jpg&#8220; title_text=&#8220;land-und-lecker01&#8243; _builder_version=&#8220;4.27.0&#8243; _module_preset=&#8220;default&#8220; global_colors_info=&#8220;{}&#8220;][\/et_pb_image][\/et_pb_column][\/et_pb_row][et_pb_row column_structure=&#8220;1_2,1_2&#8243; use_custom_gutter=&#8220;on&#8220; gutter_width=&#8220;2&#8243; make_equal=&#8220;on&#8220; _builder_version=&#8220;4.27.2&#8243; _module_preset=&#8220;default&#8220; width_tablet=&#8220;&#8220; width_phone=&#8220;95%&#8220; width_last_edited=&#8220;on|phone&#8220; module_alignment=&#8220;center&#8220; custom_padding=&#8220;5px|||||&#8220; locked=&#8220;off&#8220; global_colors_info=&#8220;{}&#8220;][et_pb_column type=&#8220;1_2&#8243; _builder_version=&#8220;4.27.0&#8243; _module_preset=&#8220;default&#8220; global_colors_info=&#8220;{}&#8220;][et_pb_text quote_border_color=&#8220;gcid-secondary-color&#8220; _builder_version=&#8220;4.27.3&#8243; _module_preset=&#8220;default&#8220; text_font=&#8220;Varela_local|&#8211;et_global_body_font_weight|||||||&#8220; text_text_color=&#8220;#575656&#8243; text_font_size=&#8220;16px&#8220; text_line_height=&#8220;1.75em&#8220; link_font=&#8220;|&#8211;et_global_body_font_weight|||||||&#8220; link_text_color=&#8220;#FFFFFF&#8220; quote_font=&#8220;&#8211;et_global_heading_font|&#8211;et_global_heading_font_weight|||||||&#8220; quote_text_color=&#8220;#FFFFFF&#8220; header_font=&#8220;&#8211;et_global_heading_font|&#8211;et_global_heading_font_weight|||||||&#8220; header_text_color=&#8220;gcid-heading-color&#8220; header_font_size=&#8220;72px&#8220; header_line_height=&#8220;1.15em&#8220; header_2_font=&#8220;&#8211;et_global_heading_font|&#8211;et_global_heading_font_weight|||||||&#8220; header_2_text_color=&#8220;gcid-heading-color&#8220; header_2_font_size=&#8220;50px&#8220; header_2_line_height=&#8220;1.2em&#8220; header_3_font=&#8220;&#8211;et_global_heading_font|&#8211;et_global_heading_font_weight|||||||&#8220; header_3_text_color=&#8220;gcid-heading-color&#8220; header_3_font_size=&#8220;32px&#8220; header_3_line_height=&#8220;1.3em&#8220; header_4_font=&#8220;||||||||&#8220; header_4_text_align=&#8220;center&#8220; header_4_text_color=&#8220;#FFFFFF&#8220; header_4_font_size=&#8220;20px&#8220; header_4_line_height=&#8220;1.2em&#8220; header_5_font=&#8220;&#8211;et_global_heading_font|&#8211;et_global_heading_font_weight|||||||&#8220; header_5_text_color=&#8220;gcid-heading-color&#8220; header_5_font_size=&#8220;18px&#8220; header_5_line_height=&#8220;1.4em&#8220; header_6_font=&#8220;&#8211;et_global_heading_font|&#8211;et_global_heading_font_weight|||||||&#8220; header_6_text_color=&#8220;gcid-heading-color&#8220; header_6_line_height=&#8220;1.5em&#8220; width=&#8220;100%&#8220; module_alignment=&#8220;center&#8220; custom_margin=&#8220;0px||0px||false|false&#8220; custom_padding=&#8220;19px|17px|11px|17px|false|true&#8220; text_font_size_tablet=&#8220;15px&#8220; text_font_size_phone=&#8220;14px&#8220; text_font_size_last_edited=&#8220;on|phone&#8220; header_font_size_tablet=&#8220;40px&#8220; header_font_size_phone=&#8220;24px&#8220; header_font_size_last_edited=&#8220;on|desktop&#8220; header_2_font_size_tablet=&#8220;28px&#8220; header_2_font_size_phone=&#8220;20px&#8220; header_2_font_size_last_edited=&#8220;on|phone&#8220; header_3_font_size_tablet=&#8220;22px&#8220; header_3_font_size_phone=&#8220;17px&#8220; header_3_font_size_last_edited=&#8220;on|phone&#8220; header_4_font_size_tablet=&#8220;18px&#8220; header_4_font_size_phone=&#8220;15px&#8220; header_4_font_size_last_edited=&#8220;on|tablet&#8220; header_5_font_size_tablet=&#8220;15px&#8220; header_5_font_size_phone=&#8220;14px&#8220; header_5_font_size_last_edited=&#8220;on|desktop&#8220; header_6_font_size_tablet=&#8220;13px&#8220; header_6_font_size_phone=&#8220;13px&#8220; header_6_font_size_last_edited=&#8220;on|desktop&#8220; locked=&#8220;off&#8220; global_colors_info=&#8220;{%22gcid-primary-color%22:%91%22link_text_color%22%93,%22gcid-heading-color%22:%91%22header_text_color%22,%22header_4_text_color%22,%22header_3_text_color%22,%22header_2_text_color%22,%22header_5_text_color%22,%22header_6_text_color%22,%22quote_text_color%22%93,%22gcid-secondary-color%22:%91%22quote_border_color%22%93}&#8220; header_4_text_color__hover=&#8220;#fa9928&#8243; header_4_text_color__hover_enabled=&#8220;on|desktop&#8220; width__hover_enabled=&#8220;on|desktop&#8220; width__hover=&#8220;100%&#8220;]<p>Im Sommer 2009 stand die erste B\u00e4uerin f\u00fcr das erfolgreichste Format im WDR-Fernsehen \u201eLand und Lecker&#8220; vor der Kamera. Seit fast 15 Jahren hat die Sendung eine treue Fangemeinschaft!<\/p>\n<p>2014 rollt der \u201eLand und Lecker\u201c Bus in Richtung Westfalen nach L\u00fcnen zum Gahmener Hof, wo Sabine Goertz die Landfrauen \u2013 zusammen mit ihrem Mann Dietrich und den drei S\u00f6hnen Fabian, Till und Lukas empf\u00e4ngt. Bei ihrem Landfrauen-Dinner will Sabine Steaks vom edlen Angus-Rind \u2013 die Spezialit\u00e4t des Hofes \u2013 servieren.<\/p>[\/et_pb_text][\/et_pb_column][et_pb_column type=&#8220;1_2&#8243; _builder_version=&#8220;4.27.0&#8243; _module_preset=&#8220;default&#8220; global_colors_info=&#8220;{}&#8220;][et_pb_text quote_border_color=&#8220;gcid-secondary-color&#8220; _builder_version=&#8220;4.27.0&#8243; _module_preset=&#8220;default&#8220; text_font=&#8220;Varela_local|&#8211;et_global_body_font_weight|||||||&#8220; text_text_color=&#8220;#575656&#8243; text_font_size=&#8220;16px&#8220; text_line_height=&#8220;1.75em&#8220; link_font=&#8220;|&#8211;et_global_body_font_weight|||||||&#8220; link_text_color=&#8220;#FFFFFF&#8220; quote_font=&#8220;&#8211;et_global_heading_font|&#8211;et_global_heading_font_weight|||||||&#8220; quote_text_color=&#8220;#FFFFFF&#8220; header_font=&#8220;&#8211;et_global_heading_font|&#8211;et_global_heading_font_weight|||||||&#8220; header_text_color=&#8220;gcid-heading-color&#8220; header_font_size=&#8220;72px&#8220; header_line_height=&#8220;1.15em&#8220; header_2_font=&#8220;&#8211;et_global_heading_font|&#8211;et_global_heading_font_weight|||||||&#8220; header_2_text_color=&#8220;gcid-heading-color&#8220; header_2_font_size=&#8220;50px&#8220; header_2_line_height=&#8220;1.2em&#8220; header_3_font=&#8220;&#8211;et_global_heading_font|&#8211;et_global_heading_font_weight|||||||&#8220; header_3_text_color=&#8220;gcid-heading-color&#8220; header_3_font_size=&#8220;32px&#8220; header_3_line_height=&#8220;1.3em&#8220; header_4_font=&#8220;||||||||&#8220; header_4_text_align=&#8220;center&#8220; header_4_text_color=&#8220;#FFFFFF&#8220; header_4_font_size=&#8220;20px&#8220; header_4_line_height=&#8220;1.2em&#8220; header_5_font=&#8220;&#8211;et_global_heading_font|&#8211;et_global_heading_font_weight|||||||&#8220; header_5_text_color=&#8220;gcid-heading-color&#8220; header_5_font_size=&#8220;18px&#8220; header_5_line_height=&#8220;1.4em&#8220; header_6_font=&#8220;&#8211;et_global_heading_font|&#8211;et_global_heading_font_weight|||||||&#8220; header_6_text_color=&#8220;gcid-heading-color&#8220; header_6_line_height=&#8220;1.5em&#8220; width=&#8220;100%&#8220; module_alignment=&#8220;center&#8220; custom_margin=&#8220;0px||0px||false|false&#8220; custom_padding=&#8220;19px|17px|11px|17px|false|true&#8220; text_font_size_tablet=&#8220;15px&#8220; text_font_size_phone=&#8220;14px&#8220; text_font_size_last_edited=&#8220;on|phone&#8220; header_font_size_tablet=&#8220;40px&#8220; header_font_size_phone=&#8220;24px&#8220; header_font_size_last_edited=&#8220;on|desktop&#8220; header_2_font_size_tablet=&#8220;28px&#8220; header_2_font_size_phone=&#8220;20px&#8220; header_2_font_size_last_edited=&#8220;on|phone&#8220; header_3_font_size_tablet=&#8220;22px&#8220; header_3_font_size_phone=&#8220;17px&#8220; header_3_font_size_last_edited=&#8220;on|phone&#8220; header_4_font_size_tablet=&#8220;18px&#8220; header_4_font_size_phone=&#8220;15px&#8220; header_4_font_size_last_edited=&#8220;on|tablet&#8220; header_5_font_size_tablet=&#8220;15px&#8220; header_5_font_size_phone=&#8220;14px&#8220; header_5_font_size_last_edited=&#8220;on|desktop&#8220; header_6_font_size_tablet=&#8220;13px&#8220; header_6_font_size_phone=&#8220;13px&#8220; header_6_font_size_last_edited=&#8220;on|desktop&#8220; locked=&#8220;off&#8220; global_colors_info=&#8220;{%22gcid-primary-color%22:%91%22link_text_color%22%93,%22gcid-heading-color%22:%91%22header_text_color%22,%22header_4_text_color%22,%22header_3_text_color%22,%22header_2_text_color%22,%22header_5_text_color%22,%22header_6_text_color%22,%22quote_text_color%22%93,%22gcid-secondary-color%22:%91%22quote_border_color%22%93}&#8220; header_4_text_color__hover=&#8220;#fa9928&#8243; header_4_text_color__hover_enabled=&#8220;on|desktop&#8220;]<p>2019 sind auch Landm\u00e4nner mit an Bord. In der 10j\u00e4rigen Jubil\u00e4umsstaffel besuchen sich sechs Familien aus den letzten zehn Jahren, bei denen inzwischen die junge Generation am Start ist und die Gesch\u00e4fte f\u00fchrt.<\/p>\n<p>Und ausnahmsweise d\u00fcrfen auch M\u00e4nner mit in den Bus und sich dem &#8222;Land und lecker&#8220;-Wettbewerb stellen: Drei S\u00f6hne werden ihre H\u00f6fe und Ideen pr\u00e4sentieren und mit ihren M\u00fcttern zusammen leckere Heimath\u00e4ppchen kochen.<br \/><a href=\"https:\/\/www1.wdr.de\/fernsehen\/land-und-lecker\/sendungen\/fabian-goertz-102.html\" target=\"_blank\" rel=\"noopener\"><span style=\"color: #006440;\"><strong><em>(Hier klicken zur Wiederholung der Jubil\u00e4umsstaffel).<\/em><\/strong><\/span><\/a><\/p>[\/et_pb_text][\/et_pb_column][\/et_pb_row][\/et_pb_section]\n","protected":false},"excerpt":{"rendered":"<p>\u00dcber unsFamilienbetrieb mit TraditionSeit \u00fcber 700 Jahren steht der Gahmener Hof f\u00fcr Tradition und Qualit\u00e4t. Die erste Erw\u00e4hnung des Gahmener Hofes (fr\u00fcher als Hof Haumann bekannt), stammt aus einer Urkunde des Jahres 1285. Seither ist der Hof immer in Familienbesitz geblieben. Heute blicken wir auf eine dokumentierte Erbfolge bis ins Jahr 1567 zur\u00fcck. Der Hofname [&hellip;]<\/p>\n","protected":false},"author":1,"featured_media":765,"parent":0,"menu_order":0,"comment_status":"closed","ping_status":"closed","template":"","meta":{"_et_pb_use_builder":"on","_et_pb_old_content":"<!-- wp:divi\/placeholder \/-->","_et_gb_content_width":"","_lmt_disableupdate":"","_lmt_disable":"","footnotes":""},"class_list":["post-107","page","type-page","status-publish","has-post-thumbnail","hentry"],"yoast_head":"<!-- This site is optimized with the Yoast SEO plugin v27.4 - https:\/\/yoast.com\/product\/yoast-seo-wordpress\/ -->\n<title>Gahmener Hof - Wer wir sind!<\/title>\n<meta name=\"description\" content=\"Familienbetrieb seit \u00fcber 700 Jahren. Artgerechte Tierhaltung, Ackerfl\u00e4chen nach integriertem Landbau, Hofladen mit Produkten aus der Region.\" \/>\n<meta name=\"robots\" content=\"index, follow, max-snippet:-1, max-image-preview:large, max-video-preview:-1\" \/>\n<link rel=\"canonical\" href=\"https:\/\/irene-wolk.de\/gahmener-hof\/ueber-uns\/\" \/>\n<meta property=\"og:locale\" content=\"de_DE\" \/>\n<meta property=\"og:type\" content=\"article\" \/>\n<meta property=\"og:title\" content=\"Gahmener Hof - Wer wir sind!\" \/>\n<meta property=\"og:description\" content=\"Familienbetrieb seit \u00fcber 700 Jahren. Artgerechte Tierhaltung, Ackerfl\u00e4chen nach integriertem Landbau, Hofladen mit Produkten aus der Region.\" \/>\n<meta property=\"og:url\" content=\"https:\/\/irene-wolk.de\/gahmener-hof\/ueber-uns\/\" \/>\n<meta property=\"og:site_name\" content=\"Gahmener Hof\" \/>\n<meta property=\"article:modified_time\" content=\"2024-11-18T15:19:04+00:00\" \/>\n<meta property=\"og:image\" content=\"https:\/\/irene-wolk.de\/gahmener-hof\/wp-content\/uploads\/sites\/13\/2024\/11\/Startbild-Gahmener-Hof-Ueber-uns.jpg\" \/>\n\t<meta property=\"og:image:width\" content=\"781\" \/>\n\t<meta property=\"og:image:height\" content=\"520\" \/>\n\t<meta property=\"og:image:type\" content=\"image\/jpeg\" \/>\n<meta name=\"twitter:card\" content=\"summary_large_image\" \/>\n<meta name=\"twitter:label1\" content=\"Gesch\u00e4tzte Lesezeit\" \/>\n\t<meta name=\"twitter:data1\" content=\"8\u00a0Minuten\" \/>\n<script type=\"application\/ld+json\" class=\"yoast-schema-graph\">{\"@context\":\"https:\\\/\\\/schema.org\",\"@graph\":[{\"@type\":\"WebPage\",\"@id\":\"https:\\\/\\\/irene-wolk.de\\\/gahmener-hof\\\/ueber-uns\\\/\",\"url\":\"https:\\\/\\\/irene-wolk.de\\\/gahmener-hof\\\/ueber-uns\\\/\",\"name\":\"Gahmener Hof - Wer wir sind!\",\"isPartOf\":{\"@id\":\"https:\\\/\\\/irene-wolk.de\\\/gahmener-hof\\\/#website\"},\"primaryImageOfPage\":{\"@id\":\"https:\\\/\\\/irene-wolk.de\\\/gahmener-hof\\\/ueber-uns\\\/#primaryimage\"},\"image\":{\"@id\":\"https:\\\/\\\/irene-wolk.de\\\/gahmener-hof\\\/ueber-uns\\\/#primaryimage\"},\"thumbnailUrl\":\"https:\\\/\\\/irene-wolk.de\\\/gahmener-hof\\\/wp-content\\\/uploads\\\/sites\\\/13\\\/2024\\\/11\\\/Startbild-Gahmener-Hof-Ueber-uns.jpg\",\"datePublished\":\"2024-09-24T13:54:31+00:00\",\"dateModified\":\"2024-11-18T15:19:04+00:00\",\"description\":\"Familienbetrieb seit \u00fcber 700 Jahren. Artgerechte Tierhaltung, Ackerfl\u00e4chen nach integriertem Landbau, Hofladen mit Produkten aus der Region.\",\"breadcrumb\":{\"@id\":\"https:\\\/\\\/irene-wolk.de\\\/gahmener-hof\\\/ueber-uns\\\/#breadcrumb\"},\"inLanguage\":\"de\",\"potentialAction\":[{\"@type\":\"ReadAction\",\"target\":[\"https:\\\/\\\/irene-wolk.de\\\/gahmener-hof\\\/ueber-uns\\\/\"]}]},{\"@type\":\"ImageObject\",\"inLanguage\":\"de\",\"@id\":\"https:\\\/\\\/irene-wolk.de\\\/gahmener-hof\\\/ueber-uns\\\/#primaryimage\",\"url\":\"https:\\\/\\\/irene-wolk.de\\\/gahmener-hof\\\/wp-content\\\/uploads\\\/sites\\\/13\\\/2024\\\/11\\\/Startbild-Gahmener-Hof-Ueber-uns.jpg\",\"contentUrl\":\"https:\\\/\\\/irene-wolk.de\\\/gahmener-hof\\\/wp-content\\\/uploads\\\/sites\\\/13\\\/2024\\\/11\\\/Startbild-Gahmener-Hof-Ueber-uns.jpg\",\"width\":781,\"height\":520,\"caption\":\"Startbild Gahmener Hof Ueber uns\"},{\"@type\":\"BreadcrumbList\",\"@id\":\"https:\\\/\\\/irene-wolk.de\\\/gahmener-hof\\\/ueber-uns\\\/#breadcrumb\",\"itemListElement\":[{\"@type\":\"ListItem\",\"position\":1,\"name\":\"Startseite\",\"item\":\"https:\\\/\\\/irene-wolk.de\\\/gahmener-hof\\\/\"},{\"@type\":\"ListItem\",\"position\":2,\"name\":\"\u00dcber uns\"}]},{\"@type\":\"WebSite\",\"@id\":\"https:\\\/\\\/irene-wolk.de\\\/gahmener-hof\\\/#website\",\"url\":\"https:\\\/\\\/irene-wolk.de\\\/gahmener-hof\\\/\",\"name\":\"Gahmener Hof\",\"description\":\"\",\"potentialAction\":[{\"@type\":\"SearchAction\",\"target\":{\"@type\":\"EntryPoint\",\"urlTemplate\":\"https:\\\/\\\/irene-wolk.de\\\/gahmener-hof\\\/?s={search_term_string}\"},\"query-input\":{\"@type\":\"PropertyValueSpecification\",\"valueRequired\":true,\"valueName\":\"search_term_string\"}}],\"inLanguage\":\"de\"}]}<\/script>\n<!-- \/ Yoast SEO plugin. -->","yoast_head_json":{"title":"Gahmener Hof - Wer wir sind!","description":"Familienbetrieb seit \u00fcber 700 Jahren. Artgerechte Tierhaltung, Ackerfl\u00e4chen nach integriertem Landbau, Hofladen mit Produkten aus der Region.","robots":{"index":"index","follow":"follow","max-snippet":"max-snippet:-1","max-image-preview":"max-image-preview:large","max-video-preview":"max-video-preview:-1"},"canonical":"https:\/\/irene-wolk.de\/gahmener-hof\/ueber-uns\/","og_locale":"de_DE","og_type":"article","og_title":"Gahmener Hof - Wer wir sind!","og_description":"Familienbetrieb seit \u00fcber 700 Jahren. Artgerechte Tierhaltung, Ackerfl\u00e4chen nach integriertem Landbau, Hofladen mit Produkten aus der Region.","og_url":"https:\/\/irene-wolk.de\/gahmener-hof\/ueber-uns\/","og_site_name":"Gahmener Hof","article_modified_time":"2024-11-18T15:19:04+00:00","og_image":[{"width":781,"height":520,"url":"https:\/\/irene-wolk.de\/gahmener-hof\/wp-content\/uploads\/sites\/13\/2024\/11\/Startbild-Gahmener-Hof-Ueber-uns.jpg","type":"image\/jpeg"}],"twitter_card":"summary_large_image","twitter_misc":{"Gesch\u00e4tzte Lesezeit":"8\u00a0Minuten"},"schema":{"@context":"https:\/\/schema.org","@graph":[{"@type":"WebPage","@id":"https:\/\/irene-wolk.de\/gahmener-hof\/ueber-uns\/","url":"https:\/\/irene-wolk.de\/gahmener-hof\/ueber-uns\/","name":"Gahmener Hof - Wer wir sind!","isPartOf":{"@id":"https:\/\/irene-wolk.de\/gahmener-hof\/#website"},"primaryImageOfPage":{"@id":"https:\/\/irene-wolk.de\/gahmener-hof\/ueber-uns\/#primaryimage"},"image":{"@id":"https:\/\/irene-wolk.de\/gahmener-hof\/ueber-uns\/#primaryimage"},"thumbnailUrl":"https:\/\/irene-wolk.de\/gahmener-hof\/wp-content\/uploads\/sites\/13\/2024\/11\/Startbild-Gahmener-Hof-Ueber-uns.jpg","datePublished":"2024-09-24T13:54:31+00:00","dateModified":"2024-11-18T15:19:04+00:00","description":"Familienbetrieb seit \u00fcber 700 Jahren. Artgerechte Tierhaltung, Ackerfl\u00e4chen nach integriertem Landbau, Hofladen mit Produkten aus der Region.","breadcrumb":{"@id":"https:\/\/irene-wolk.de\/gahmener-hof\/ueber-uns\/#breadcrumb"},"inLanguage":"de","potentialAction":[{"@type":"ReadAction","target":["https:\/\/irene-wolk.de\/gahmener-hof\/ueber-uns\/"]}]},{"@type":"ImageObject","inLanguage":"de","@id":"https:\/\/irene-wolk.de\/gahmener-hof\/ueber-uns\/#primaryimage","url":"https:\/\/irene-wolk.de\/gahmener-hof\/wp-content\/uploads\/sites\/13\/2024\/11\/Startbild-Gahmener-Hof-Ueber-uns.jpg","contentUrl":"https:\/\/irene-wolk.de\/gahmener-hof\/wp-content\/uploads\/sites\/13\/2024\/11\/Startbild-Gahmener-Hof-Ueber-uns.jpg","width":781,"height":520,"caption":"Startbild Gahmener Hof Ueber uns"},{"@type":"BreadcrumbList","@id":"https:\/\/irene-wolk.de\/gahmener-hof\/ueber-uns\/#breadcrumb","itemListElement":[{"@type":"ListItem","position":1,"name":"Startseite","item":"https:\/\/irene-wolk.de\/gahmener-hof\/"},{"@type":"ListItem","position":2,"name":"\u00dcber uns"}]},{"@type":"WebSite","@id":"https:\/\/irene-wolk.de\/gahmener-hof\/#website","url":"https:\/\/irene-wolk.de\/gahmener-hof\/","name":"Gahmener Hof","description":"","potentialAction":[{"@type":"SearchAction","target":{"@type":"EntryPoint","urlTemplate":"https:\/\/irene-wolk.de\/gahmener-hof\/?s={search_term_string}"},"query-input":{"@type":"PropertyValueSpecification","valueRequired":true,"valueName":"search_term_string"}}],"inLanguage":"de"}]}},"_links":{"self":[{"href":"https:\/\/irene-wolk.de\/gahmener-hof\/wp-json\/wp\/v2\/pages\/107","targetHints":{"allow":["GET"]}}],"collection":[{"href":"https:\/\/irene-wolk.de\/gahmener-hof\/wp-json\/wp\/v2\/pages"}],"about":[{"href":"https:\/\/irene-wolk.de\/gahmener-hof\/wp-json\/wp\/v2\/types\/page"}],"author":[{"embeddable":true,"href":"https:\/\/irene-wolk.de\/gahmener-hof\/wp-json\/wp\/v2\/users\/1"}],"replies":[{"embeddable":true,"href":"https:\/\/irene-wolk.de\/gahmener-hof\/wp-json\/wp\/v2\/comments?post=107"}],"version-history":[{"count":0,"href":"https:\/\/irene-wolk.de\/gahmener-hof\/wp-json\/wp\/v2\/pages\/107\/revisions"}],"wp:featuredmedia":[{"embeddable":true,"href":"https:\/\/irene-wolk.de\/gahmener-hof\/wp-json\/wp\/v2\/media\/765"}],"wp:attachment":[{"href":"https:\/\/irene-wolk.de\/gahmener-hof\/wp-json\/wp\/v2\/media?parent=107"}],"curies":[{"name":"wp","href":"https:\/\/api.w.org\/{rel}","templated":true}]}}