{"id":109,"date":"2024-09-24T15:54:51","date_gmt":"2024-09-24T13:54:51","guid":{"rendered":"https:\/\/wpwebsitecoach.de\/hofladen\/?page_id=109"},"modified":"2024-11-21T19:09:07","modified_gmt":"2024-11-21T18:09:07","slug":"hofladen","status":"publish","type":"page","link":"https:\/\/irene-wolk.de\/gahmener-hof\/hofladen\/","title":{"rendered":"Hofladen"},"content":{"rendered":"<p>[et_pb_section fb_built=&#8220;1&#8243; fullwidth=&#8220;on&#8220; _builder_version=&#8220;4.27.0&#8243; _module_preset=&#8220;default&#8220; locked=&#8220;off&#8220; global_colors_info=&#8220;{}&#8220;][et_pb_fullwidth_image src=&#8220;https:\/\/irene-wolk.de\/gahmener-hof\/wp-content\/uploads\/sites\/13\/2024\/11\/Team-Hofladen-neu.jpg&#8220; title_text=&#8220;Team Hofladen neu&#8220; _builder_version=&#8220;4.27.2&#8243; _module_preset=&#8220;default&#8220; filter_saturate=&#8220;113%&#8220; global_colors_info=&#8220;{}&#8220;][\/et_pb_fullwidth_image][\/et_pb_section][et_pb_section fb_built=&#8220;1&#8243; _builder_version=&#8220;4.27.0&#8243; _module_preset=&#8220;default&#8220; background_color=&#8220;#F9F2E4&#8243; custom_margin=&#8220;0px||0px||true|false&#8220; custom_padding=&#8220;0px||0px||true|false&#8220; global_colors_info=&#8220;{}&#8220;][et_pb_row column_structure=&#8220;1_5,1_5,1_5,1_5,1_5&#8243; use_custom_gutter=&#8220;on&#8220; gutter_width=&#8220;1&#8243; make_equal=&#8220;on&#8220; disabled_on=&#8220;on|on|off&#8220; admin_label=&#8220;Bilder Desktop&#8220; _builder_version=&#8220;4.27.2&#8243; _module_preset=&#8220;default&#8220; width=&#8220;100%&#8220; max_width=&#8220;100%&#8220; height=&#8220;220px&#8220; height_tablet=&#8220;&#8220; height_phone=&#8220;&#8220; height_last_edited=&#8220;on|desktop&#8220; custom_margin=&#8220;5px||5px||true|false&#8220; custom_padding=&#8220;0px||0px||true|false&#8220; global_colors_info=&#8220;{}&#8220;][et_pb_column type=&#8220;1_5&#8243; _builder_version=&#8220;4.27.0&#8243; _module_preset=&#8220;default&#8220; background_image=&#8220;https:\/\/irene-wolk.de\/gahmener-hof\/wp-content\/uploads\/sites\/13\/2024\/10\/Gemuese-Hofladen.jpg&#8220; custom_padding=&#8220;||||false|true&#8220; border_width_all=&#8220;5px&#8220; border_color_all=&#8220;#F9F2E4&#8243; global_colors_info=&#8220;{}&#8220;][\/et_pb_column][et_pb_column type=&#8220;1_5&#8243; _builder_version=&#8220;4.27.0&#8243; _module_preset=&#8220;default&#8220; background_image=&#8220;https:\/\/irene-wolk.de\/gahmener-hof\/wp-content\/uploads\/sites\/13\/2024\/10\/Spezialitaeten-Hofladen-.jpg&#8220; custom_padding=&#8220;||||false|true&#8220; border_width_all=&#8220;5px&#8220; border_color_all=&#8220;#F9F2E4&#8243; global_colors_info=&#8220;{}&#8220;][\/et_pb_column][et_pb_column type=&#8220;1_5&#8243; _builder_version=&#8220;4.27.0&#8243; _module_preset=&#8220;default&#8220; background_image=&#8220;https:\/\/irene-wolk.de\/gahmener-hof\/wp-content\/uploads\/sites\/13\/2024\/10\/Wurstwaren-Gahmener-Hof.jpg&#8220; custom_padding=&#8220;||||false|true&#8220; border_width_all=&#8220;5px&#8220; border_color_all=&#8220;#F9F2E4&#8243; global_colors_info=&#8220;{}&#8220;][\/et_pb_column][et_pb_column type=&#8220;1_5&#8243; _builder_version=&#8220;4.27.0&#8243; _module_preset=&#8220;default&#8220; background_image=&#8220;https:\/\/irene-wolk.de\/gahmener-hof\/wp-content\/uploads\/sites\/13\/2024\/10\/Fabian-Goertz-Praesentkorb.jpg&#8220; custom_padding=&#8220;||||false|true&#8220; border_width_all=&#8220;5px&#8220; border_color_all=&#8220;#F9F2E4&#8243; global_colors_info=&#8220;{}&#8220;][\/et_pb_column][et_pb_column type=&#8220;1_5&#8243; _builder_version=&#8220;4.27.0&#8243; _module_preset=&#8220;default&#8220; background_image=&#8220;https:\/\/irene-wolk.de\/gahmener-hof\/wp-content\/uploads\/sites\/13\/2024\/10\/Eierlikoere-Hofladen.jpg&#8220; custom_padding=&#8220;||||false|true&#8220; border_width_all=&#8220;5px&#8220; border_color_all=&#8220;#F9F2E4&#8243; global_colors_info=&#8220;{}&#8220;][\/et_pb_column][\/et_pb_row][et_pb_row column_structure=&#8220;1_5,1_5,1_5,1_5,1_5&#8243; use_custom_gutter=&#8220;on&#8220; gutter_width=&#8220;1&#8243; make_equal=&#8220;on&#8220; disabled_on=&#8220;off|off|on&#8220; admin_label=&#8220;Bilder mobil&#8220; _builder_version=&#8220;4.27.0&#8243; _module_preset=&#8220;default&#8220; width=&#8220;100%&#8220; max_width=&#8220;100%&#8220; height_tablet=&#8220;&#8220; height_phone=&#8220;&#8220; height_last_edited=&#8220;on|phone&#8220; custom_margin=&#8220;15px||15px||true|false&#8220; custom_padding=&#8220;0px||0px||true|false&#8220; global_colors_info=&#8220;{}&#8220;][et_pb_column type=&#8220;1_5&#8243; _builder_version=&#8220;4.27.0&#8243; _module_preset=&#8220;default&#8220; background_image=&#8220;https:\/\/irene-wolk.de\/gahmener-hof\/wp-content\/uploads\/sites\/13\/2024\/10\/Gemuese-Hofladen.jpg&#8220; custom_padding=&#8220;||||false|true&#8220; border_width_all=&#8220;5px&#8220; border_color_all=&#8220;#F9F2E4&#8243; global_colors_info=&#8220;{}&#8220;][et_pb_image src=&#8220;https:\/\/irene-wolk.de\/gahmener-hof\/wp-content\/uploads\/sites\/13\/2024\/10\/Gemuese-Hofladen.jpg&#8220; title_text=&#8220;Gemuese Hofladen&#8220; force_fullwidth=&#8220;on&#8220; _builder_version=&#8220;4.27.3&#8243; _module_preset=&#8220;default&#8220; global_colors_info=&#8220;{}&#8220;][\/et_pb_image][\/et_pb_column][et_pb_column type=&#8220;1_5&#8243; _builder_version=&#8220;4.27.0&#8243; _module_preset=&#8220;default&#8220; background_image=&#8220;https:\/\/irene-wolk.de\/gahmener-hof\/wp-content\/uploads\/sites\/13\/2024\/10\/Spezialitaeten-Hofladen-.jpg&#8220; custom_padding=&#8220;||||false|true&#8220; border_width_all=&#8220;5px&#8220; border_color_all=&#8220;#F9F2E4&#8243; global_colors_info=&#8220;{}&#8220;][et_pb_image src=&#8220;https:\/\/irene-wolk.de\/gahmener-hof\/wp-content\/uploads\/sites\/13\/2024\/10\/Spezialitaeten-Hofladen-.jpg&#8220; title_text=&#8220;Spezialitaeten Hofladen&#8220; force_fullwidth=&#8220;on&#8220; _builder_version=&#8220;4.27.3&#8243; _module_preset=&#8220;default&#8220; global_colors_info=&#8220;{}&#8220;][\/et_pb_image][\/et_pb_column][et_pb_column type=&#8220;1_5&#8243; _builder_version=&#8220;4.27.0&#8243; _module_preset=&#8220;default&#8220; background_image=&#8220;https:\/\/irene-wolk.de\/gahmener-hof\/wp-content\/uploads\/sites\/13\/2024\/10\/Wurstwaren-Gahmener-Hof.jpg&#8220; custom_padding=&#8220;||||false|true&#8220; border_width_all=&#8220;5px&#8220; border_color_all=&#8220;#F9F2E4&#8243; global_colors_info=&#8220;{}&#8220;][et_pb_image src=&#8220;https:\/\/irene-wolk.de\/gahmener-hof\/wp-content\/uploads\/sites\/13\/2024\/10\/Wurstwaren-Gahmener-Hof.jpg&#8220; title_text=&#8220;Wurstwaren Gahmener Hof&#8220; force_fullwidth=&#8220;on&#8220; _builder_version=&#8220;4.27.3&#8243; _module_preset=&#8220;default&#8220; global_colors_info=&#8220;{}&#8220;][\/et_pb_image][\/et_pb_column][et_pb_column type=&#8220;1_5&#8243; _builder_version=&#8220;4.27.0&#8243; _module_preset=&#8220;default&#8220; background_image=&#8220;https:\/\/irene-wolk.de\/gahmener-hof\/wp-content\/uploads\/sites\/13\/2024\/10\/Fabian-Goertz-Praesentkorb.jpg&#8220; custom_padding=&#8220;||||false|true&#8220; border_width_all=&#8220;5px&#8220; border_color_all=&#8220;#F9F2E4&#8243; global_colors_info=&#8220;{}&#8220;][et_pb_image src=&#8220;https:\/\/irene-wolk.de\/gahmener-hof\/wp-content\/uploads\/sites\/13\/2024\/10\/Fabian-Goertz-Praesentkorb.jpg&#8220; title_text=&#8220;Fabian Goertz Praesentkorb&#8220; force_fullwidth=&#8220;on&#8220; _builder_version=&#8220;4.27.3&#8243; _module_preset=&#8220;default&#8220; global_colors_info=&#8220;{}&#8220;][\/et_pb_image][\/et_pb_column][et_pb_column type=&#8220;1_5&#8243; _builder_version=&#8220;4.27.0&#8243; _module_preset=&#8220;default&#8220; background_image=&#8220;https:\/\/irene-wolk.de\/gahmener-hof\/wp-content\/uploads\/sites\/13\/2024\/10\/Eierlikoere-Hofladen.jpg&#8220; custom_padding=&#8220;||||false|true&#8220; border_width_all=&#8220;5px&#8220; border_color_all=&#8220;#F9F2E4&#8243; global_colors_info=&#8220;{}&#8220;][et_pb_image src=&#8220;https:\/\/irene-wolk.de\/gahmener-hof\/wp-content\/uploads\/sites\/13\/2024\/10\/Eierlikoere-Hofladen.jpg&#8220; title_text=&#8220;Eierlikoere Hofladen&#8220; force_fullwidth=&#8220;on&#8220; _builder_version=&#8220;4.27.3&#8243; _module_preset=&#8220;default&#8220; global_colors_info=&#8220;{}&#8220;][\/et_pb_image][\/et_pb_column][\/et_pb_row][\/et_pb_section][et_pb_section fb_built=&#8220;1&#8243; custom_padding_last_edited=&#8220;on|phone&#8220; admin_label=&#8220;Section&#8220; _builder_version=&#8220;4.27.3&#8243; _module_preset=&#8220;default&#8220; background_color=&#8220;#F9F2E4&#8243; custom_margin=&#8220;0px||||false|false&#8220; custom_margin_tablet=&#8220;0px||||false|false&#8220; custom_margin_phone=&#8220;0px||||false|false&#8220; custom_margin_last_edited=&#8220;on|phone&#8220; custom_padding=&#8220;||25px|||&#8220; custom_padding_tablet=&#8220;||25px|||&#8220; custom_padding_phone=&#8220;||0px||false|false&#8220; locked=&#8220;off&#8220; global_colors_info=&#8220;{}&#8220;][et_pb_row _builder_version=&#8220;4.27.3&#8243; _module_preset=&#8220;default&#8220; width=&#8220;90%&#8220; custom_margin=&#8220;0px|auto|1px|auto|false|false&#8220; custom_margin_tablet=&#8220;0px||0px||false|false&#8220; custom_margin_phone=&#8220;||0px||false|false&#8220; custom_margin_last_edited=&#8220;on|phone&#8220; custom_padding=&#8220;0px||0px||false|false&#8220; animation_style=&#8220;slide&#8220; animation_delay=&#8220;500ms&#8220; animation_speed_curve=&#8220;ease&#8220; locked=&#8220;off&#8220; global_colors_info=&#8220;{}&#8220;][et_pb_column type=&#8220;4_4&#8243; _builder_version=&#8220;4.23.1&#8243; _module_preset=&#8220;default&#8220; global_colors_info=&#8220;{}&#8220;][et_pb_text _builder_version=&#8220;4.27.0&#8243; _module_preset=&#8220;6962b7ef-693f-4733-9e4c-d6bb3b516730&#8243; header_4_font=&#8220;Cabin_local|||on|||||&#8220; header_4_line_height=&#8220;1.2em&#8220; global_colors_info=&#8220;{%22gcid-primary-color%22:%91%22link_text_color%22,%22link_text_color%22%93,%22gcid-heading-color%22:%91%22header_text_color%22,%22header_3_text_color%22,%22header_2_text_color%22,%22header_5_text_color%22,%22header_6_text_color%22,%22quote_text_color%22,%22header_text_color%22,%22header_3_text_color%22,%22header_2_text_color%22,%22header_5_text_color%22,%22header_6_text_color%22,%22quote_text_color%22%93,%22gcid-body-color%22:%91%22text_text_color%22,%22text_text_color%22%93,%22gcid-secondary-color%22:%91%22quote_border_color%22,%22quote_border_color%22%93}&#8220; header_4_text_color__hover=&#8220;#006440&#8243;]<\/p>\n<h4>Der Hofladen<\/h4>\n<p>[\/et_pb_text][et_pb_text _builder_version=&#8220;4.27.3&#8243; _module_preset=&#8220;694be44c-7a73-41b0-ba56-34d8cfef77f5&#8243; header_2_font=&#8220;josefin_sans_local|700||on|||||&#8220; global_colors_info=&#8220;{%22gcid-primary-color%22:%91%22link_text_color%22,%22link_text_color%22%93,%22gcid-heading-color%22:%91%22header_text_color%22,%22header_4_text_color%22,%22header_3_text_color%22,%22header_5_text_color%22,%22header_6_text_color%22,%22quote_text_color%22,%22header_text_color%22,%22header_4_text_color%22,%22header_3_text_color%22,%22header_5_text_color%22,%22header_6_text_color%22,%22quote_text_color%22%93,%22gcid-body-color%22:%91%22text_text_color%22,%22text_text_color%22%93,%22gcid-secondary-color%22:%91%22quote_border_color%22,%22quote_border_color%22%93}&#8220;]<\/p>\n<h2>Sch\u00f6n, dass du hier bist<\/h2>\n<p>[\/et_pb_text][\/et_pb_column][\/et_pb_row][et_pb_row column_structure=&#8220;1_2,1_2&#8243; use_custom_gutter=&#8220;on&#8220; gutter_width=&#8220;2&#8243; make_equal=&#8220;on&#8220; custom_padding_last_edited=&#8220;on|phone&#8220; _builder_version=&#8220;4.27.3&#8243; _module_preset=&#8220;default&#8220; width_tablet=&#8220;&#8220; width_phone=&#8220;95%&#8220; width_last_edited=&#8220;on|phone&#8220; module_alignment=&#8220;center&#8220; custom_padding_tablet=&#8220;&#8220; custom_padding_phone=&#8220;0px||0px||true|false&#8220; global_colors_info=&#8220;{}&#8220;][et_pb_column type=&#8220;1_2&#8243; _builder_version=&#8220;4.27.0&#8243; _module_preset=&#8220;default&#8220; global_colors_info=&#8220;{}&#8220;][et_pb_text quote_border_color=&#8220;gcid-secondary-color&#8220; _builder_version=&#8220;4.27.3&#8243; _module_preset=&#8220;default&#8220; text_font=&#8220;Varela_local|&#8211;et_global_body_font_weight|||||||&#8220; text_text_color=&#8220;#575656&#8243; text_font_size=&#8220;16px&#8220; text_line_height=&#8220;1.75em&#8220; link_font=&#8220;|&#8211;et_global_body_font_weight|||||||&#8220; link_text_color=&#8220;#FFFFFF&#8220; quote_font=&#8220;&#8211;et_global_heading_font|&#8211;et_global_heading_font_weight|||||||&#8220; quote_text_color=&#8220;#FFFFFF&#8220; header_font=&#8220;&#8211;et_global_heading_font|&#8211;et_global_heading_font_weight|||||||&#8220; header_text_color=&#8220;gcid-heading-color&#8220; header_font_size=&#8220;72px&#8220; header_line_height=&#8220;1.15em&#8220; header_2_font=&#8220;&#8211;et_global_heading_font|&#8211;et_global_heading_font_weight|||||||&#8220; header_2_text_color=&#8220;gcid-heading-color&#8220; header_2_font_size=&#8220;50px&#8220; header_2_line_height=&#8220;1.2em&#8220; header_3_font=&#8220;&#8211;et_global_heading_font|&#8211;et_global_heading_font_weight|||||||&#8220; header_3_text_color=&#8220;gcid-heading-color&#8220; header_3_font_size=&#8220;32px&#8220; header_3_line_height=&#8220;1.3em&#8220; header_4_font=&#8220;||||||||&#8220; header_4_text_align=&#8220;center&#8220; header_4_text_color=&#8220;#FFFFFF&#8220; header_4_font_size=&#8220;20px&#8220; header_4_line_height=&#8220;1.2em&#8220; header_5_font=&#8220;&#8211;et_global_heading_font|&#8211;et_global_heading_font_weight|||||||&#8220; header_5_text_color=&#8220;gcid-heading-color&#8220; header_5_font_size=&#8220;18px&#8220; header_5_line_height=&#8220;1.4em&#8220; header_6_font=&#8220;&#8211;et_global_heading_font|&#8211;et_global_heading_font_weight|||||||&#8220; header_6_text_color=&#8220;gcid-heading-color&#8220; header_6_line_height=&#8220;1.5em&#8220; width=&#8220;100%&#8220; module_alignment=&#8220;center&#8220; custom_margin=&#8220;0px||0px||false|false&#8220; custom_padding=&#8220;19px|17px|11px|17px|false|true&#8220; custom_padding_tablet=&#8220;19px|17px|11px|17px|false|true&#8220; custom_padding_phone=&#8220;1px||1px||true|true&#8220; custom_padding_last_edited=&#8220;on|phone&#8220; text_font_size_tablet=&#8220;15px&#8220; text_font_size_phone=&#8220;14px&#8220; text_font_size_last_edited=&#8220;on|phone&#8220; header_font_size_tablet=&#8220;40px&#8220; header_font_size_phone=&#8220;24px&#8220; header_font_size_last_edited=&#8220;on|desktop&#8220; header_2_font_size_tablet=&#8220;28px&#8220; header_2_font_size_phone=&#8220;20px&#8220; header_2_font_size_last_edited=&#8220;on|phone&#8220; header_3_font_size_tablet=&#8220;22px&#8220; header_3_font_size_phone=&#8220;17px&#8220; header_3_font_size_last_edited=&#8220;on|phone&#8220; header_4_font_size_tablet=&#8220;18px&#8220; header_4_font_size_phone=&#8220;15px&#8220; header_4_font_size_last_edited=&#8220;on|tablet&#8220; header_5_font_size_tablet=&#8220;15px&#8220; header_5_font_size_phone=&#8220;14px&#8220; header_5_font_size_last_edited=&#8220;on|desktop&#8220; header_6_font_size_tablet=&#8220;13px&#8220; header_6_font_size_phone=&#8220;13px&#8220; header_6_font_size_last_edited=&#8220;on|desktop&#8220; locked=&#8220;off&#8220; global_colors_info=&#8220;{%22gcid-primary-color%22:%91%22link_text_color%22%93,%22gcid-heading-color%22:%91%22header_text_color%22,%22header_4_text_color%22,%22header_3_text_color%22,%22header_2_text_color%22,%22header_5_text_color%22,%22header_6_text_color%22,%22quote_text_color%22%93,%22gcid-secondary-color%22:%91%22quote_border_color%22%93}&#8220; header_4_text_color__hover=&#8220;#fa9928&#8243; header_4_text_color__hover_enabled=&#8220;on|desktop&#8220; width__hover_enabled=&#8220;on|desktop&#8220; width__hover=&#8220;100%&#8220;]<\/p>\n<p>Mit der Begr\u00fc\u00dfung \u201eSch\u00f6n, dass du hier bist\u201c und mit viel Liebe hat Sabine Goertz den Hofladen aufgebaut, in dem sie seit der Er\u00f6ffnung 2001 in der Scheune das Fleisch der hofeigenen Tiere und selbstgekochte Eint\u00f6pfe und Suppe verkauft.<\/p>\n<p>Sabine war Postbeamtin, bevor sie 1983 ihre gro\u00dfe Liebe traf und B\u00e4uerin wurde. Sie sp\u00fcrte direkt, dass das Hofleben genau das Richtige f\u00fcr sie ist.<\/p>\n<p>Nachdem das Sortiment stetig erweitert wurde, erstrahlte im Februar 2024 der Hofladen nach dem Umbau im neuem Glanz. Im gem\u00fctlichen Ambiente k\u00f6nnen Sie sich in Ruhe umschauen, um \u00fcber Ihre Eink\u00e4ufe zu entscheiden.<\/p>\n<p>[\/et_pb_text][\/et_pb_column][et_pb_column type=&#8220;1_2&#8243; _builder_version=&#8220;4.27.0&#8243; _module_preset=&#8220;default&#8220; global_colors_info=&#8220;{}&#8220;][et_pb_text quote_border_color=&#8220;gcid-secondary-color&#8220; _builder_version=&#8220;4.27.3&#8243; _module_preset=&#8220;default&#8220; text_font=&#8220;Varela_local|&#8211;et_global_body_font_weight|||||||&#8220; text_text_color=&#8220;#575656&#8243; text_font_size=&#8220;16px&#8220; text_line_height=&#8220;1.75em&#8220; link_font=&#8220;|&#8211;et_global_body_font_weight|||||||&#8220; link_text_color=&#8220;#FFFFFF&#8220; quote_font=&#8220;&#8211;et_global_heading_font|&#8211;et_global_heading_font_weight|||||||&#8220; quote_text_color=&#8220;#FFFFFF&#8220; header_font=&#8220;&#8211;et_global_heading_font|&#8211;et_global_heading_font_weight|||||||&#8220; header_text_color=&#8220;gcid-heading-color&#8220; header_font_size=&#8220;72px&#8220; header_line_height=&#8220;1.15em&#8220; header_2_font=&#8220;&#8211;et_global_heading_font|&#8211;et_global_heading_font_weight|||||||&#8220; header_2_text_color=&#8220;gcid-heading-color&#8220; header_2_font_size=&#8220;50px&#8220; header_2_line_height=&#8220;1.2em&#8220; header_3_font=&#8220;&#8211;et_global_heading_font|&#8211;et_global_heading_font_weight|||||||&#8220; header_3_text_color=&#8220;gcid-heading-color&#8220; header_3_font_size=&#8220;32px&#8220; header_3_line_height=&#8220;1.3em&#8220; header_4_font=&#8220;||||||||&#8220; header_4_text_align=&#8220;center&#8220; header_4_text_color=&#8220;#FFFFFF&#8220; header_4_font_size=&#8220;20px&#8220; header_4_line_height=&#8220;1.2em&#8220; header_5_font=&#8220;&#8211;et_global_heading_font|&#8211;et_global_heading_font_weight|||||||&#8220; header_5_text_color=&#8220;gcid-heading-color&#8220; header_5_font_size=&#8220;18px&#8220; header_5_line_height=&#8220;1.4em&#8220; header_6_font=&#8220;&#8211;et_global_heading_font|&#8211;et_global_heading_font_weight|||||||&#8220; header_6_text_color=&#8220;gcid-heading-color&#8220; header_6_line_height=&#8220;1.5em&#8220; width=&#8220;100%&#8220; module_alignment=&#8220;center&#8220; custom_margin=&#8220;0px||0px||false|false&#8220; custom_padding=&#8220;19px|17px|11px|17px|false|true&#8220; text_font_size_tablet=&#8220;15px&#8220; text_font_size_phone=&#8220;14px&#8220; text_font_size_last_edited=&#8220;on|phone&#8220; header_font_size_tablet=&#8220;40px&#8220; header_font_size_phone=&#8220;24px&#8220; header_font_size_last_edited=&#8220;on|desktop&#8220; header_2_font_size_tablet=&#8220;28px&#8220; header_2_font_size_phone=&#8220;20px&#8220; header_2_font_size_last_edited=&#8220;on|phone&#8220; header_3_font_size_tablet=&#8220;22px&#8220; header_3_font_size_phone=&#8220;17px&#8220; header_3_font_size_last_edited=&#8220;on|phone&#8220; header_4_font_size_tablet=&#8220;18px&#8220; header_4_font_size_phone=&#8220;15px&#8220; header_4_font_size_last_edited=&#8220;on|tablet&#8220; header_5_font_size_tablet=&#8220;15px&#8220; header_5_font_size_phone=&#8220;14px&#8220; header_5_font_size_last_edited=&#8220;on|desktop&#8220; header_6_font_size_tablet=&#8220;13px&#8220; header_6_font_size_phone=&#8220;13px&#8220; header_6_font_size_last_edited=&#8220;on|desktop&#8220; locked=&#8220;off&#8220; global_colors_info=&#8220;{%22gcid-primary-color%22:%91%22link_text_color%22%93,%22gcid-heading-color%22:%91%22header_text_color%22,%22header_4_text_color%22,%22header_3_text_color%22,%22header_2_text_color%22,%22header_5_text_color%22,%22header_6_text_color%22,%22quote_text_color%22%93,%22gcid-secondary-color%22:%91%22quote_border_color%22%93}&#8220; header_4_text_color__hover=&#8220;#fa9928&#8243; header_4_text_color__hover_enabled=&#8220;on|desktop&#8220;]<\/p>\n<p>Zum Vollsortiment des Ladens geh\u00f6ren unter anderem: Eier, Eierlik\u00f6r, Kartoffeln, Nudeln, Molkereiprodukte von drei H\u00f6fen, Gew\u00fcrze, Welabr\u00fchen, Tomatensaucen und Pestos. Geb\u00e4ck, Brot und Kuchen beziehen wir von einem anderen Hofladen sowie Tees, Gepaprodukte, Schwerter Senf, eingelegte Gurken, naturreine Fruchts\u00e4fte. Pr\u00e4sentk\u00f6rbe k\u00f6nnen nach Gr\u00f6\u00dfe und Inhalt vorbestellt werden.<\/p>\n<p>Die Fleischtheke bietet ein gutes Sortiment an Wurst, auch in kleineren Abpackungen. W\u00f6chentlich zaubern unsere Fleischereifachverk\u00e4uferinnen schnelle Pfannengerichte und gef\u00fcllte Braten. Wenn es um die Zubereitung geht werden Sie freundlich beraten.<\/p>\n<p>[\/et_pb_text][\/et_pb_column][\/et_pb_row][et_pb_row use_custom_gutter=&#8220;on&#8220; gutter_width=&#8220;2&#8243; _builder_version=&#8220;4.27.3&#8243; _module_preset=&#8220;default&#8220; width=&#8220;76%&#8220; global_colors_info=&#8220;{}&#8220;][et_pb_column type=&#8220;4_4&#8243; _builder_version=&#8220;4.27.0&#8243; _module_preset=&#8220;default&#8220; global_colors_info=&#8220;{}&#8220;][et_pb_image src=&#8220;https:\/\/irene-wolk.de\/gahmener-hof\/wp-content\/uploads\/sites\/13\/2024\/10\/Sabine-Goertz.jpg&#8220; title_text=&#8220;Sabine Goertz&#8220; align=&#8220;center&#8220; _builder_version=&#8220;4.27.3&#8243; _module_preset=&#8220;default&#8220; width=&#8220;80%&#8220; width_tablet=&#8220;80%&#8220; width_phone=&#8220;100%&#8220; width_last_edited=&#8220;on|phone&#8220; global_colors_info=&#8220;{}&#8220;][\/et_pb_image][et_pb_toggle title=&#8220;Unsere Partner&#8220; open_toggle_text_color=&#8220;#006440&#8243; open_toggle_background_color=&#8220;#F9F2E4&#8243; closed_toggle_text_color=&#8220;#FFFFFF&#8220; closed_toggle_background_color=&#8220;#BE9E66&#8243; icon_color=&#8220;#FFFFFF&#8220; toggle_icon=&#8220;&#x43;||divi||400&#8243; open_icon_color=&#8220;#006440&#8243; open_toggle_icon=&#8220;&#x42;||divi||400&#8243; open_use_icon_font_size=&#8220;on&#8220; open_icon_font_size=&#8220;26px&#8220; _builder_version=&#8220;4.27.3&#8243; _module_preset=&#8220;default&#8220; title_text_color=&#8220;#FFFFFF&#8220; title_font=&#8220;Cabin_local|||on|||||&#8220; title_text_align=&#8220;center&#8220; title_font_size=&#8220;18px&#8220; title_letter_spacing=&#8220;2px&#8220; title_line_height=&#8220;1.2em&#8220; closed_title_font=&#8220;Cabin_local||||||||&#8220; closed_title_text_align=&#8220;center&#8220; body_font=&#8220;Varela_local||||||||&#8220; body_text_align=&#8220;left&#8220; body_text_color=&#8220;#686053&#8243; body_font_size=&#8220;16px&#8220; body_quote_border_weight=&#8220;2px&#8220; body_quote_border_color=&#8220;#006440&#8243; body_quote_font=&#8220;||on||||||&#8220; body_quote_text_color=&#8220;#006440&#8243; width=&#8220;80%&#8220; width_tablet=&#8220;80%&#8220; width_phone=&#8220;97%&#8220; width_last_edited=&#8220;on|phone&#8220; module_alignment=&#8220;center&#8220; custom_padding=&#8220;15px|30px|15px|30px|true|true&#8220; title_font_size_tablet=&#8220;18px&#8220; title_font_size_phone=&#8220;16px&#8220; title_font_size_last_edited=&#8220;on|phone&#8220; closed_title_font_size_tablet=&#8220;&#8220; closed_title_font_size_phone=&#8220;14px&#8220; closed_title_font_size_last_edited=&#8220;on|phone&#8220; border_radii=&#8220;on|15px|15px|15px|15px&#8220; border_width_all=&#8220;0px&#8220; global_colors_info=&#8220;{}&#8220;]<\/p>\n<p><strong>Hofladen Austermann<\/strong> &#8211; Gurken aus dem M\u00fcnsterland. Aus garantiert kontrollierten und zertifizierten biologischen Anbau.<\/p>\n<p><strong>Hofk\u00e4serei Wellie<\/strong> &#8211; K\u00e4sespezialit\u00e4ten aus Fr\u00f6ndenberg<\/p>\n<p>Aus tagfrischer Milch mit nat\u00fcrlichem Fettgehalt von eigenen K\u00fchen hergestellt.<\/p>\n<p><strong>Gefl\u00fcgelhof Ostermann<\/strong> &#8211; Eier aus dem Ruhrtal<\/p>\n<p>Gesund und lecker. T\u00e4glich frisch. Seit \u00fcber 250 Jahren ein b\u00e4uerlicher Familienbetrieb.<\/p>\n<p><strong>Schwerter Senfm\u00fchle<\/strong> &#8211; Der gute Schwerter Senf<\/p>\n<p>Die Schwerter Senfm\u00fchle ist ein kleiner, alt eingesessener Familienbetrieb in Schwerte, von dem wir \u201eden guten Schwerter Senf\u201c nach Familienrezept anbieten.<\/p>\n<p><strong>Gefl\u00fcgelhof Zur Nieden<\/strong> &#8211; H\u00e4hnchen, G\u00e4nse und Enten<\/p>\n<p>Das Gefl\u00fcgel des H\u00e4hnchenhofes schmeckt erstklassig, weil das Tierwohl im Tageslichtstall und auf den Wiesen an erster Stelle steht.<\/p>\n<p><strong>Berres Nudeln<\/strong> &#8211; Herstellung nach bew\u00e4hrtem Hausrezept<\/p>\n<p>T\u00e4glich frisch aufgeschlagene Eier direkt aus landwirtschaftlicher H\u00fchnerhaltung und reiner Hartweizengrie\u00df garantieren erstklassige Nudelqualit\u00e4t.<\/p>\n<p><strong>Fischhof Baum\u00fcller<\/strong> &#8211; Speisefischen mit gleichbleibender Frische und Qualit\u00e4t.<\/p>\n<p>Geboten wird eine vielf\u00e4ltige Palette von Frisch- und R\u00e4ucherfisch, angefangen bei der fangfrischen Forelle, diversen \u00fcber Buchenholz ger\u00e4ucherten Fischspezialit\u00e4ten bis hin zum ausgefallenen Meeresfisch.<\/p>\n<p><strong>Heitmanns Eierlik\u00f6r<\/strong> &#8211; Lik\u00f6rspezialit\u00e4ten nach altem Hausrezept<\/p>\n<p>Seit 20 Jahren hat sich der Hof Heitmann auf die Herstellung von Eierlik\u00f6r spezialisiert. Dem typischen Geschmack der Lik\u00f6re werden je nach Typ ganz bestimmte nat\u00fcrliche Zutaten beigegeben.<\/p>\n<p><strong>LIGA L\u00fcnen<\/strong> &#8211; LIGA steht f\u00fcr L\u00fcner Initiative gegen Globale Armut<\/p>\n<p>LIGA ist ein entwicklungspolitisches Netzwerk von ca. 40 Organisationen und Initiativen aus L\u00fcnen, denen die Lebensbedingungen von armen Menschen in Entwicklungsl\u00e4ndern nicht gleichg\u00fcltig sind: Kirchlichen Gruppen, Gewerkschaften, Frauen, Verbraucherzentrale, Schulen, st\u00e4dtische Einrichtungen und Menschenrechtsorganisationen.<\/p>\n<p><strong>GEPA <\/strong>&#8211; Die GEPA engagiert sich seit \u00fcber 35 Jahren f\u00fcr den Fairen Handel.<\/p>\n<p>Weltweit arbeiten Fair Handelsorganisationen und Netzwerke des Fairen Handels erfolgreich zusammen an einem Projekt, das St\u00fcck f\u00fcr St\u00fcck f\u00fcr mehr Gerechtigkeit in der Weltwirtschaft sorgen soll. Verbindliche und zuverl\u00e4ssige Handelsbeziehungen mit Produzentengruppen und verantwortungsbewussten Unternehmen im S\u00fcden sind die Grundlage f\u00fcr eine Partnerschaft, die f\u00fcr alle Beteiligten das Beste bringt.<\/p>\n<p><strong>Hohoffs-Augenlust &amp; Tafelfreuden<\/strong><\/p>\n<blockquote>\n<p>\u201eWir w\u00e4ren nicht HOHOFFS, wenn die Tradition nicht auf die Moderne treffen w\u00fcrde.\u201c<\/p>\n<\/blockquote>\n<p><a href=\"http:\/\/www.hohoffs.de\">www.hohoffs.de<\/a><\/p>\n<p><strong>Sch\u00fcrener Backparadies<\/strong><\/p>\n<blockquote>\n<p>\u201eUnsere besondere St\u00e4rke liegt in der gro\u00dfen Vielfalt an individuellen Produkten die man so nicht bei jedem B\u00e4cker findet\u201c<\/p>\n<\/blockquote>\n<p><a href=\"http:\/\/www.schuerener-backparadies.de\">www.schuerener-backparadies.de<\/a><\/p>\n<p><strong>AL Kaffer\u00f6sterei &#8211; <\/strong>Fairer Kaffee -regional ger\u00f6stet<br \/><a href=\"http:\/\/www.al-kaffeeroesterei.de\">www.al-kaffeeroesterei.de<\/a><\/p>\n<p><strong>Chiron-Naturdelikatessen<\/strong><br \/><a href=\"http:\/\/www.naturdelikatessen.de\">www.naturdelikatessen.de<\/a><\/p>\n<p><strong>Kornbrennerei Dinsing aus Dortmund<\/strong><br \/>Seit Generationen \u00fcberlieferte Rezepturen und hohes handwerkliches K\u00f6nnen der Brenner machen die Br\u00e4nde und Lik\u00f6re von Dinsing zu einer bekannten regionalen Spezialit\u00e4t \u2013 beliebt bei Privat- und Gastronomiekunden.<br \/><a href=\"http:\/\/www.kornbrennerei-dinsing.de\/\">http:\/\/www.kornbrennerei-dinsing.de\/<\/a><\/p>\n<p><strong>Weingut Andreas Erz<\/strong><br \/><strong>Moselwein \u2013 direkt vom Winzer<\/strong><\/p>\n<p>Im Wein- und Ferienort Brauneberg an der Mittelmosel finden Sie das Weingut und G\u00e4stehaus Erz, das Zuhause der Winzerfamilie Erz.<br \/><a href=\"https:\/\/weingut-erz.de\/\">https:\/\/weingut-erz.de\/<\/a><\/p>\n<p><strong>Ziegenk\u00e4se Andres<\/strong><br \/><a href=\"http:\/\/www.ziegenkaese-welt.de\/\">http:\/\/www.ziegenkaese-welt.de\/<\/a><\/p>\n<p><strong>Milchbauer Matthias<\/strong><br \/>Unsere Milch ist ein Naturprodukt. Probieren Sie unsere beste und leckerste Milch und genie\u00dfen Sie den besonderen Geschmack.<br \/><a href=\"http:\/\/www.milchbauer-matthias.de\">www.milchbauer-matthias.de<\/a><\/p>\n<p><strong>Sch\u00f6negger K\u00e4se Alm<\/strong><br \/>Besondere K\u00e4sespezialit\u00e4ten aus 100% Bergbauern-Heumilch<br \/><a href=\"https:\/\/www.schoenegger.com\/\">https:\/\/www.schoenegger.com\/<\/a><\/p>\n<p><strong>Ketchup\u00a0 zum heiligen Stein<\/strong><br \/><a href=\"http:\/\/www.zum-heiligen-stein.de\">www.zum-heiligen-stein.de<\/a><\/p>\n<p><strong>Milkes Fruchts\u00e4fte &#8211;\u00a0<\/strong>So und nicht anders sollte guter Saft sein.<\/p>\n<p>Wir sind ein junges aber traditionsbewusstes Unternehmen, dass es sich zur Aufgabe gemacht hat hervorragende Fruchtsaftprodukte herzustellen.<br \/><a href=\"https:\/\/milkes.de\/\">https:\/\/milkes.de\/<\/a><\/p>\n<p><strong>Kr\u00e4utergott &#8211; <\/strong>Auf der Suche nach intensivem Geschmack?<\/p>\n<p>Mit unseren Kr\u00e4utersalzen, Kr\u00e4utermischungen und Kr\u00e4uter\u00f6len bekommst du genau das!<br \/><a href=\"https:\/\/www.kraeutergott.de\/\">https:\/\/www.kraeutergott.de\/<\/a><\/p>\n<p><strong>ASAL<\/strong> &#8211; Genuss f\u00fcr alle Bed\u00fcrfnisse<\/p>\n<p>Unser Ziel ist es, dir das Leben zu erleichtern und dir besten Geschmack zu bieten \u2013 ganz gleich, ob du spezielle Unvertr\u00e4glichkeiten hast oder einfach auf eine gesunde Ern\u00e4hrung achtest.<br \/><a href=\"https:\/\/www.asal-nahrungsmittel.de\/\">https:\/\/www.asal-nahrungsmittel.de\/<\/a><\/p>\n<p><strong>Compass Grillsauce<\/strong><br \/>\u2026natu\u0308rlich ohne Geschmacksverst\u00e4rker, ku\u0308nstliche Farbstoffe oder Konservierungsmittel. Dafu\u0308r frische Produkte wie Tomaten, Paprika, Ananas, Zwiebeln, Knoblauch, Basilikum\u2026<br \/><a href=\"https:\/\/genuss-kiste.de\/compass-grillsaucen\/\">https:\/\/genuss-kiste.de\/compass-grillsaucen\/<\/a><\/p>\n<p><strong>Hartmann \u00d6le<\/strong><br \/>Speise\u00f6le aus Bayern: nachhaltig produziert, von h\u00f6chster Qualit\u00e4t<br \/><a href=\"https:\/\/oelmuehle-hartmann.de\/\">https:\/\/oelmuehle-hartmann.de\/<\/a><\/p>\n<p><strong>Obsthof Haar<\/strong><br \/><a href=\"http:\/\/www.haar-obstvertrieb.de\">http:\/\/www.haar-obstvertrieb.de<\/a><\/p>\n<p><strong>B\u00fcffelhof Kragemann<\/strong><br \/><a href=\"http:\/\/www.bueffelhof-kragemann.de\">www.bueffelhof-kragemann.de<\/a><\/p>\n<p><strong>KohlecraftBr\u00e4u<\/strong> -Bier aus L\u00fcnen, f\u00fcr die Region und f\u00fcr alle anderen!<br \/><a href=\"http:\/\/www.kohlecraftbraeu.de\">www.kohlecraftbraeu.de<\/a><\/p>\n<p><strong>Albknoblauch<\/strong><br \/>Wir pflanzen auf unseren \u00c4ckern auf der Schw\u00e4bischen Alb viele Knoblauchsorten biologisch an. In der hofeigenen Manufaktur entwickeln und stellen wir verschiedene Knoblauchspezialit\u00e4ten her.<br \/><a href=\"https:\/\/albknoblauch.de\/\">https:\/\/albknoblauch.de\/<\/a><\/p>\n<p><strong>Hof Gremme &#8211; <\/strong>Freiland Eier<strong><br \/><\/strong><a href=\"https:\/\/www.instagram.com\/_hof_gremme_\/\">https:\/\/www.instagram.com\/_hof_gremme_\/<\/a><\/p>\n<p><strong>Manss Gem\u00fcse &#8211;\u00a0<\/strong>Frisches Gem\u00fcse und ausgew\u00e4hlte Feinkost<br \/><a href=\"https:\/\/www.manss-foodservice.de\/\">https:\/\/www.manss-foodservice.de\/<\/a><strong><\/strong><\/p>\n<p><strong style=\"font-size: 16px;\">Amorella Kirsch<\/strong><\/p>\n<p>Unsere Kirschg\u00e4rten werden nach den umweltschonenden Methoden des integriert-kontrollierten Obstanbaus gepflegt. Erst nach der vollen Reife erfolgt das Pfl\u00fccken von Hand, dies garantiert h\u00f6chste Qualit\u00e4t f\u00fcr die weitere Verarbeitung und ist eine wichtige Voraussetzung f\u00fcr das hervorragende Kirscharoma unserer Produkte.<br \/><a href=\"https:\/\/www.chausseehaus.de\/start\">https:\/\/www.chausseehaus.de\/start<\/a><strong><\/strong><\/p>\n<p><strong> <\/strong><\/p>\n<p><strong>Honig aus L\u00fcnen<br \/><\/strong><a href=\"https:\/\/honig-mueller.de\/\">https:\/\/honig-mueller.de\/<\/a><strong><\/strong><strong> <\/strong><\/p>\n<p><strong><\/strong><\/p>\n<p><strong>Nienaber Zuckerr\u00fcbensirup &#8211;\u00a0<\/strong>einem der wenigen traditionellen Zuckerr\u00fcbensirup-Produzenten Deutschlands.<\/p>\n<p>Hier wird nach altem Verfahren leckeres Zuckerr\u00fcbensirup, regional auch R\u00fcbenkraut oder Peckeleck genannt, f\u00fcr unsere stetig wachsende Kundschaft gekocht.<br \/><a href=\"https:\/\/www.netkraut.de\/\">https:\/\/www.netkraut.de\/<\/a><strong><\/strong><\/p>\n<p><strong> <\/strong><\/p>\n<p><strong><\/strong><\/p>\n<p><strong><\/strong><\/p>\n<p>&nbsp;<\/p>\n<p>[\/et_pb_toggle][et_pb_text quote_border_color=&#8220;gcid-secondary-color&#8220; _builder_version=&#8220;4.27.0&#8243; _module_preset=&#8220;default&#8220; text_font=&#8220;ptserif-bold_local|&#8211;et_global_body_font_weight|||||||&#8220; text_text_color=&#8220;#BE9E66&#8243; text_font_size=&#8220;16px&#8220; text_line_height=&#8220;1.75em&#8220; link_font=&#8220;|&#8211;et_global_body_font_weight|||||||&#8220; link_text_color=&#8220;#FFFFFF&#8220; quote_font=&#8220;&#8211;et_global_heading_font|&#8211;et_global_heading_font_weight|||||||&#8220; quote_text_color=&#8220;#FFFFFF&#8220; header_font=&#8220;&#8211;et_global_heading_font|&#8211;et_global_heading_font_weight|||||||&#8220; header_text_color=&#8220;gcid-heading-color&#8220; header_font_size=&#8220;72px&#8220; header_line_height=&#8220;1.15em&#8220; header_2_font=&#8220;&#8211;et_global_heading_font|&#8211;et_global_heading_font_weight|||||||&#8220; header_2_text_color=&#8220;gcid-heading-color&#8220; header_2_font_size=&#8220;50px&#8220; header_2_line_height=&#8220;1.2em&#8220; header_3_font=&#8220;&#8211;et_global_heading_font|&#8211;et_global_heading_font_weight|||||||&#8220; header_3_text_color=&#8220;gcid-heading-color&#8220; header_3_font_size=&#8220;32px&#8220; header_3_line_height=&#8220;1.3em&#8220; header_4_font=&#8220;||||||||&#8220; header_4_text_align=&#8220;center&#8220; header_4_text_color=&#8220;#FFFFFF&#8220; header_4_font_size=&#8220;20px&#8220; header_4_line_height=&#8220;1.2em&#8220; header_5_font=&#8220;&#8211;et_global_heading_font|&#8211;et_global_heading_font_weight|||||||&#8220; header_5_text_color=&#8220;gcid-heading-color&#8220; header_5_font_size=&#8220;18px&#8220; header_5_line_height=&#8220;1.4em&#8220; header_6_font=&#8220;&#8211;et_global_heading_font|&#8211;et_global_heading_font_weight|||||||&#8220; header_6_text_color=&#8220;gcid-heading-color&#8220; header_6_line_height=&#8220;1.5em&#8220; text_orientation=&#8220;center&#8220; width=&#8220;100%&#8220; module_alignment=&#8220;center&#8220; custom_margin=&#8220;0px||0px||false|false&#8220; custom_padding=&#8220;19px|17px|11px|17px|false|true&#8220; text_font_size_tablet=&#8220;15px&#8220; text_font_size_phone=&#8220;14px&#8220; text_font_size_last_edited=&#8220;on|phone&#8220; header_font_size_tablet=&#8220;40px&#8220; header_font_size_phone=&#8220;24px&#8220; header_font_size_last_edited=&#8220;on|desktop&#8220; header_2_font_size_tablet=&#8220;28px&#8220; header_2_font_size_phone=&#8220;20px&#8220; header_2_font_size_last_edited=&#8220;on|phone&#8220; header_3_font_size_tablet=&#8220;22px&#8220; header_3_font_size_phone=&#8220;17px&#8220; header_3_font_size_last_edited=&#8220;on|phone&#8220; header_4_font_size_tablet=&#8220;18px&#8220; header_4_font_size_phone=&#8220;15px&#8220; header_4_font_size_last_edited=&#8220;on|tablet&#8220; header_5_font_size_tablet=&#8220;15px&#8220; header_5_font_size_phone=&#8220;14px&#8220; header_5_font_size_last_edited=&#8220;on|desktop&#8220; header_6_font_size_tablet=&#8220;13px&#8220; header_6_font_size_phone=&#8220;13px&#8220; header_6_font_size_last_edited=&#8220;on|desktop&#8220; locked=&#8220;off&#8220; global_colors_info=&#8220;{%22gcid-primary-color%22:%91%22link_text_color%22%93,%22gcid-heading-color%22:%91%22header_text_color%22,%22header_4_text_color%22,%22header_3_text_color%22,%22header_2_text_color%22,%22header_5_text_color%22,%22header_6_text_color%22,%22quote_text_color%22%93,%22gcid-secondary-color%22:%91%22quote_border_color%22%93}&#8220; header_4_text_color__hover=&#8220;#fa9928&#8243; header_4_text_color__hover_enabled=&#8220;on|desktop&#8220;]<\/p>\n<p>\u201eIch betreibe mit Leidenschaft unseren Hofladen, weil mir der Erhalt unserer sch\u00f6nen Bauernh\u00f6fe wichtig ist. Unser Betrieb verkn\u00fcpft Historie mit Blick auf das Wohl der Tiere. Mir liegt es am Herzen, dass wir durch unseren Hofladen andere landwirtschaftliche Betriebe und Manufakturen unterst\u00fctzen und der Lebensmittelindustrie etwas entgegensetzen k\u00f6nnen.\u201c<br \/>Herzlichst \u2013 Sabine Goertz<\/p>\n<p>[\/et_pb_text][\/et_pb_column][\/et_pb_row][et_pb_row _builder_version=&#8220;4.27.0&#8243; _module_preset=&#8220;default&#8220; custom_padding=&#8220;||4px|||&#8220; global_colors_info=&#8220;{}&#8220;][et_pb_column type=&#8220;4_4&#8243; _builder_version=&#8220;4.27.0&#8243; _module_preset=&#8220;default&#8220; global_colors_info=&#8220;{}&#8220;][et_pb_text _builder_version=&#8220;4.27.3&#8243; _module_preset=&#8220;694be44c-7a73-41b0-ba56-34d8cfef77f5&#8243; header_2_font=&#8220;josefin_sans_local|700||on|||||&#8220; locked=&#8220;off&#8220; global_colors_info=&#8220;{%22gcid-primary-color%22:%91%22link_text_color%22,%22link_text_color%22%93,%22gcid-heading-color%22:%91%22header_text_color%22,%22header_4_text_color%22,%22header_3_text_color%22,%22header_5_text_color%22,%22header_6_text_color%22,%22quote_text_color%22,%22header_text_color%22,%22header_4_text_color%22,%22header_3_text_color%22,%22header_5_text_color%22,%22header_6_text_color%22,%22quote_text_color%22%93,%22gcid-body-color%22:%91%22text_text_color%22,%22text_text_color%22%93,%22gcid-secondary-color%22:%91%22quote_border_color%22,%22quote_border_color%22%93}&#8220;]<\/p>\n<h2>Unser freundliches Team<\/h2>\n<p>[\/et_pb_text][et_pb_text quote_border_color=&#8220;gcid-secondary-color&#8220; _builder_version=&#8220;4.27.3&#8243; _module_preset=&#8220;default&#8220; text_font=&#8220;Varela_local|&#8211;et_global_body_font_weight|||||||&#8220; text_text_color=&#8220;#575656&#8243; text_font_size=&#8220;18px&#8220; text_line_height=&#8220;1.75em&#8220; link_font=&#8220;|&#8211;et_global_body_font_weight|||on||||&#8220; link_text_color=&#8220;#006440&#8243; quote_font=&#8220;&#8211;et_global_heading_font|&#8211;et_global_heading_font_weight|||||||&#8220; quote_text_color=&#8220;#FFFFFF&#8220; header_font=&#8220;&#8211;et_global_heading_font|&#8211;et_global_heading_font_weight|||||||&#8220; header_text_color=&#8220;gcid-heading-color&#8220; header_font_size=&#8220;72px&#8220; header_line_height=&#8220;1.15em&#8220; header_2_font=&#8220;&#8211;et_global_heading_font|&#8211;et_global_heading_font_weight|||||||&#8220; header_2_text_color=&#8220;gcid-heading-color&#8220; header_2_font_size=&#8220;50px&#8220; header_2_line_height=&#8220;1.2em&#8220; header_3_font=&#8220;ptserif-bold_local|&#8211;et_global_heading_font_weight|||||||&#8220; header_3_text_color=&#8220;#006440&#8243; header_3_font_size=&#8220;30px&#8220; header_3_line_height=&#8220;1.3em&#8220; header_4_font=&#8220;||||||||&#8220; header_4_text_align=&#8220;center&#8220; header_4_text_color=&#8220;#FFFFFF&#8220; header_4_font_size=&#8220;20px&#8220; header_4_line_height=&#8220;1.2em&#8220; header_5_font=&#8220;&#8211;et_global_heading_font|&#8211;et_global_heading_font_weight|||||||&#8220; header_5_text_color=&#8220;gcid-heading-color&#8220; header_5_font_size=&#8220;18px&#8220; header_5_line_height=&#8220;1.4em&#8220; header_6_font=&#8220;&#8211;et_global_heading_font|&#8211;et_global_heading_font_weight|||||||&#8220; header_6_text_color=&#8220;gcid-heading-color&#8220; header_6_line_height=&#8220;1.5em&#8220; text_orientation=&#8220;center&#8220; width=&#8220;70%&#8220; width_tablet=&#8220;70%&#8220; width_phone=&#8220;95%&#8220; width_last_edited=&#8220;on|phone&#8220; module_alignment=&#8220;center&#8220; custom_margin=&#8220;0px||0px||false|false&#8220; custom_padding=&#8220;19px|17px|11px|17px|false|true&#8220; text_font_size_tablet=&#8220;15px&#8220; text_font_size_phone=&#8220;14px&#8220; text_font_size_last_edited=&#8220;on|phone&#8220; header_font_size_tablet=&#8220;40px&#8220; header_font_size_phone=&#8220;24px&#8220; header_font_size_last_edited=&#8220;on|desktop&#8220; header_2_font_size_tablet=&#8220;28px&#8220; header_2_font_size_phone=&#8220;20px&#8220; header_2_font_size_last_edited=&#8220;on|phone&#8220; header_3_font_size_tablet=&#8220;22px&#8220; header_3_font_size_phone=&#8220;17px&#8220; header_3_font_size_last_edited=&#8220;on|phone&#8220; header_4_font_size_tablet=&#8220;18px&#8220; header_4_font_size_phone=&#8220;15px&#8220; header_4_font_size_last_edited=&#8220;on|tablet&#8220; header_5_font_size_tablet=&#8220;15px&#8220; header_5_font_size_phone=&#8220;14px&#8220; header_5_font_size_last_edited=&#8220;on|desktop&#8220; header_6_font_size_tablet=&#8220;13px&#8220; header_6_font_size_phone=&#8220;13px&#8220; header_6_font_size_last_edited=&#8220;on|desktop&#8220; locked=&#8220;off&#8220; global_colors_info=&#8220;{%22gcid-heading-color%22:%91%22header_text_color%22,%22header_4_text_color%22,%22header_2_text_color%22,%22header_5_text_color%22,%22header_6_text_color%22,%22quote_text_color%22%93,%22gcid-secondary-color%22:%91%22quote_border_color%22%93}&#8220; header_4_text_color__hover=&#8220;#fa9928&#8243; header_4_text_color__hover_enabled=&#8220;on|desktop&#8220;]<\/p>\n<p>Unsere treuen und langj\u00e4hrigen Mitarbeiterinnen erm\u00f6glichen alles, damit die Kunden bekommen was sie sich w\u00fcnschen.<\/p>\n<p>&nbsp;<\/p>\n<h3>Vorbestellungen: Per Telefon: 02306 24357<span> oder per E-Mail <\/span><a href=\"mailto:hofladen@gahmener-hof.de\" title=\"hofladen@gahmener-hof.de\">hofladen@gahmener-hof.de<\/a><\/h3>\n<p>[\/et_pb_text][\/et_pb_column][\/et_pb_row][\/et_pb_section][et_pb_section fb_built=&#8220;1&#8243; _builder_version=&#8220;4.27.0&#8243; _module_preset=&#8220;default&#8220; background_color=&#8220;#F9F2E4&#8243; custom_padding=&#8220;13px|||||&#8220; global_colors_info=&#8220;{}&#8220;][et_pb_row column_structure=&#8220;1_3,1_3,1_3&#8243; use_custom_gutter=&#8220;on&#8220; gutter_width=&#8220;2&#8243; make_equal=&#8220;on&#8220; _builder_version=&#8220;4.27.0&#8243; _module_preset=&#8220;default&#8220; global_colors_info=&#8220;{}&#8220;][et_pb_column type=&#8220;1_3&#8243; _builder_version=&#8220;4.27.0&#8243; _module_preset=&#8220;default&#8220; background_color=&#8220;#BE9E66&#8243; border_radii=&#8220;on|15px|15px|15px|15px&#8220; global_colors_info=&#8220;{}&#8220;][et_pb_image src=&#8220;https:\/\/irene-wolk.de\/gahmener-hof\/wp-content\/uploads\/sites\/13\/2024\/10\/Anna-Miller.jpg&#8220; title_text=&#8220;Anna Miller&#8220; force_fullwidth=&#8220;on&#8220; _builder_version=&#8220;4.27.3&#8243; _module_preset=&#8220;default&#8220; global_colors_info=&#8220;{}&#8220;][\/et_pb_image][et_pb_text _builder_version=&#8220;4.27.3&#8243; _module_preset=&#8220;default&#8220; text_font=&#8220;pt-serif-local||||||||&#8220; text_text_color=&#8220;#006440&#8243; text_font_size=&#8220;18px&#8220; header_3_font=&#8220;ptserif-bold_local||||||||&#8220; header_3_text_color=&#8220;#006440&#8243; header_3_font_size=&#8220;23px&#8220; custom_margin=&#8220;||0px||false|false&#8220; custom_padding=&#8220;25px|40px|25px|40px|true|true&#8220; global_colors_info=&#8220;{}&#8220;]<\/p>\n<h3>Anna Miller:<\/h3>\n<p>K\u00f6chin und Verk\u00e4uferin<br \/>seit 2021 dabei<\/p>\n<p>[\/et_pb_text][et_pb_text _builder_version=&#8220;4.27.0&#8243; _module_preset=&#8220;default&#8220; text_font=&#8220;ptserif-bold_local||||||||&#8220; text_text_color=&#8220;#FFFFFF&#8220; text_font_size=&#8220;18px&#8220; text_line_height=&#8220;1.6em&#8220; custom_padding=&#8220;25px|40px|40px|40px|false|true&#8220; global_colors_info=&#8220;{}&#8220;]<\/p>\n<p>\u201eIch arbeite gerne auf dem Gahmener Hof wegen der famili\u00e4ren Atmosph\u00e4re und es freut mich wenn die Kunden mit unseren Produkten zufrieden sind.\u201c<\/p>\n<p>[\/et_pb_text][\/et_pb_column][et_pb_column type=&#8220;1_3&#8243; _builder_version=&#8220;4.27.0&#8243; _module_preset=&#8220;default&#8220; background_color=&#8220;#BE9E66&#8243; border_radii=&#8220;on|15px|15px|15px|15px&#8220; global_colors_info=&#8220;{}&#8220;][et_pb_image src=&#8220;https:\/\/irene-wolk.de\/gahmener-hof\/wp-content\/uploads\/sites\/13\/2024\/10\/Bianka-Naegeler.jpg&#8220; title_text=&#8220;Bianka Naegeler&#8220; force_fullwidth=&#8220;on&#8220; _builder_version=&#8220;4.27.3&#8243; _module_preset=&#8220;default&#8220; global_colors_info=&#8220;{}&#8220;][\/et_pb_image][et_pb_text _builder_version=&#8220;4.27.3&#8243; _module_preset=&#8220;default&#8220; text_font=&#8220;pt-serif-local||||||||&#8220; text_text_color=&#8220;#006440&#8243; text_font_size=&#8220;18px&#8220; header_3_font=&#8220;ptserif-bold_local||||||||&#8220; header_3_text_color=&#8220;#006440&#8243; header_3_font_size=&#8220;23px&#8220; custom_margin=&#8220;||0px||false|false&#8220; custom_padding=&#8220;25px|40px|25px|40px|true|true&#8220; locked=&#8220;off&#8220; global_colors_info=&#8220;{}&#8220;]<\/p>\n<h3>Bianca N\u00e4geler:<\/h3>\n<p>Fleischfachverk\u00e4uferin<br \/>seit 2010 dabei<\/p>\n<p>[\/et_pb_text][et_pb_text _builder_version=&#8220;4.27.0&#8243; _module_preset=&#8220;default&#8220; text_font=&#8220;ptserif-bold_local||||||||&#8220; text_text_color=&#8220;#FFFFFF&#8220; text_font_size=&#8220;18px&#8220; text_line_height=&#8220;1.6em&#8220; custom_padding=&#8220;25px|40px|40px|40px|false|true&#8220; locked=&#8220;off&#8220; global_colors_info=&#8220;{}&#8220;]<\/p>\n<p>\u201eDer Hofladen ist mir nach den Jahren so ans Herz gewachsen wie eine zweite Familie..\u201c<\/p>\n<p>[\/et_pb_text][\/et_pb_column][et_pb_column type=&#8220;1_3&#8243; _builder_version=&#8220;4.27.0&#8243; _module_preset=&#8220;default&#8220; background_color=&#8220;#BE9E66&#8243; border_radii=&#8220;on|15px|15px|15px|15px&#8220; global_colors_info=&#8220;{}&#8220;][et_pb_image src=&#8220;https:\/\/irene-wolk.de\/gahmener-hof\/wp-content\/uploads\/sites\/13\/2024\/10\/Claudia-Wanata.jpg&#8220; title_text=&#8220;Claudia Wanata&#8220; force_fullwidth=&#8220;on&#8220; _builder_version=&#8220;4.27.3&#8243; _module_preset=&#8220;default&#8220; global_colors_info=&#8220;{}&#8220;][\/et_pb_image][et_pb_text _builder_version=&#8220;4.27.3&#8243; _module_preset=&#8220;default&#8220; text_font=&#8220;pt-serif-local||||||||&#8220; text_text_color=&#8220;#006440&#8243; text_font_size=&#8220;18px&#8220; header_3_font=&#8220;ptserif-bold_local||||||||&#8220; header_3_text_color=&#8220;#006440&#8243; header_3_font_size=&#8220;23px&#8220; custom_margin=&#8220;||0px||false|false&#8220; custom_padding=&#8220;25px|40px|25px|40px|true|true&#8220; locked=&#8220;off&#8220; global_colors_info=&#8220;{}&#8220;]<\/p>\n<h3>Claudia Wanata:<\/h3>\n<p>Fleischfachverk\u00e4uferin<br \/>seit 2023 dabei<\/p>\n<p>[\/et_pb_text][et_pb_text _builder_version=&#8220;4.27.0&#8243; _module_preset=&#8220;default&#8220; text_font=&#8220;ptserif-bold_local||||||||&#8220; text_text_color=&#8220;#FFFFFF&#8220; text_font_size=&#8220;18px&#8220; text_line_height=&#8220;1.6em&#8220; custom_padding=&#8220;25px|40px|40px|40px|false|true&#8220; locked=&#8220;off&#8220; global_colors_info=&#8220;{}&#8220;]<\/p>\n<p>\u201eIch arbeite gerne hier mit einem tollen Team und weil die Kunden in aller Ruhe ohne Stress und Hektik einkaufen k\u00f6nnen.\u201c<\/p>\n<p>[\/et_pb_text][\/et_pb_column][\/et_pb_row][et_pb_row column_structure=&#8220;1_3,1_3,1_3&#8243; use_custom_gutter=&#8220;on&#8220; gutter_width=&#8220;2&#8243; make_equal=&#8220;on&#8220; _builder_version=&#8220;4.27.0&#8243; _module_preset=&#8220;default&#8220; global_colors_info=&#8220;{}&#8220;][et_pb_column type=&#8220;1_3&#8243; _builder_version=&#8220;4.27.0&#8243; _module_preset=&#8220;default&#8220; background_color=&#8220;#BE9E66&#8243; border_radii=&#8220;on|15px|15px|15px|15px&#8220; global_colors_info=&#8220;{}&#8220;][et_pb_image src=&#8220;https:\/\/irene-wolk.de\/gahmener-hof\/wp-content\/uploads\/sites\/13\/2024\/10\/Annette-May.jpg&#8220; title_text=&#8220;Annette May&#8220; force_fullwidth=&#8220;on&#8220; _builder_version=&#8220;4.27.3&#8243; _module_preset=&#8220;default&#8220; global_colors_info=&#8220;{}&#8220;][\/et_pb_image][et_pb_text _builder_version=&#8220;4.27.0&#8243; _module_preset=&#8220;default&#8220; text_font=&#8220;pt-serif-local||||||||&#8220; text_text_color=&#8220;#006440&#8243; text_font_size=&#8220;18px&#8220; header_3_font=&#8220;ptserif-bold_local||||||||&#8220; header_3_text_color=&#8220;#006440&#8243; header_3_font_size=&#8220;23px&#8220; custom_margin=&#8220;||0px||false|false&#8220; custom_padding=&#8220;25px|40px|25px|40px|true|true&#8220; global_colors_info=&#8220;{}&#8220;]<\/p>\n<h3>Annette Mey:<\/h3>\n<p>Gute Ladenfee<br \/>seit 2015 dabei<\/p>\n<p>[\/et_pb_text][et_pb_text _builder_version=&#8220;4.27.0&#8243; _module_preset=&#8220;default&#8220; text_font=&#8220;ptserif-bold_local||||||||&#8220; text_text_color=&#8220;#FFFFFF&#8220; text_font_size=&#8220;18px&#8220; text_line_height=&#8220;1.6em&#8220; custom_padding=&#8220;25px|40px|40px|40px|false|true&#8220; global_colors_info=&#8220;{}&#8220;]\u201eIch arbeite gerne auf dem Gahmener Hof, weil gute Qualit\u00e4t unser Ma\u00dfstab ist.\u201c[\/et_pb_text][\/et_pb_column][et_pb_column type=&#8220;1_3&#8243; _builder_version=&#8220;4.27.0&#8243; _module_preset=&#8220;default&#8220; background_color=&#8220;#BE9E66&#8243; border_radii=&#8220;on|15px|15px|15px|15px&#8220; global_colors_info=&#8220;{}&#8220;][et_pb_image src=&#8220;https:\/\/irene-wolk.de\/gahmener-hof\/wp-content\/uploads\/sites\/13\/2024\/10\/Gudrun-Kiesewetter.jpg&#8220; title_text=&#8220;Gudrun Kiesewetter&#8220; force_fullwidth=&#8220;on&#8220; _builder_version=&#8220;4.27.3&#8243; _module_preset=&#8220;default&#8220; global_colors_info=&#8220;{}&#8220;][\/et_pb_image][et_pb_text _builder_version=&#8220;4.27.0&#8243; _module_preset=&#8220;default&#8220; text_font=&#8220;pt-serif-local||||||||&#8220; text_text_color=&#8220;#006440&#8243; text_font_size=&#8220;18px&#8220; header_3_font=&#8220;ptserif-bold_local||||||||&#8220; header_3_text_color=&#8220;#006440&#8243; header_3_font_size=&#8220;23px&#8220; custom_margin=&#8220;||0px||false|false&#8220; custom_padding=&#8220;25px|40px|25px|40px|true|true&#8220; locked=&#8220;off&#8220; global_colors_info=&#8220;{}&#8220;]<\/p>\n<h3>Gudrun Kiesewetter:<\/h3>\n<p>Fleischfachverk\u00e4uferin<br \/>\nseit 2021 dabei[\/et_pb_text][et_pb_text _builder_version=&#8220;4.27.2&#8243; _module_preset=&#8220;default&#8220; text_font=&#8220;ptserif-bold_local||||||||&#8220; text_text_color=&#8220;#FFFFFF&#8220; text_font_size=&#8220;18px&#8220; text_line_height=&#8220;1.6em&#8220; custom_padding=&#8220;25px|40px|40px|40px|false|true&#8220; locked=&#8220;off&#8220; global_colors_info=&#8220;{}&#8220;]<\/p>\n<p>\u201eWeil ich meine Kreativit\u00e4t bei der Zubereitung von Grillspezialit\u00e4ten und leckeren belegten Br\u00f6tchen und Schnitten ausleben darf.\u201c<\/p>\n<p>[\/et_pb_text][\/et_pb_column][et_pb_column type=&#8220;1_3&#8243; _builder_version=&#8220;4.27.0&#8243; _module_preset=&#8220;default&#8220; background_color=&#8220;#BE9E66&#8243; border_radii=&#8220;on|15px|15px|15px|15px&#8220; global_colors_info=&#8220;{}&#8220;][et_pb_image src=&#8220;https:\/\/irene-wolk.de\/gahmener-hof\/wp-content\/uploads\/sites\/13\/2024\/10\/Jeanette-Tholl.jpg&#8220; title_text=&#8220;Jeanette Tholl&#8220; force_fullwidth=&#8220;on&#8220; _builder_version=&#8220;4.27.3&#8243; _module_preset=&#8220;default&#8220; global_colors_info=&#8220;{}&#8220;][\/et_pb_image][et_pb_text _builder_version=&#8220;4.27.2&#8243; _module_preset=&#8220;default&#8220; text_font=&#8220;pt-serif-local||||||||&#8220; text_text_color=&#8220;#006440&#8243; text_font_size=&#8220;18px&#8220; header_3_font=&#8220;ptserif-bold_local||||||||&#8220; header_3_text_color=&#8220;#006440&#8243; header_3_font_size=&#8220;23px&#8220; custom_margin=&#8220;||0px||false|false&#8220; custom_padding=&#8220;25px|40px|25px|40px|true|true&#8220; locked=&#8220;off&#8220; global_colors_info=&#8220;{}&#8220;]<\/p>\n<h3>Jeanette Tholl:<\/h3>\n<p>Fleischfachverk\u00e4uferin<br \/>seit 2023 dabei<\/p>\n<p>[\/et_pb_text][et_pb_text _builder_version=&#8220;4.27.0&#8243; _module_preset=&#8220;default&#8220; text_font=&#8220;ptserif-bold_local||||||||&#8220; text_text_color=&#8220;#FFFFFF&#8220; text_font_size=&#8220;18px&#8220; text_line_height=&#8220;1.6em&#8220; custom_padding=&#8220;25px|40px|40px|40px|false|true&#8220; locked=&#8220;off&#8220; global_colors_info=&#8220;{}&#8220;]<\/p>\n<p>\u201eIch arbeite gerne auf dem Gahmener Hof, weil es so ein tolles Betriebsklima ist.\u201c<\/p>\n<p>[\/et_pb_text][\/et_pb_column][\/et_pb_row][et_pb_row column_structure=&#8220;1_3,1_3,1_3&#8243; use_custom_gutter=&#8220;on&#8220; gutter_width=&#8220;2&#8243; make_equal=&#8220;on&#8220; _builder_version=&#8220;4.27.0&#8243; _module_preset=&#8220;default&#8220; global_colors_info=&#8220;{}&#8220;][et_pb_column type=&#8220;1_3&#8243; _builder_version=&#8220;4.27.0&#8243; _module_preset=&#8220;default&#8220; background_color=&#8220;#BE9E66&#8243; border_radii=&#8220;on|15px|15px|15px|15px&#8220; global_colors_info=&#8220;{}&#8220;][et_pb_image src=&#8220;https:\/\/irene-wolk.de\/gahmener-hof\/wp-content\/uploads\/sites\/13\/2024\/10\/Sabine-Mewes-Hoeppner.jpg&#8220; title_text=&#8220;Sabine Mewes Hoeppner&#8220; force_fullwidth=&#8220;on&#8220; _builder_version=&#8220;4.27.3&#8243; _module_preset=&#8220;default&#8220; global_colors_info=&#8220;{}&#8220;][\/et_pb_image][et_pb_text _builder_version=&#8220;4.27.0&#8243; _module_preset=&#8220;default&#8220; text_font=&#8220;pt-serif-local||||||||&#8220; text_text_color=&#8220;#006440&#8243; text_font_size=&#8220;18px&#8220; header_3_font=&#8220;ptserif-bold_local||||||||&#8220; header_3_text_color=&#8220;#006440&#8243; header_3_font_size=&#8220;23px&#8220; custom_margin=&#8220;||0px||false|false&#8220; custom_padding=&#8220;25px|40px|25px|40px|true|true&#8220; global_colors_info=&#8220;{}&#8220;]<\/p>\n<h3>Sabine Mewes-H\u00f6ppner:<\/h3>\n<p>K\u00f6chin und Verk\u00e4uferin<br \/>seit 2002 dabei<\/p>\n<p>[\/et_pb_text][et_pb_text _builder_version=&#8220;4.27.0&#8243; _module_preset=&#8220;default&#8220; text_font=&#8220;ptserif-bold_local||||||||&#8220; text_text_color=&#8220;#FFFFFF&#8220; text_font_size=&#8220;18px&#8220; text_line_height=&#8220;1.6em&#8220; custom_padding=&#8220;25px|40px|40px|40px|false|true&#8220; global_colors_info=&#8220;{}&#8220;]<\/p>\n<p>\u201eIch arbeite gern hier, weil der Hof famili\u00e4r gef\u00fchrt wird und ich den Fortschritt in 22 Jahren hautnah miterleben durfte.\u201c<\/p>\n<p>[\/et_pb_text][\/et_pb_column][et_pb_column type=&#8220;1_3&#8243; _builder_version=&#8220;4.27.0&#8243; _module_preset=&#8220;default&#8220; background_color=&#8220;#BE9E66&#8243; border_radii=&#8220;on|15px|15px|15px|15px&#8220; global_colors_info=&#8220;{}&#8220;][et_pb_image src=&#8220;https:\/\/irene-wolk.de\/gahmener-hof\/wp-content\/uploads\/sites\/13\/2024\/10\/Stefanie-Kalpein.jpg&#8220; title_text=&#8220;Stefanie Kalpein&#8220; force_fullwidth=&#8220;on&#8220; _builder_version=&#8220;4.27.3&#8243; _module_preset=&#8220;default&#8220; global_colors_info=&#8220;{}&#8220;][\/et_pb_image][et_pb_text _builder_version=&#8220;4.27.0&#8243; _module_preset=&#8220;default&#8220; text_font=&#8220;pt-serif-local||||||||&#8220; text_text_color=&#8220;#006440&#8243; text_font_size=&#8220;18px&#8220; header_3_font=&#8220;ptserif-bold_local||||||||&#8220; header_3_text_color=&#8220;#006440&#8243; header_3_font_size=&#8220;23px&#8220; custom_margin=&#8220;||0px||false|false&#8220; custom_padding=&#8220;25px|40px|25px|40px|true|true&#8220; locked=&#8220;off&#8220; global_colors_info=&#8220;{}&#8220;]<\/p>\n<h3>Stefanie Kalpein:<\/h3>\n<p>Fleischfachverk\u00e4uferin<br \/>seit 2010 dabei<\/p>\n<p>[\/et_pb_text][et_pb_text _builder_version=&#8220;4.27.0&#8243; _module_preset=&#8220;default&#8220; text_font=&#8220;ptserif-bold_local||||||||&#8220; text_text_color=&#8220;#FFFFFF&#8220; text_font_size=&#8220;18px&#8220; text_line_height=&#8220;1.6em&#8220; custom_padding=&#8220;25px|40px|40px|40px|false|true&#8220; locked=&#8220;off&#8220; global_colors_info=&#8220;{}&#8220;]<\/p>\n<p>\u201eIch arbeite gerne auf dem Gahmener Hof, weil ich den b\u00e4uerlichen Flair und das famili\u00e4re Ambiente sehr mag.\u201c<\/p>\n<p>[\/et_pb_text][\/et_pb_column][et_pb_column type=&#8220;1_3&#8243; _builder_version=&#8220;4.27.0&#8243; _module_preset=&#8220;default&#8220; background_color=&#8220;#BE9E66&#8243; border_radii=&#8220;on|15px|15px|15px|15px&#8220; global_colors_info=&#8220;{}&#8220;][et_pb_image src=&#8220;https:\/\/irene-wolk.de\/gahmener-hof\/wp-content\/uploads\/sites\/13\/2024\/10\/Lynn-Schroeder.jpg&#8220; title_text=&#8220;Lynn Schroeder&#8220; force_fullwidth=&#8220;on&#8220; _builder_version=&#8220;4.27.3&#8243; _module_preset=&#8220;default&#8220; global_colors_info=&#8220;{}&#8220;][\/et_pb_image][et_pb_text _builder_version=&#8220;4.27.3&#8243; _module_preset=&#8220;default&#8220; text_font=&#8220;pt-serif-local||||||||&#8220; text_text_color=&#8220;#006440&#8243; text_font_size=&#8220;18px&#8220; header_3_font=&#8220;ptserif-bold_local||||||||&#8220; header_3_text_color=&#8220;#006440&#8243; header_3_font_size=&#8220;23px&#8220; custom_margin=&#8220;||0px||false|false&#8220; custom_padding=&#8220;25px|40px|25px|40px|true|true&#8220; locked=&#8220;off&#8220; global_colors_info=&#8220;{}&#8220;]<\/p>\n<h3>Lynn Schroeder:<\/h3>\n<p>(M.Sc.Agrar)\/Fachverk\u00e4uferin<br \/>seit 2023 dabei<\/p>\n<p>[\/et_pb_text][et_pb_text _builder_version=&#8220;4.27.0&#8243; _module_preset=&#8220;default&#8220; text_font=&#8220;ptserif-bold_local||||||||&#8220; text_text_color=&#8220;#FFFFFF&#8220; text_font_size=&#8220;18px&#8220; text_line_height=&#8220;1.6em&#8220; custom_padding=&#8220;25px|40px|40px|40px|false|true&#8220; locked=&#8220;off&#8220; global_colors_info=&#8220;{}&#8220;]<\/p>\n<p>\u201eDer Gahmener Hof ist mir ans Herz gewachsen, wie mein eigener Hofladen. Hier verkauft man noch Qualit\u00e4t.\u201c<\/p>\n<p>[\/et_pb_text][\/et_pb_column][\/et_pb_row][et_pb_row column_structure=&#8220;1_3,1_3,1_3&#8243; use_custom_gutter=&#8220;on&#8220; gutter_width=&#8220;2&#8243; make_equal=&#8220;on&#8220; _builder_version=&#8220;4.27.0&#8243; _module_preset=&#8220;default&#8220; global_colors_info=&#8220;{}&#8220;][et_pb_column type=&#8220;1_3&#8243; _builder_version=&#8220;4.27.0&#8243; _module_preset=&#8220;default&#8220; background_color=&#8220;#BE9E66&#8243; border_radii=&#8220;on|15px|15px|15px|15px&#8220; global_colors_info=&#8220;{}&#8220;][et_pb_image src=&#8220;https:\/\/irene-wolk.de\/gahmener-hof\/wp-content\/uploads\/sites\/13\/2024\/10\/Claudia-Koslowski-Kopie.jpg&#8220; title_text=&#8220;Claudia Koslowski Kopie&#8220; force_fullwidth=&#8220;on&#8220; _builder_version=&#8220;4.27.3&#8243; _module_preset=&#8220;default&#8220; global_colors_info=&#8220;{}&#8220;][\/et_pb_image][et_pb_text _builder_version=&#8220;4.27.3&#8243; _module_preset=&#8220;default&#8220; text_font=&#8220;pt-serif-local||||||||&#8220; text_text_color=&#8220;#006440&#8243; text_font_size=&#8220;18px&#8220; header_3_font=&#8220;ptserif-bold_local||||||||&#8220; header_3_text_color=&#8220;#006440&#8243; header_3_font_size=&#8220;23px&#8220; custom_margin=&#8220;||0px||false|false&#8220; custom_padding=&#8220;25px|40px|25px|40px|true|true&#8220; global_colors_info=&#8220;{}&#8220;]<\/p>\n<h3>Claudia Koslowski:<\/h3>\n<p>Fleischfachverk\u00e4uferin<br \/>seit 2024 dabei<\/p>\n<p>[\/et_pb_text][et_pb_text _builder_version=&#8220;4.27.2&#8243; _module_preset=&#8220;default&#8220; text_font=&#8220;ptserif-bold_local||||||||&#8220; text_text_color=&#8220;#FFFFFF&#8220; text_font_size=&#8220;18px&#8220; text_line_height=&#8220;1.6em&#8220; custom_padding=&#8220;25px|40px|40px|40px|false|true&#8220; global_colors_info=&#8220;{}&#8220;]<\/p>\n<p>\u201eEs macht mir viel Freude, mit Produkten von so guter Qualit\u00e4t in einer tollen famili\u00e4ren Atmosph\u00e4re arbeiten zu d\u00fcrfen.\u201c<\/p>\n<p>[\/et_pb_text][\/et_pb_column][et_pb_column type=&#8220;1_3&#8243; _builder_version=&#8220;4.27.0&#8243; _module_preset=&#8220;default&#8220; background_color=&#8220;#BE9E66&#8243; border_radii=&#8220;on|15px|15px|15px|15px&#8220; global_colors_info=&#8220;{}&#8220;][et_pb_image src=&#8220;https:\/\/irene-wolk.de\/gahmener-hof\/wp-content\/uploads\/sites\/13\/2024\/10\/Maria-Derrico.jpg&#8220; title_text=&#8220;Maria D&#8217;errico&#8220; force_fullwidth=&#8220;on&#8220; _builder_version=&#8220;4.27.3&#8243; _module_preset=&#8220;default&#8220; global_colors_info=&#8220;{}&#8220;][\/et_pb_image][et_pb_text _builder_version=&#8220;4.27.3&#8243; _module_preset=&#8220;default&#8220; text_font=&#8220;pt-serif-local||||||||&#8220; text_text_color=&#8220;#006440&#8243; text_font_size=&#8220;18px&#8220; header_3_font=&#8220;ptserif-bold_local||||||||&#8220; header_3_text_color=&#8220;#006440&#8243; header_3_font_size=&#8220;23px&#8220; custom_margin=&#8220;||0px||false|false&#8220; custom_padding=&#8220;25px|40px|25px|40px|true|true&#8220; hover_enabled=&#8220;0&#8243; locked=&#8220;off&#8220; global_colors_info=&#8220;{}&#8220; sticky_enabled=&#8220;0&#8243;]<\/p>\n<h3>Maria D&#8217;errico:<\/h3>\n<p>Verk\u00e4uferin Feinkostabteilung<br \/>seit 2024 dabei<\/p>\n<p>[\/et_pb_text][et_pb_text _builder_version=&#8220;4.27.2&#8243; _module_preset=&#8220;default&#8220; text_font=&#8220;ptserif-bold_local||||||||&#8220; text_text_color=&#8220;#FFFFFF&#8220; text_font_size=&#8220;18px&#8220; text_line_height=&#8220;1.6em&#8220; custom_padding=&#8220;25px|40px|40px|40px|false|true&#8220; locked=&#8220;off&#8220; global_colors_info=&#8220;{}&#8220;]<\/p>\n<p>\u201eSeit ich nach L\u00fcnen gezogen bin, war es mein Wunsch, f\u00fcr den Gahmener Hof zu arbeiten. Ich bin froh dabei zu sein.&#8220;<\/p>\n<p>[\/et_pb_text][\/et_pb_column][et_pb_column type=&#8220;1_3&#8243; _builder_version=&#8220;4.27.0&#8243; _module_preset=&#8220;default&#8220; background_color=&#8220;#BE9E66&#8243; border_radii=&#8220;on|15px|15px|15px|15px&#8220; global_colors_info=&#8220;{}&#8220;][et_pb_image src=&#8220;https:\/\/irene-wolk.de\/gahmener-hof\/wp-content\/uploads\/sites\/13\/2024\/10\/Peter-Lindner.jpg&#8220; title_text=&#8220;Peter Lindner&#8220; force_fullwidth=&#8220;on&#8220; _builder_version=&#8220;4.27.3&#8243; _module_preset=&#8220;default&#8220; global_colors_info=&#8220;{}&#8220;][\/et_pb_image][et_pb_text _builder_version=&#8220;4.27.2&#8243; _module_preset=&#8220;default&#8220; text_font=&#8220;pt-serif-local||||||||&#8220; text_text_color=&#8220;#006440&#8243; text_font_size=&#8220;18px&#8220; header_3_font=&#8220;ptserif-bold_local||||||||&#8220; header_3_text_color=&#8220;#006440&#8243; header_3_font_size=&#8220;23px&#8220; custom_margin=&#8220;||0px||false|false&#8220; custom_padding=&#8220;25px|40px|25px|40px|true|true&#8220; locked=&#8220;off&#8220; global_colors_info=&#8220;{}&#8220;]<\/p>\n<h3>Peter Lindner:<\/h3>\n<p>Metzger &amp; Koch<br \/>seit 2024 dabei<\/p>\n<p>[\/et_pb_text][et_pb_text _builder_version=&#8220;4.27.3&#8243; _module_preset=&#8220;default&#8220; text_font=&#8220;ptserif-bold_local||||||||&#8220; text_text_color=&#8220;#FFFFFF&#8220; text_font_size=&#8220;18px&#8220; text_line_height=&#8220;1.6em&#8220; custom_padding=&#8220;25px|40px|40px|40px|false|true&#8220; locked=&#8220;off&#8220; global_colors_info=&#8220;{}&#8220;]<\/p>\n<p>\u201eMir gef\u00e4llt die Qualit\u00e4t der lokalen Produkte und das gute Arbeitsklima auf dem Gahmener Hof. Eine super Adresse.\u201c<\/p>\n<p>[\/et_pb_text][\/et_pb_column][\/et_pb_row][\/et_pb_section][et_pb_section fb_built=&#8220;1&#8243; admin_label=&#8220;Header Section&#8220; _builder_version=&#8220;4.27.0&#8243; _module_preset=&#8220;default&#8220; background_color=&#8220;#F9F2E4&#8243; background_position=&#8220;top_center&#8220; custom_padding=&#8220;35px||100px||false|false&#8220; locked=&#8220;off&#8220; global_colors_info=&#8220;{}&#8220;][et_pb_row _builder_version=&#8220;4.27.2&#8243; _module_preset=&#8220;default&#8220; width=&#8220;100%&#8220; max_width=&#8220;1200px&#8220; custom_margin=&#8220;0px|auto|0px|auto|false|false&#8220; custom_margin_tablet=&#8220;0px||90px||false|false&#8220; custom_margin_phone=&#8220;||70px||false|false&#8220; custom_margin_last_edited=&#8220;on|tablet&#8220; custom_padding=&#8220;0px||0px||false|false&#8220; animation_style=&#8220;slide&#8220; animation_delay=&#8220;500ms&#8220; animation_speed_curve=&#8220;ease&#8220; locked=&#8220;off&#8220; global_colors_info=&#8220;{}&#8220;][et_pb_column type=&#8220;4_4&#8243; _builder_version=&#8220;4.23.1&#8243; _module_preset=&#8220;default&#8220; global_colors_info=&#8220;{}&#8220;][et_pb_text _builder_version=&#8220;4.27.3&#8243; _module_preset=&#8220;694be44c-7a73-41b0-ba56-34d8cfef77f5&#8243; header_2_font=&#8220;josefin_sans_local|700||on|||||&#8220; global_colors_info=&#8220;{%22gcid-primary-color%22:%91%22link_text_color%22,%22link_text_color%22%93,%22gcid-heading-color%22:%91%22header_text_color%22,%22header_4_text_color%22,%22header_3_text_color%22,%22header_5_text_color%22,%22header_6_text_color%22,%22quote_text_color%22,%22header_text_color%22,%22header_4_text_color%22,%22header_3_text_color%22,%22header_5_text_color%22,%22header_6_text_color%22,%22quote_text_color%22%93,%22gcid-body-color%22:%91%22text_text_color%22,%22text_text_color%22%93,%22gcid-secondary-color%22:%91%22quote_border_color%22,%22quote_border_color%22%93}&#8220;]<\/p>\n<h2>Verweilen Sie auf der Hofladen-Terrasse<\/h2>\n<p>[\/et_pb_text][\/et_pb_column][\/et_pb_row][et_pb_row _builder_version=&#8220;4.27.0&#8243; _module_preset=&#8220;default&#8220; width=&#8220;90%&#8220; custom_margin=&#8220;0px|auto|40px|auto|false|false&#8220; custom_margin_tablet=&#8220;0px||90px||false|false&#8220; custom_margin_phone=&#8220;||70px||false|false&#8220; custom_margin_last_edited=&#8220;on|tablet&#8220; custom_padding=&#8220;0px||0px||false|false&#8220; animation_style=&#8220;slide&#8220; animation_delay=&#8220;500ms&#8220; animation_speed_curve=&#8220;ease&#8220; locked=&#8220;off&#8220; global_colors_info=&#8220;{}&#8220;][et_pb_column type=&#8220;4_4&#8243; _builder_version=&#8220;4.23.1&#8243; _module_preset=&#8220;default&#8220; global_colors_info=&#8220;{}&#8220;][et_pb_text quote_border_color=&#8220;gcid-secondary-color&#8220; _builder_version=&#8220;4.27.2&#8243; _module_preset=&#8220;default&#8220; text_font=&#8220;Varela_local|&#8211;et_global_body_font_weight|||||||&#8220; text_text_color=&#8220;#575656&#8243; text_font_size=&#8220;17px&#8220; text_line_height=&#8220;1.75em&#8220; link_font=&#8220;|&#8211;et_global_body_font_weight|||||||&#8220; link_text_color=&#8220;#FFFFFF&#8220; quote_font=&#8220;&#8211;et_global_heading_font|&#8211;et_global_heading_font_weight|||||||&#8220; quote_text_color=&#8220;#FFFFFF&#8220; header_font=&#8220;&#8211;et_global_heading_font|&#8211;et_global_heading_font_weight|||||||&#8220; header_text_color=&#8220;gcid-heading-color&#8220; header_font_size=&#8220;72px&#8220; header_line_height=&#8220;1.15em&#8220; header_2_font=&#8220;&#8211;et_global_heading_font|&#8211;et_global_heading_font_weight|||||||&#8220; header_2_text_color=&#8220;gcid-heading-color&#8220; header_2_font_size=&#8220;50px&#8220; header_2_line_height=&#8220;1.2em&#8220; header_3_font=&#8220;&#8211;et_global_heading_font|&#8211;et_global_heading_font_weight|||||||&#8220; header_3_text_color=&#8220;gcid-heading-color&#8220; header_3_font_size=&#8220;32px&#8220; header_3_line_height=&#8220;1.3em&#8220; header_4_font=&#8220;||||||||&#8220; header_4_text_align=&#8220;center&#8220; header_4_text_color=&#8220;#FFFFFF&#8220; header_4_font_size=&#8220;20px&#8220; header_4_line_height=&#8220;1.2em&#8220; header_5_font=&#8220;&#8211;et_global_heading_font|&#8211;et_global_heading_font_weight|||||||&#8220; header_5_text_color=&#8220;gcid-heading-color&#8220; header_5_font_size=&#8220;18px&#8220; header_5_line_height=&#8220;1.4em&#8220; header_6_font=&#8220;&#8211;et_global_heading_font|&#8211;et_global_heading_font_weight|||||||&#8220; header_6_text_color=&#8220;gcid-heading-color&#8220; header_6_line_height=&#8220;1.5em&#8220; text_orientation=&#8220;center&#8220; width=&#8220;100%&#8220; module_alignment=&#8220;center&#8220; custom_margin=&#8220;0px||0px||false|false&#8220; custom_padding=&#8220;19px|17px|11px|17px|false|true&#8220; text_font_size_tablet=&#8220;15px&#8220; text_font_size_phone=&#8220;14px&#8220; text_font_size_last_edited=&#8220;on|phone&#8220; header_font_size_tablet=&#8220;40px&#8220; header_font_size_phone=&#8220;24px&#8220; header_font_size_last_edited=&#8220;on|desktop&#8220; header_2_font_size_tablet=&#8220;28px&#8220; header_2_font_size_phone=&#8220;20px&#8220; header_2_font_size_last_edited=&#8220;on|phone&#8220; header_3_font_size_tablet=&#8220;22px&#8220; header_3_font_size_phone=&#8220;17px&#8220; header_3_font_size_last_edited=&#8220;on|phone&#8220; header_4_font_size_tablet=&#8220;18px&#8220; header_4_font_size_phone=&#8220;15px&#8220; header_4_font_size_last_edited=&#8220;on|tablet&#8220; header_5_font_size_tablet=&#8220;15px&#8220; header_5_font_size_phone=&#8220;14px&#8220; header_5_font_size_last_edited=&#8220;on|desktop&#8220; header_6_font_size_tablet=&#8220;13px&#8220; header_6_font_size_phone=&#8220;13px&#8220; header_6_font_size_last_edited=&#8220;on|desktop&#8220; locked=&#8220;off&#8220; global_colors_info=&#8220;{%22gcid-primary-color%22:%91%22link_text_color%22%93,%22gcid-heading-color%22:%91%22header_text_color%22,%22header_4_text_color%22,%22header_3_text_color%22,%22header_2_text_color%22,%22header_5_text_color%22,%22header_6_text_color%22,%22quote_text_color%22%93,%22gcid-secondary-color%22:%91%22quote_border_color%22%93}&#8220; header_4_text_color__hover=&#8220;#fa9928&#8243; header_4_text_color__hover_enabled=&#8220;on|desktop&#8220; width__hover_enabled=&#8220;on|desktop&#8220; width__hover=&#8220;100%&#8220;]<\/p>\n<p>\u201eDa kann man gar nicht aufh\u00f6ren, zu fr\u00fchst\u00fccken\u201c berichten unsere G\u00e4ste. Kommen Sie auf dem Geschmack und starten Sie Ihren Tag mit einer leckeren Brotmahlzeit, z. B. unsere Roastbeefstulle, Putenstulle oder Schinkenstulle, selbstverst\u00e4ndlich von den hofeigenen Schweinen &#8211; eine K\u00f6stlichkeit.<\/p>\n<p>Ob herzhaft Leckeres zum Fr\u00fchst\u00fcck, Mittagessen oder s\u00fc\u00dfe Verlockungen zum Kaffeetrinken \u2013 wir freuen uns von April bis Oktober auf Ihren Besuch im Hofladen-Bistro mit Sitzgelegenheiten im Freien. Auf Wunsch machen wir auch bei -10\u00b0C belegte Br\u00f6tchen (auch f\u00fcr to-go).<\/p>\n<p>[\/et_pb_text][\/et_pb_column][\/et_pb_row][et_pb_row _builder_version=&#8220;4.27.0&#8243; _module_preset=&#8220;default&#8220; custom_margin=&#8220;0px||0px||true|false&#8220; custom_padding=&#8220;0px||0px||true|false&#8220; global_colors_info=&#8220;{}&#8220;][et_pb_column type=&#8220;4_4&#8243; _builder_version=&#8220;4.27.0&#8243; _module_preset=&#8220;default&#8220; global_colors_info=&#8220;{}&#8220;][et_pb_image src=&#8220;https:\/\/irene-wolk.de\/gahmener-hof\/wp-content\/uploads\/sites\/13\/2024\/10\/Hofladen-Bistro.jpg&#8220; title_text=&#8220;Hofladen-Bistro&#8220; _builder_version=&#8220;4.27.2&#8243; _module_preset=&#8220;default&#8220; global_colors_info=&#8220;{}&#8220;][\/et_pb_image][\/et_pb_column][\/et_pb_row][et_pb_row column_structure=&#8220;1_3,1_3,1_3&#8243; use_custom_gutter=&#8220;on&#8220; gutter_width=&#8220;1&#8243; make_equal=&#8220;on&#8220; disabled_on=&#8220;on|on|off&#8220; _builder_version=&#8220;4.27.0&#8243; _module_preset=&#8220;default&#8220; module_alignment=&#8220;center&#8220; custom_margin=&#8220;0px||0px||true|false&#8220; custom_padding=&#8220;0px||0px||true|false&#8220; border_width_top=&#8220;6px&#8220; border_color_top=&#8220;#F9F2E4&#8243; global_colors_info=&#8220;{}&#8220;][et_pb_column type=&#8220;1_3&#8243; _builder_version=&#8220;4.27.0&#8243; _module_preset=&#8220;default&#8220; border_width_right=&#8220;4px&#8220; border_color_right=&#8220;#F9F2E4&#8243; global_colors_info=&#8220;{}&#8220;][et_pb_image src=&#8220;https:\/\/irene-wolk.de\/gahmener-hof\/wp-content\/uploads\/sites\/13\/2024\/10\/Kuchen-Bistro-Gahmener-Hof.jpg&#8220; title_text=&#8220;Kuchen Bistro Gahmener Hof&#8220; force_fullwidth=&#8220;on&#8220; _builder_version=&#8220;4.27.3&#8243; _module_preset=&#8220;default&#8220; global_colors_info=&#8220;{}&#8220;][\/et_pb_image][\/et_pb_column][et_pb_column type=&#8220;1_3&#8243; _builder_version=&#8220;4.27.0&#8243; _module_preset=&#8220;default&#8220; border_width_right=&#8220;2px&#8220; border_color_right=&#8220;#F9F2E4&#8243; border_width_left=&#8220;2px&#8220; border_color_left=&#8220;#F9F2E4&#8243; global_colors_info=&#8220;{}&#8220;][et_pb_image src=&#8220;https:\/\/irene-wolk.de\/gahmener-hof\/wp-content\/uploads\/sites\/13\/2024\/10\/Brotmahlzeit-Bistro-Gahmener-Hof.jpg&#8220; title_text=&#8220;Brotmahlzeit Bistro Gahmener Hof&#8220; force_fullwidth=&#8220;on&#8220; _builder_version=&#8220;4.27.3&#8243; _module_preset=&#8220;default&#8220; global_colors_info=&#8220;{}&#8220;][\/et_pb_image][\/et_pb_column][et_pb_column type=&#8220;1_3&#8243; _builder_version=&#8220;4.27.0&#8243; _module_preset=&#8220;default&#8220; border_width_left=&#8220;4px&#8220; border_color_left=&#8220;#F9F2E4&#8243; global_colors_info=&#8220;{}&#8220;][et_pb_image src=&#8220;https:\/\/irene-wolk.de\/gahmener-hof\/wp-content\/uploads\/sites\/13\/2024\/10\/Brotmahlzeit-Gahmener-Hof.jpg&#8220; title_text=&#8220;Brotmahlzeit Gahmener Hof&#8220; force_fullwidth=&#8220;on&#8220; _builder_version=&#8220;4.27.3&#8243; _module_preset=&#8220;default&#8220; global_colors_info=&#8220;{}&#8220;][\/et_pb_image][\/et_pb_column][\/et_pb_row][et_pb_row disabled_on=&#8220;off|off|on&#8220; _builder_version=&#8220;4.27.3&#8243; _module_preset=&#8220;default&#8220; global_colors_info=&#8220;{}&#8220;][et_pb_column type=&#8220;4_4&#8243; _builder_version=&#8220;4.27.3&#8243; _module_preset=&#8220;default&#8220; global_colors_info=&#8220;{}&#8220;][et_pb_image src=&#8220;https:\/\/irene-wolk.de\/gahmener-hof\/wp-content\/uploads\/sites\/13\/2024\/10\/Kuchen-Bistro-Gahmener-Hof.jpg&#8220; title_text=&#8220;Kuchen Bistro Gahmener Hof&#8220; _builder_version=&#8220;4.27.3&#8243; _module_preset=&#8220;default&#8220; global_colors_info=&#8220;{}&#8220;][\/et_pb_image][et_pb_image src=&#8220;https:\/\/irene-wolk.de\/gahmener-hof\/wp-content\/uploads\/sites\/13\/2024\/10\/Brotmahlzeit-Bistro-Gahmener-Hof.jpg&#8220; title_text=&#8220;Brotmahlzeit Bistro Gahmener Hof&#8220; _builder_version=&#8220;4.27.3&#8243; _module_preset=&#8220;default&#8220; global_colors_info=&#8220;{}&#8220;][\/et_pb_image][et_pb_image src=&#8220;https:\/\/irene-wolk.de\/gahmener-hof\/wp-content\/uploads\/sites\/13\/2024\/10\/Brotmahlzeit-Gahmener-Hof.jpg&#8220; title_text=&#8220;Brotmahlzeit Gahmener Hof&#8220; _builder_version=&#8220;4.27.3&#8243; _module_preset=&#8220;default&#8220; global_colors_info=&#8220;{}&#8220;][\/et_pb_image][\/et_pb_column][\/et_pb_row][\/et_pb_section]<\/p>\n","protected":false},"excerpt":{"rendered":"<p>Der HofladenSch\u00f6n, dass du hier bistMit der Begr\u00fc\u00dfung \u201eSch\u00f6n, dass du hier bist\u201c und mit viel Liebe hat Sabine Goertz den Hofladen aufgebaut, in dem sie seit der Er\u00f6ffnung 2001 in der Scheune das Fleisch der hofeigenen Tiere und selbstgekochte Eint\u00f6pfe und Suppe verkauft. Sabine war Postbeamtin, bevor sie 1983 ihre gro\u00dfe Liebe traf und [&hellip;]<\/p>\n","protected":false},"author":1,"featured_media":766,"parent":0,"menu_order":0,"comment_status":"closed","ping_status":"closed","template":"","meta":{"_et_pb_use_builder":"on","_et_pb_old_content":"<!-- wp:divi\/placeholder \/-->","_et_gb_content_width":"","_lmt_disableupdate":"","_lmt_disable":"","footnotes":""},"class_list":["post-109","page","type-page","status-publish","has-post-thumbnail","hentry"],"yoast_head":"<!-- This site is optimized with the Yoast SEO plugin v27.4 - https:\/\/yoast.com\/product\/yoast-seo-wordpress\/ -->\n<title>Gahmener Hof - unser Hofladen in L\u00fcnen<\/title>\n<meta name=\"description\" content=\"In unserem Hofladen finden Sie eine Vielzahl von hausgemachten Gerichten. Wir arbeiten eng mit befreundeten Betrieben und kleinen Manufakturen zusammen, um Ihnen die besten Produkte anbieten zu k\u00f6nnen.\" \/>\n<meta name=\"robots\" content=\"index, follow, max-snippet:-1, max-image-preview:large, max-video-preview:-1\" \/>\n<link rel=\"canonical\" href=\"https:\/\/irene-wolk.de\/gahmener-hof\/hofladen\/\" \/>\n<meta property=\"og:locale\" content=\"de_DE\" \/>\n<meta property=\"og:type\" content=\"article\" \/>\n<meta property=\"og:title\" content=\"Gahmener Hof - unser Hofladen in L\u00fcnen\" \/>\n<meta property=\"og:description\" content=\"In unserem Hofladen finden Sie eine Vielzahl von hausgemachten Gerichten. Wir arbeiten eng mit befreundeten Betrieben und kleinen Manufakturen zusammen, um Ihnen die besten Produkte anbieten zu k\u00f6nnen.\" \/>\n<meta property=\"og:url\" content=\"https:\/\/irene-wolk.de\/gahmener-hof\/hofladen\/\" \/>\n<meta property=\"og:site_name\" content=\"Gahmener Hof\" \/>\n<meta property=\"article:modified_time\" content=\"2024-11-21T18:09:07+00:00\" \/>\n<meta property=\"og:image\" content=\"https:\/\/irene-wolk.de\/gahmener-hof\/wp-content\/uploads\/sites\/13\/2024\/11\/Startbild-Gahmener-Hof-Hofladen.jpg\" \/>\n\t<meta property=\"og:image:width\" content=\"781\" \/>\n\t<meta property=\"og:image:height\" content=\"520\" \/>\n\t<meta property=\"og:image:type\" content=\"image\/jpeg\" \/>\n<meta name=\"twitter:card\" content=\"summary_large_image\" \/>\n<meta name=\"twitter:label1\" content=\"Gesch\u00e4tzte Lesezeit\" \/>\n\t<meta name=\"twitter:data1\" content=\"13\u00a0Minuten\" \/>\n<script type=\"application\/ld+json\" class=\"yoast-schema-graph\">{\"@context\":\"https:\\\/\\\/schema.org\",\"@graph\":[{\"@type\":\"WebPage\",\"@id\":\"https:\\\/\\\/irene-wolk.de\\\/gahmener-hof\\\/hofladen\\\/\",\"url\":\"https:\\\/\\\/irene-wolk.de\\\/gahmener-hof\\\/hofladen\\\/\",\"name\":\"Gahmener Hof - unser Hofladen in L\u00fcnen\",\"isPartOf\":{\"@id\":\"https:\\\/\\\/irene-wolk.de\\\/gahmener-hof\\\/#website\"},\"primaryImageOfPage\":{\"@id\":\"https:\\\/\\\/irene-wolk.de\\\/gahmener-hof\\\/hofladen\\\/#primaryimage\"},\"image\":{\"@id\":\"https:\\\/\\\/irene-wolk.de\\\/gahmener-hof\\\/hofladen\\\/#primaryimage\"},\"thumbnailUrl\":\"https:\\\/\\\/irene-wolk.de\\\/gahmener-hof\\\/wp-content\\\/uploads\\\/sites\\\/13\\\/2024\\\/11\\\/Startbild-Gahmener-Hof-Hofladen.jpg\",\"datePublished\":\"2024-09-24T13:54:51+00:00\",\"dateModified\":\"2024-11-21T18:09:07+00:00\",\"description\":\"In unserem Hofladen finden Sie eine Vielzahl von hausgemachten Gerichten. Wir arbeiten eng mit befreundeten Betrieben und kleinen Manufakturen zusammen, um Ihnen die besten Produkte anbieten zu k\u00f6nnen.\",\"breadcrumb\":{\"@id\":\"https:\\\/\\\/irene-wolk.de\\\/gahmener-hof\\\/hofladen\\\/#breadcrumb\"},\"inLanguage\":\"de\",\"potentialAction\":[{\"@type\":\"ReadAction\",\"target\":[\"https:\\\/\\\/irene-wolk.de\\\/gahmener-hof\\\/hofladen\\\/\"]}]},{\"@type\":\"ImageObject\",\"inLanguage\":\"de\",\"@id\":\"https:\\\/\\\/irene-wolk.de\\\/gahmener-hof\\\/hofladen\\\/#primaryimage\",\"url\":\"https:\\\/\\\/irene-wolk.de\\\/gahmener-hof\\\/wp-content\\\/uploads\\\/sites\\\/13\\\/2024\\\/11\\\/Startbild-Gahmener-Hof-Hofladen.jpg\",\"contentUrl\":\"https:\\\/\\\/irene-wolk.de\\\/gahmener-hof\\\/wp-content\\\/uploads\\\/sites\\\/13\\\/2024\\\/11\\\/Startbild-Gahmener-Hof-Hofladen.jpg\",\"width\":781,\"height\":520,\"caption\":\"Startbild Gahmener Hof Hofladen\"},{\"@type\":\"BreadcrumbList\",\"@id\":\"https:\\\/\\\/irene-wolk.de\\\/gahmener-hof\\\/hofladen\\\/#breadcrumb\",\"itemListElement\":[{\"@type\":\"ListItem\",\"position\":1,\"name\":\"Startseite\",\"item\":\"https:\\\/\\\/irene-wolk.de\\\/gahmener-hof\\\/\"},{\"@type\":\"ListItem\",\"position\":2,\"name\":\"Hofladen\"}]},{\"@type\":\"WebSite\",\"@id\":\"https:\\\/\\\/irene-wolk.de\\\/gahmener-hof\\\/#website\",\"url\":\"https:\\\/\\\/irene-wolk.de\\\/gahmener-hof\\\/\",\"name\":\"Gahmener Hof\",\"description\":\"\",\"potentialAction\":[{\"@type\":\"SearchAction\",\"target\":{\"@type\":\"EntryPoint\",\"urlTemplate\":\"https:\\\/\\\/irene-wolk.de\\\/gahmener-hof\\\/?s={search_term_string}\"},\"query-input\":{\"@type\":\"PropertyValueSpecification\",\"valueRequired\":true,\"valueName\":\"search_term_string\"}}],\"inLanguage\":\"de\"}]}<\/script>\n<!-- \/ Yoast SEO plugin. -->","yoast_head_json":{"title":"Gahmener Hof - unser Hofladen in L\u00fcnen","description":"In unserem Hofladen finden Sie eine Vielzahl von hausgemachten Gerichten. Wir arbeiten eng mit befreundeten Betrieben und kleinen Manufakturen zusammen, um Ihnen die besten Produkte anbieten zu k\u00f6nnen.","robots":{"index":"index","follow":"follow","max-snippet":"max-snippet:-1","max-image-preview":"max-image-preview:large","max-video-preview":"max-video-preview:-1"},"canonical":"https:\/\/irene-wolk.de\/gahmener-hof\/hofladen\/","og_locale":"de_DE","og_type":"article","og_title":"Gahmener Hof - unser Hofladen in L\u00fcnen","og_description":"In unserem Hofladen finden Sie eine Vielzahl von hausgemachten Gerichten. Wir arbeiten eng mit befreundeten Betrieben und kleinen Manufakturen zusammen, um Ihnen die besten Produkte anbieten zu k\u00f6nnen.","og_url":"https:\/\/irene-wolk.de\/gahmener-hof\/hofladen\/","og_site_name":"Gahmener Hof","article_modified_time":"2024-11-21T18:09:07+00:00","og_image":[{"width":781,"height":520,"url":"https:\/\/irene-wolk.de\/gahmener-hof\/wp-content\/uploads\/sites\/13\/2024\/11\/Startbild-Gahmener-Hof-Hofladen.jpg","type":"image\/jpeg"}],"twitter_card":"summary_large_image","twitter_misc":{"Gesch\u00e4tzte Lesezeit":"13\u00a0Minuten"},"schema":{"@context":"https:\/\/schema.org","@graph":[{"@type":"WebPage","@id":"https:\/\/irene-wolk.de\/gahmener-hof\/hofladen\/","url":"https:\/\/irene-wolk.de\/gahmener-hof\/hofladen\/","name":"Gahmener Hof - unser Hofladen in L\u00fcnen","isPartOf":{"@id":"https:\/\/irene-wolk.de\/gahmener-hof\/#website"},"primaryImageOfPage":{"@id":"https:\/\/irene-wolk.de\/gahmener-hof\/hofladen\/#primaryimage"},"image":{"@id":"https:\/\/irene-wolk.de\/gahmener-hof\/hofladen\/#primaryimage"},"thumbnailUrl":"https:\/\/irene-wolk.de\/gahmener-hof\/wp-content\/uploads\/sites\/13\/2024\/11\/Startbild-Gahmener-Hof-Hofladen.jpg","datePublished":"2024-09-24T13:54:51+00:00","dateModified":"2024-11-21T18:09:07+00:00","description":"In unserem Hofladen finden Sie eine Vielzahl von hausgemachten Gerichten. Wir arbeiten eng mit befreundeten Betrieben und kleinen Manufakturen zusammen, um Ihnen die besten Produkte anbieten zu k\u00f6nnen.","breadcrumb":{"@id":"https:\/\/irene-wolk.de\/gahmener-hof\/hofladen\/#breadcrumb"},"inLanguage":"de","potentialAction":[{"@type":"ReadAction","target":["https:\/\/irene-wolk.de\/gahmener-hof\/hofladen\/"]}]},{"@type":"ImageObject","inLanguage":"de","@id":"https:\/\/irene-wolk.de\/gahmener-hof\/hofladen\/#primaryimage","url":"https:\/\/irene-wolk.de\/gahmener-hof\/wp-content\/uploads\/sites\/13\/2024\/11\/Startbild-Gahmener-Hof-Hofladen.jpg","contentUrl":"https:\/\/irene-wolk.de\/gahmener-hof\/wp-content\/uploads\/sites\/13\/2024\/11\/Startbild-Gahmener-Hof-Hofladen.jpg","width":781,"height":520,"caption":"Startbild Gahmener Hof Hofladen"},{"@type":"BreadcrumbList","@id":"https:\/\/irene-wolk.de\/gahmener-hof\/hofladen\/#breadcrumb","itemListElement":[{"@type":"ListItem","position":1,"name":"Startseite","item":"https:\/\/irene-wolk.de\/gahmener-hof\/"},{"@type":"ListItem","position":2,"name":"Hofladen"}]},{"@type":"WebSite","@id":"https:\/\/irene-wolk.de\/gahmener-hof\/#website","url":"https:\/\/irene-wolk.de\/gahmener-hof\/","name":"Gahmener Hof","description":"","potentialAction":[{"@type":"SearchAction","target":{"@type":"EntryPoint","urlTemplate":"https:\/\/irene-wolk.de\/gahmener-hof\/?s={search_term_string}"},"query-input":{"@type":"PropertyValueSpecification","valueRequired":true,"valueName":"search_term_string"}}],"inLanguage":"de"}]}},"_links":{"self":[{"href":"https:\/\/irene-wolk.de\/gahmener-hof\/wp-json\/wp\/v2\/pages\/109","targetHints":{"allow":["GET"]}}],"collection":[{"href":"https:\/\/irene-wolk.de\/gahmener-hof\/wp-json\/wp\/v2\/pages"}],"about":[{"href":"https:\/\/irene-wolk.de\/gahmener-hof\/wp-json\/wp\/v2\/types\/page"}],"author":[{"embeddable":true,"href":"https:\/\/irene-wolk.de\/gahmener-hof\/wp-json\/wp\/v2\/users\/1"}],"replies":[{"embeddable":true,"href":"https:\/\/irene-wolk.de\/gahmener-hof\/wp-json\/wp\/v2\/comments?post=109"}],"version-history":[{"count":0,"href":"https:\/\/irene-wolk.de\/gahmener-hof\/wp-json\/wp\/v2\/pages\/109\/revisions"}],"wp:featuredmedia":[{"embeddable":true,"href":"https:\/\/irene-wolk.de\/gahmener-hof\/wp-json\/wp\/v2\/media\/766"}],"wp:attachment":[{"href":"https:\/\/irene-wolk.de\/gahmener-hof\/wp-json\/wp\/v2\/media?parent=109"}],"curies":[{"name":"wp","href":"https:\/\/api.w.org\/{rel}","templated":true}]}}