{"id":111,"date":"2024-09-24T15:55:06","date_gmt":"2024-09-24T13:55:06","guid":{"rendered":"https:\/\/wpwebsitecoach.de\/hofladen\/?page_id=111"},"modified":"2025-10-24T11:17:14","modified_gmt":"2025-10-24T09:17:14","slug":"trauzimmer","status":"publish","type":"page","link":"https:\/\/irene-wolk.de\/gahmener-hof\/trauzimmer\/","title":{"rendered":"Trauzimmer"},"content":{"rendered":"<p>[et_pb_section fb_built=&#8220;1&#8243; fullwidth=&#8220;on&#8220; _builder_version=&#8220;4.27.2&#8243; _module_preset=&#8220;default&#8220; global_colors_info=&#8220;{}&#8220;][et_pb_fullwidth_image src=&#8220;https:\/\/irene-wolk.de\/gahmener-hof\/wp-content\/uploads\/sites\/13\/2024\/11\/Header-Heiraten-Gahmener-Hof.jpg&#8220; title_text=&#8220;Header-Heiraten-Gahmener-Hof&#8220; _builder_version=&#8220;4.27.3&#8243; _module_preset=&#8220;default&#8220; global_colors_info=&#8220;{}&#8220;][\/et_pb_fullwidth_image][\/et_pb_section][et_pb_section fb_built=&#8220;1&#8243; _builder_version=&#8220;4.27.0&#8243; _module_preset=&#8220;default&#8220; background_color=&#8220;#F9F2E4&#8243; custom_margin=&#8220;0px||0px||true|false&#8220; custom_padding=&#8220;0px||0px||true|false&#8220; locked=&#8220;off&#8220; global_colors_info=&#8220;{}&#8220;][et_pb_row column_structure=&#8220;1_4,1_4,1_4,1_4&#8243; use_custom_gutter=&#8220;on&#8220; gutter_width=&#8220;1&#8243; make_equal=&#8220;on&#8220; disabled_on=&#8220;on|on|off&#8220; admin_label=&#8220;Bilder Desktop&#8220; _builder_version=&#8220;4.27.2&#8243; _module_preset=&#8220;default&#8220; width=&#8220;100%&#8220; max_width=&#8220;100%&#8220; height=&#8220;320px&#8220; height_tablet=&#8220;&#8220; height_phone=&#8220;&#8220; height_last_edited=&#8220;on|desktop&#8220; custom_margin=&#8220;5px||5px||true|false&#8220; custom_padding=&#8220;0px||0px||true|false&#8220; global_colors_info=&#8220;{}&#8220;][et_pb_column type=&#8220;1_4&#8243; _builder_version=&#8220;4.27.2&#8243; _module_preset=&#8220;default&#8220; background_image=&#8220;https:\/\/irene-wolk.de\/gahmener-hof\/wp-content\/uploads\/sites\/13\/2024\/10\/Trauung-Gahmener-Hof-1.jpg&#8220; custom_padding=&#8220;||||false|true&#8220; border_width_all=&#8220;5px&#8220; border_color_all=&#8220;#F9F2E4&#8243; global_colors_info=&#8220;{}&#8220;][\/et_pb_column][et_pb_column type=&#8220;1_4&#8243; _builder_version=&#8220;4.27.2&#8243; _module_preset=&#8220;default&#8220; background_image=&#8220;https:\/\/irene-wolk.de\/gahmener-hof\/wp-content\/uploads\/sites\/13\/2024\/10\/Trauung-Gahmener-Hof-2.jpg&#8220; custom_padding=&#8220;||||false|true&#8220; border_width_all=&#8220;5px&#8220; border_color_all=&#8220;#F9F2E4&#8243; global_colors_info=&#8220;{}&#8220;][\/et_pb_column][et_pb_column type=&#8220;1_4&#8243; _builder_version=&#8220;4.27.2&#8243; _module_preset=&#8220;default&#8220; background_image=&#8220;https:\/\/irene-wolk.de\/gahmener-hof\/wp-content\/uploads\/sites\/13\/2024\/10\/Trauung-Gahmener-Hof-3.jpg&#8220; custom_padding=&#8220;||||false|true&#8220; border_width_all=&#8220;5px&#8220; border_color_all=&#8220;#F9F2E4&#8243; global_colors_info=&#8220;{}&#8220;][\/et_pb_column][et_pb_column type=&#8220;1_4&#8243; _builder_version=&#8220;4.27.2&#8243; _module_preset=&#8220;default&#8220; background_image=&#8220;https:\/\/irene-wolk.de\/gahmener-hof\/wp-content\/uploads\/sites\/13\/2024\/10\/Trauung-Gahmener-Hof-4.jpg&#8220; custom_padding=&#8220;||||false|true&#8220; border_width_all=&#8220;5px&#8220; border_color_all=&#8220;#F9F2E4&#8243; global_colors_info=&#8220;{}&#8220;][\/et_pb_column][\/et_pb_row][et_pb_row column_structure=&#8220;1_4,1_4,1_4,1_4&#8243; use_custom_gutter=&#8220;on&#8220; gutter_width=&#8220;1&#8243; make_equal=&#8220;on&#8220; disabled_on=&#8220;off|off|on&#8220; admin_label=&#8220;Bilder mobil&#8220; _builder_version=&#8220;4.27.2&#8243; _module_preset=&#8220;default&#8220; width=&#8220;100%&#8220; max_width=&#8220;100%&#8220; height_tablet=&#8220;&#8220; height_phone=&#8220;&#8220; height_last_edited=&#8220;on|phone&#8220; custom_margin=&#8220;15px||15px||true|false&#8220; custom_padding=&#8220;0px||0px||true|false&#8220; global_colors_info=&#8220;{}&#8220;][et_pb_column type=&#8220;1_4&#8243; _builder_version=&#8220;4.27.2&#8243; _module_preset=&#8220;default&#8220; background_enable_image=&#8220;off&#8220; custom_padding=&#8220;||||false|true&#8220; border_width_all=&#8220;5px&#8220; border_color_all=&#8220;#F9F2E4&#8243; global_colors_info=&#8220;{}&#8220;][et_pb_image src=&#8220;https:\/\/irene-wolk.de\/gahmener-hof\/wp-content\/uploads\/sites\/13\/2024\/10\/Trauung-Gahmener-Hof-1.jpg&#8220; title_text=&#8220;Trauung Gahmener Hof 1&#8243; force_fullwidth=&#8220;on&#8220; _builder_version=&#8220;4.27.3&#8243; _module_preset=&#8220;default&#8220; global_colors_info=&#8220;{}&#8220;][\/et_pb_image][\/et_pb_column][et_pb_column type=&#8220;1_4&#8243; _builder_version=&#8220;4.27.2&#8243; _module_preset=&#8220;default&#8220; background_enable_image=&#8220;off&#8220; custom_padding=&#8220;||||false|true&#8220; border_width_all=&#8220;5px&#8220; border_color_all=&#8220;#F9F2E4&#8243; global_colors_info=&#8220;{}&#8220;][et_pb_image src=&#8220;https:\/\/irene-wolk.de\/gahmener-hof\/wp-content\/uploads\/sites\/13\/2024\/10\/Trauung-Gahmener-Hof-2.jpg&#8220; title_text=&#8220;Trauung Gahmener Hof 2&#8243; force_fullwidth=&#8220;on&#8220; _builder_version=&#8220;4.27.3&#8243; _module_preset=&#8220;default&#8220; global_colors_info=&#8220;{}&#8220;][\/et_pb_image][\/et_pb_column][et_pb_column type=&#8220;1_4&#8243; _builder_version=&#8220;4.27.2&#8243; _module_preset=&#8220;default&#8220; background_enable_image=&#8220;off&#8220; custom_padding=&#8220;||||false|true&#8220; border_width_all=&#8220;5px&#8220; border_color_all=&#8220;#F9F2E4&#8243; global_colors_info=&#8220;{}&#8220;][et_pb_image src=&#8220;https:\/\/irene-wolk.de\/gahmener-hof\/wp-content\/uploads\/sites\/13\/2024\/10\/Trauung-Gahmener-Hof-3.jpg&#8220; title_text=&#8220;Trauung Gahmener Hof 3&#8243; force_fullwidth=&#8220;on&#8220; _builder_version=&#8220;4.27.3&#8243; _module_preset=&#8220;default&#8220; global_colors_info=&#8220;{}&#8220;][\/et_pb_image][\/et_pb_column][et_pb_column type=&#8220;1_4&#8243; _builder_version=&#8220;4.27.2&#8243; _module_preset=&#8220;default&#8220; background_enable_image=&#8220;off&#8220; custom_padding=&#8220;||||false|true&#8220; border_width_all=&#8220;5px&#8220; border_color_all=&#8220;#F9F2E4&#8243; global_colors_info=&#8220;{}&#8220;][et_pb_image src=&#8220;https:\/\/irene-wolk.de\/gahmener-hof\/wp-content\/uploads\/sites\/13\/2024\/10\/Trauung-Gahmener-Hof-4.jpg&#8220; title_text=&#8220;Trauung Gahmener Hof 4&#8243; force_fullwidth=&#8220;on&#8220; _builder_version=&#8220;4.27.3&#8243; _module_preset=&#8220;default&#8220; global_colors_info=&#8220;{}&#8220;][\/et_pb_image][\/et_pb_column][\/et_pb_row][\/et_pb_section][et_pb_section fb_built=&#8220;1&#8243; admin_label=&#8220;Section&#8220; _builder_version=&#8220;4.27.0&#8243; _module_preset=&#8220;default&#8220; background_color=&#8220;#F9F2E4&#8243; locked=&#8220;off&#8220; global_colors_info=&#8220;{}&#8220;][et_pb_row _builder_version=&#8220;4.27.2&#8243; _module_preset=&#8220;default&#8220; width=&#8220;90%&#8220; width_tablet=&#8220;90%&#8220; width_phone=&#8220;100%&#8220; width_last_edited=&#8220;on|phone&#8220; custom_margin=&#8220;0px|auto|2px|auto|false|false&#8220; custom_margin_tablet=&#8220;0px||90px||false|false&#8220; custom_margin_phone=&#8220;||70px||false|false&#8220; custom_margin_last_edited=&#8220;on|tablet&#8220; custom_padding=&#8220;0px||0px||false|false&#8220; animation_style=&#8220;slide&#8220; animation_delay=&#8220;500ms&#8220; animation_speed_curve=&#8220;ease&#8220; locked=&#8220;off&#8220; global_colors_info=&#8220;{}&#8220;][et_pb_column type=&#8220;4_4&#8243; _builder_version=&#8220;4.23.1&#8243; _module_preset=&#8220;default&#8220; global_colors_info=&#8220;{}&#8220;][et_pb_text _builder_version=&#8220;4.27.3&#8243; _module_preset=&#8220;7dda485e-d7df-44ac-b120-d5e16e28224e&#8220; header_4_font=&#8220;Cabin_local|||on|||||&#8220; header_4_line_height=&#8220;1.2em&#8220; global_colors_info=&#8220;{%22gcid-primary-color%22:%91%22link_text_color%22,%22link_text_color%22%93,%22gcid-heading-color%22:%91%22header_text_color%22,%22header_3_text_color%22,%22header_2_text_color%22,%22header_5_text_color%22,%22header_6_text_color%22,%22quote_text_color%22,%22header_text_color%22,%22header_3_text_color%22,%22header_2_text_color%22,%22header_5_text_color%22,%22header_6_text_color%22,%22quote_text_color%22%93,%22gcid-body-color%22:%91%22text_text_color%22,%22text_text_color%22%93,%22gcid-secondary-color%22:%91%22quote_border_color%22,%22quote_border_color%22%93}&#8220; header_4_text_color__hover=&#8220;#B15C5D&#8220;]<\/p>\n<h4>Heiraten auf dem Gahmener Hof<\/h4>\n<p>[\/et_pb_text][et_pb_text _builder_version=&#8220;4.27.3&#8243; _module_preset=&#8220;602385bd-f45a-40f6-8e22-f1058fc06b12&#8243; header_2_font=&#8220;josefin_sans_local|700||on|||||&#8220; header_2_text_color=&#8220;#B15C5D&#8220; header_2_font_size_tablet=&#8220;32px&#8220; header_2_font_size_phone=&#8220;24px&#8220; global_colors_info=&#8220;{%22gcid-primary-color%22:%91%22link_text_color%22,%22link_text_color%22%93,%22gcid-heading-color%22:%91%22header_text_color%22,%22header_4_text_color%22,%22header_3_text_color%22,%22header_5_text_color%22,%22header_6_text_color%22,%22quote_text_color%22,%22header_text_color%22,%22header_4_text_color%22,%22header_3_text_color%22,%22header_5_text_color%22,%22header_6_text_color%22,%22quote_text_color%22%93,%22gcid-body-color%22:%91%22text_text_color%22,%22text_text_color%22%93,%22gcid-secondary-color%22:%91%22quote_border_color%22,%22quote_border_color%22%93}&#8220;]<\/p>\n<h2>Trauung im besonderen Ambiente<\/h2>\n<p>[\/et_pb_text][\/et_pb_column][\/et_pb_row][et_pb_row column_structure=&#8220;2_5,3_5&#8243; use_custom_gutter=&#8220;on&#8220; gutter_width=&#8220;2&#8243; _builder_version=&#8220;4.27.0&#8243; _module_preset=&#8220;default&#8220; module_alignment=&#8220;center&#8220; global_colors_info=&#8220;{}&#8220;][et_pb_column type=&#8220;2_5&#8243; _builder_version=&#8220;4.27.0&#8243; _module_preset=&#8220;default&#8220; global_colors_info=&#8220;{}&#8220;][et_pb_image src=&#8220;https:\/\/irene-wolk.de\/gahmener-hof\/wp-content\/uploads\/sites\/13\/2024\/10\/Heiraten-Gahmener-Hof.jpg&#8220; title_text=&#8220;Screenshot&#8220; force_fullwidth=&#8220;on&#8220; _builder_version=&#8220;4.27.3&#8243; _module_preset=&#8220;default&#8220; custom_margin=&#8220;50px||||false|false&#8220; custom_margin_tablet=&#8220;50px||||false|false&#8220; custom_margin_phone=&#8220;0px||||false|false&#8220; custom_margin_last_edited=&#8220;on|phone&#8220; global_colors_info=&#8220;{}&#8220;][\/et_pb_image][et_pb_text _builder_version=&#8220;4.27.3&#8243; _module_preset=&#8220;default&#8220; text_font=&#8220;&#8211;et_global_heading_font|700|on||||||&#8220; text_text_color=&#8220;#BE9E66&#8243; text_font_size=&#8220;16px&#8220; header_3_font=&#8220;Varela_local|700|||||||&#8220; header_3_text_color=&#8220;#006440&#8243; header_3_letter_spacing=&#8220;1px&#8220; text_orientation=&#8220;center&#8220; global_colors_info=&#8220;{}&#8220;]<\/p>\n<p>Von Dienstag ab 11.00 Uhr bis Samstag 15.00 Uhr k\u00f6nnen Sie sich im hofeigenen Standesamt trauen lassen.<\/p>\n<p>[\/et_pb_text][\/et_pb_column][et_pb_column type=&#8220;3_5&#8243; _builder_version=&#8220;4.27.0&#8243; _module_preset=&#8220;default&#8220; global_colors_info=&#8220;{}&#8220;][et_pb_text quote_border_color=&#8220;gcid-secondary-color&#8220; _builder_version=&#8220;4.27.4&#8243; _module_preset=&#8220;default&#8220; text_font=&#8220;Varela_local|&#8211;et_global_body_font_weight|||||||&#8220; text_text_color=&#8220;#575656&#8243; text_font_size=&#8220;16px&#8220; text_line_height=&#8220;1.75em&#8220; link_font=&#8220;|&#8211;et_global_body_font_weight|||||||&#8220; link_text_color=&#8220;#FFFFFF&#8220; quote_font=&#8220;&#8211;et_global_heading_font|&#8211;et_global_heading_font_weight|||||||&#8220; quote_text_color=&#8220;#FFFFFF&#8220; header_font=&#8220;&#8211;et_global_heading_font|&#8211;et_global_heading_font_weight|||||||&#8220; header_text_color=&#8220;gcid-heading-color&#8220; header_font_size=&#8220;72px&#8220; header_line_height=&#8220;1.15em&#8220; header_2_font=&#8220;&#8211;et_global_heading_font|&#8211;et_global_heading_font_weight|||||||&#8220; header_2_text_color=&#8220;gcid-heading-color&#8220; header_2_font_size=&#8220;50px&#8220; header_2_line_height=&#8220;1.2em&#8220; header_3_font=&#8220;&#8211;et_global_heading_font|&#8211;et_global_heading_font_weight|||||||&#8220; header_3_text_color=&#8220;gcid-heading-color&#8220; header_3_font_size=&#8220;32px&#8220; header_3_line_height=&#8220;1.3em&#8220; header_4_font=&#8220;||||||||&#8220; header_4_text_align=&#8220;center&#8220; header_4_text_color=&#8220;#FFFFFF&#8220; header_4_font_size=&#8220;20px&#8220; header_4_line_height=&#8220;1.2em&#8220; header_5_font=&#8220;&#8211;et_global_heading_font|&#8211;et_global_heading_font_weight|||||||&#8220; header_5_text_color=&#8220;gcid-heading-color&#8220; header_5_font_size=&#8220;18px&#8220; header_5_line_height=&#8220;1.4em&#8220; header_6_font=&#8220;&#8211;et_global_heading_font|&#8211;et_global_heading_font_weight|||||||&#8220; header_6_text_color=&#8220;gcid-heading-color&#8220; header_6_line_height=&#8220;1.5em&#8220; width=&#8220;90%&#8220; width_tablet=&#8220;90%&#8220; width_phone=&#8220;99%&#8220; width_last_edited=&#8220;on|phone&#8220; module_alignment=&#8220;center&#8220; custom_margin=&#8220;0px||0px||false|false&#8220; custom_margin_tablet=&#8220;0px||0px||false|false&#8220; custom_margin_phone=&#8220;0px||0px||false|false&#8220; custom_margin_last_edited=&#8220;on|phone&#8220; custom_padding=&#8220;19px|17px|11px|17px|false|true&#8220; custom_padding_tablet=&#8220;19px|17px|11px|17px|false|true&#8220; custom_padding_phone=&#8220;|5px||5px|false|true&#8220; custom_padding_last_edited=&#8220;on|phone&#8220; hover_enabled=&#8220;0&#8243; text_font_size_tablet=&#8220;15px&#8220; text_font_size_phone=&#8220;14px&#8220; text_font_size_last_edited=&#8220;on|phone&#8220; header_font_size_tablet=&#8220;40px&#8220; header_font_size_phone=&#8220;24px&#8220; header_font_size_last_edited=&#8220;on|desktop&#8220; header_2_font_size_tablet=&#8220;28px&#8220; header_2_font_size_phone=&#8220;20px&#8220; header_2_font_size_last_edited=&#8220;on|phone&#8220; header_3_font_size_tablet=&#8220;22px&#8220; header_3_font_size_phone=&#8220;17px&#8220; header_3_font_size_last_edited=&#8220;on|phone&#8220; header_4_font_size_tablet=&#8220;18px&#8220; header_4_font_size_phone=&#8220;15px&#8220; header_4_font_size_last_edited=&#8220;on|tablet&#8220; header_5_font_size_tablet=&#8220;15px&#8220; header_5_font_size_phone=&#8220;14px&#8220; header_5_font_size_last_edited=&#8220;on|desktop&#8220; header_6_font_size_tablet=&#8220;13px&#8220; header_6_font_size_phone=&#8220;13px&#8220; header_6_font_size_last_edited=&#8220;on|desktop&#8220; locked=&#8220;off&#8220; global_colors_info=&#8220;{%22gcid-primary-color%22:%91%22link_text_color%22%93,%22gcid-heading-color%22:%91%22header_text_color%22,%22header_4_text_color%22,%22header_3_text_color%22,%22header_2_text_color%22,%22header_5_text_color%22,%22header_6_text_color%22,%22quote_text_color%22%93,%22gcid-secondary-color%22:%91%22quote_border_color%22%93}&#8220; header_4_text_color__hover=&#8220;#fa9928&#8243; header_4_text_color__hover_enabled=&#8220;on|desktop&#8220; sticky_enabled=&#8220;0&#8243;]<\/p>\n<p><strong>Ihre Liebe im Einklang mit der Natur!<\/strong><\/p>\n<p>Eine Trauung auf dem Gahmener Hof verbindet Romantik mit Naturverbundenheit und authentischem Charme. Unser Hof bietet vielf\u00e4ltige M\u00f6glichkeiten <strong>standesamtliche<\/strong> oder <strong>freie Trauungen<\/strong> in l\u00e4ndlicher Idylle und romantischer und entspannter Atmosph\u00e4re, wo Sie sich nach eigenen Vorstellungen das Ja-Wort geben k\u00f6nnen.<\/p>\n<p>Und nach dem Ja-Wort bereiten wir Ihren G\u00e4sten einen Empfang mit regionalen K\u00f6stlichkeiten. Zudem k\u00f6nnen Sie die gesamte Hofanlage als Kulisse f\u00fcr Ihre Fotos nutzen.<\/p>\n<p>Ob in einem unserer traditionellen Trauzimmer oder im Freien unter strahlend blauem Himmel vor einem malerischen Feld &#8211; bei uns wird Ihre Trauung zu einem unvergesslichen Erlebnis, an das Sie sich ein Leben lang mit Freude erinnern werden.<\/p>\n<p>[\/et_pb_text][\/et_pb_column][\/et_pb_row][\/et_pb_section][et_pb_section fb_built=&#8220;1&#8243; _builder_version=&#8220;4.27.2&#8243; _module_preset=&#8220;default&#8220; background_color=&#8220;#F9F2E4&#8243; global_colors_info=&#8220;{}&#8220;][et_pb_row _builder_version=&#8220;4.27.2&#8243; _module_preset=&#8220;default&#8220; global_colors_info=&#8220;{}&#8220;][et_pb_column type=&#8220;4_4&#8243; _builder_version=&#8220;4.27.2&#8243; _module_preset=&#8220;default&#8220; global_colors_info=&#8220;{}&#8220;][et_pb_text _builder_version=&#8220;4.27.3&#8243; _module_preset=&#8220;602385bd-f45a-40f6-8e22-f1058fc06b12&#8243; header_2_text_color=&#8220;#B15C5D&#8220; header_2_font_size_tablet=&#8220;32px&#8220; header_2_font_size_phone=&#8220;24px&#8220; locked=&#8220;off&#8220; global_colors_info=&#8220;{%22gcid-primary-color%22:%91%22link_text_color%22,%22link_text_color%22,%22link_text_color%22%93,%22gcid-heading-color%22:%91%22header_text_color%22,%22header_4_text_color%22,%22header_3_text_color%22,%22header_5_text_color%22,%22header_6_text_color%22,%22quote_text_color%22,%22header_text_color%22,%22header_4_text_color%22,%22header_3_text_color%22,%22header_5_text_color%22,%22header_6_text_color%22,%22quote_text_color%22,%22header_text_color%22,%22header_4_text_color%22,%22header_3_text_color%22,%22header_5_text_color%22,%22quote_text_color%22%93,%22gcid-body-color%22:%91%22text_text_color%22,%22text_text_color%22,%22text_text_color%22%93,%22gcid-secondary-color%22:%91%22quote_border_color%22,%22quote_border_color%22,%22quote_border_color%22%93}&#8220;]<\/p>\n<h2>Unser Rundumservice<\/h2>\n<p>[\/et_pb_text][\/et_pb_column][\/et_pb_row][et_pb_row column_structure=&#8220;1_3,1_3,1_3&#8243; use_custom_gutter=&#8220;on&#8220; gutter_width=&#8220;2&#8243; make_equal=&#8220;on&#8220; _builder_version=&#8220;4.27.2&#8243; _module_preset=&#8220;default&#8220; max_width=&#8220;1350px&#8220; global_colors_info=&#8220;{}&#8220;][et_pb_column type=&#8220;1_3&#8243; _builder_version=&#8220;4.27.2&#8243; _module_preset=&#8220;default&#8220; global_colors_info=&#8220;{}&#8220;][et_pb_image src=&#8220;https:\/\/irene-wolk.de\/gahmener-hof\/wp-content\/uploads\/sites\/13\/2024\/11\/Trauzimmer-1-Gahmener-Hof.jpg&#8220; title_text=&#8220;Kaminzimmer&#8220; force_fullwidth=&#8220;on&#8220; _builder_version=&#8220;4.27.3&#8243; _module_preset=&#8220;default&#8220; global_colors_info=&#8220;{}&#8220;][\/et_pb_image][\/et_pb_column][et_pb_column type=&#8220;1_3&#8243; _builder_version=&#8220;4.27.2&#8243; _module_preset=&#8220;default&#8220; global_colors_info=&#8220;{}&#8220;][et_pb_image src=&#8220;https:\/\/irene-wolk.de\/gahmener-hof\/wp-content\/uploads\/sites\/13\/2024\/11\/Trauzimmer-2-Gahmener-Hof.jpg&#8220; title_text=&#8220;Terrassen-Zimmer&#8220; force_fullwidth=&#8220;on&#8220; _builder_version=&#8220;4.27.3&#8243; _module_preset=&#8220;default&#8220; global_colors_info=&#8220;{}&#8220;][\/et_pb_image][\/et_pb_column][et_pb_column type=&#8220;1_3&#8243; _builder_version=&#8220;4.27.2&#8243; _module_preset=&#8220;default&#8220; global_colors_info=&#8220;{}&#8220;][et_pb_image src=&#8220;https:\/\/irene-wolk.de\/gahmener-hof\/wp-content\/uploads\/sites\/13\/2024\/11\/Gartentrauung-Gahmener-Hof.jpg&#8220; title_text=&#8220;Trauung im Garten&#8220; force_fullwidth=&#8220;on&#8220; _builder_version=&#8220;4.27.3&#8243; _module_preset=&#8220;default&#8220; global_colors_info=&#8220;{}&#8220;][\/et_pb_image][\/et_pb_column][\/et_pb_row][\/et_pb_section][et_pb_section fb_built=&#8220;1&#8243; module_id=&#8220;stellenangebote&#8220; _builder_version=&#8220;4.27.2&#8243; _module_preset=&#8220;default&#8220; background_color=&#8220;#F9F2E4&#8243; custom_padding=&#8220;17px||31px|||&#8220; global_colors_info=&#8220;{}&#8220;][et_pb_row use_custom_gutter=&#8220;on&#8220; gutter_width=&#8220;2&#8243; make_equal=&#8220;on&#8220; _builder_version=&#8220;4.24.3&#8243; _module_preset=&#8220;default&#8220; width=&#8220;90%&#8220; width_tablet=&#8220;90%&#8220; width_phone=&#8220;90%&#8220; width_last_edited=&#8220;on|tablet&#8220; max_width=&#8220;1400px&#8220; max_width_tablet=&#8220;1400px&#8220; max_width_phone=&#8220;90%&#8220; max_width_last_edited=&#8220;on|tablet&#8220; custom_padding=&#8220;0px||70px||false|false&#8220; locked=&#8220;off&#8220; global_colors_info=&#8220;{}&#8220;][et_pb_column type=&#8220;4_4&#8243; _builder_version=&#8220;4.16&#8243; _module_preset=&#8220;default&#8220; custom_padding=&#8220;|||&#8220; animation_style=&#8220;fade&#8220; animation_duration=&#8220;300ms&#8220; animation_delay=&#8220;500ms&#8220; animation_speed_curve=&#8220;ease&#8220; global_colors_info=&#8220;{}&#8220; custom_padding__hover=&#8220;|||&#8220;][et_pb_accordion open_toggle_text_color=&#8220;#BE9E66&#8243; open_toggle_background_color=&#8220;#F9F2E4&#8243; closed_toggle_text_color=&#8220;#BE9E66&#8243; closed_toggle_background_color=&#8220;#F9F2E4&#8243; toggle_icon=&#8220;&#x43;||divi||400&#8243; icon_color=&#8220;#BE9E66&#8243; use_icon_font_size=&#8220;on&#8220; icon_font_size=&#8220;30px&#8220; _builder_version=&#8220;4.27.4&#8243; _module_preset=&#8220;default&#8220; toggle_text_color=&#8220;#BE9E66&#8243; toggle_level=&#8220;h4&#8243; toggle_font=&#8220;ptserif-bold_local||||||||&#8220; toggle_font_size=&#8220;24px&#8220; toggle_line_height=&#8220;1.2em&#8220; closed_toggle_font=&#8220;ptserif-bold_local||||||||&#8220; closed_toggle_font_size=&#8220;24px&#8220; body_font=&#8220;&#8211;et_global_body_font||||||||&#8220; body_text_color=&#8220;#706F6F&#8220; body_font_size=&#8220;16px&#8220; hover_enabled=&#8220;0&#8243; toggle_font_size_tablet=&#8220;24px&#8220; toggle_font_size_phone=&#8220;18px&#8220; toggle_font_size_last_edited=&#8220;on|phone&#8220; closed_toggle_font_size_tablet=&#8220;24px&#8220; closed_toggle_font_size_phone=&#8220;20px&#8220; closed_toggle_font_size_last_edited=&#8220;on|phone&#8220; db_closeable=&#8220;on&#8220; db_initial_state=&#8220;all_closed&#8220; border_width_all=&#8220;0px&#8220; border_width_bottom=&#8220;2px&#8220; border_color_bottom=&#8220;#BE9E66&#8243; global_colors_info=&#8220;{}&#8220; sticky_enabled=&#8220;0&#8243;][et_pb_accordion_item title=&#8220;Standesamtliche Trauung&#8220; open=&#8220;on&#8220; _builder_version=&#8220;4.27.4&#8243; _module_preset=&#8220;default&#8220; body_font=&#8220;||||||||&#8220; body_text_color=&#8220;#706F6F&#8220; hover_enabled=&#8220;0&#8243; global_colors_info=&#8220;{}&#8220; toggle_font_size=&#8220;24px&#8220; closed_toggle_font_size=&#8220;24px&#8220; sticky_enabled=&#8220;0&#8243;]<\/p>\n<p>Das Standesamt verlangt zun\u00e4chst einmal die normale Geb\u00fchr von 45,00 \u20ac, dazu kommen dann zus\u00e4tzliche Kosten f\u00fcr die \u201eAmbiente-Trauung\u201c au\u00dferhalb des Rathauses.<\/p>\n<p>Paare, die sich in einer au\u00dfergew\u00f6hnlichen und naturverbundenen Umgebung trauen lassen m\u00f6chten, k\u00f6nnen sich in einem unserer Trauzimmer von Dienstag ab 11.00 Uhr bis Samstag 15.00 Uhr trauen lassen.<\/p>\n<p>Anschlie\u00dfend k\u00f6nnen Sie f\u00fcr Ihre G\u00e4ste einen Empfang mit Verk\u00f6stigung buchen. Zudem kann die gesamte Hofanlage als Kulisse f\u00fcr Fotos genutzt werden.<\/p>\n<p>[\/et_pb_accordion_item][et_pb_accordion_item title=&#8220;Trauung im Kaminzimmer&#8220; _builder_version=&#8220;4.27.4&#8243; _module_preset=&#8220;default&#8220; body_font=&#8220;Raleway_local||||||||&#8220; body_text_color=&#8220;#706F6F&#8220; hover_enabled=&#8220;0&#8243; global_colors_info=&#8220;{}&#8220; open=&#8220;off&#8220; sticky_enabled=&#8220;0&#8243;]<\/p>\n<p>Das \u201eKaminzimmer\u201c kann f\u00fcr 350,00 \u20ac gemietet werden mit ausreichend Zeit f\u00fcr Fotos, ca. 20 Sitzpl\u00e4tze.<\/p>\n<p>F\u00fcr Doppelhochzeiten und Hochzeiten an Sonntagen berechnen wir 100,00 \u20ac extra.<\/p>\n<p>Das Trauzimmer k\u00f6nnen Sie sich gerne vorab anschauen.<br \/>Daf\u00fcr bitte unbedingt einen Termin vereinbaren!<br \/>Telefonisch oder per E-Mail unter trauzimmer@gahmener-hof.de<\/p>\n<p>[\/et_pb_accordion_item][et_pb_accordion_item title=&#8220;Trauung im Terrassen-Zimmer&#8220; _builder_version=&#8220;4.27.4&#8243; _module_preset=&#8220;default&#8220; body_font=&#8220;Raleway_local||||||||&#8220; body_text_color=&#8220;#706F6F&#8220; hover_enabled=&#8220;0&#8243; global_colors_info=&#8220;{}&#8220; open=&#8220;off&#8220; sticky_enabled=&#8220;0&#8243;]<\/p>\n<p>Das \u201eTerassen-Zimmer\u201c kann f\u00fcr 400,00 \u20ac gemietet werden mit ausreichend Zeit f\u00fcr Fotos, ca. 30 Personen + Stehpl\u00e4tze. F\u00fcr Blumenschmuck berechnen wir 125,00 \u20ac.<\/p>\n<p>F\u00fcr Doppelhochzeiten und Hochzeiten an Sonntagen berechnen wir 100,00 \u20ac extra.<br \/>Das Trauzimmer k\u00f6nnen Sie sich gerne vorab anschauen.<\/p>\n<p>Daf\u00fcr bitte unbedingt einen Termin vereinbaren!<br \/>Telefonisch oder per E-Mail unter trauzimmer@gahmener-hof.de<\/p>\n<p>[\/et_pb_accordion_item][et_pb_accordion_item title=&#8220;Trauung im Garten&#8220; _builder_version=&#8220;4.27.4&#8243; _module_preset=&#8220;default&#8220; body_font=&#8220;||||||||&#8220; body_text_color=&#8220;#706F6F&#8220; hover_enabled=&#8220;0&#8243; global_colors_info=&#8220;{}&#8220; open=&#8220;off&#8220; sticky_enabled=&#8220;0&#8243;]<\/p>\n<p>Das Gr\u00fcne Trauzimmer kann f\u00fcr 500,00 \u20ac gemietet werden.<br \/>Die Anzahl der Sitzpl\u00e4tze und Deko wird direkt mit dem Brautpaar besprochen.<br \/>F\u00fcr Blumenschmuck berechnen wir 125,00 \u20ac.<\/p>\n<p>F\u00fcr Doppelhochzeiten und Hochzeiten an Sonntagen berechnen wir 100,00 \u20ac extra.<\/p>\n<p>Den Garten und Platz, wo Sie sich trauen lassen m\u00f6chten, k\u00f6nnen Sie sich vorher anschauen. Daf\u00fcr bitte unbedingt einen Termin vereinbaren!<br \/>Telefonisch oder per E-Mail unter trauzimmer@gahmener-hof.de<\/p>\n<p>[\/et_pb_accordion_item][et_pb_accordion_item title=&#8220;Verk\u00f6stigung Empfang&#8220; _builder_version=&#8220;4.27.4&#8243; _module_preset=&#8220;default&#8220; body_font=&#8220;Raleway_local||||||||&#8220; body_text_color=&#8220;#706F6F&#8220; hover_enabled=&#8220;0&#8243; global_colors_info=&#8220;{}&#8220; open=&#8220;off&#8220; sticky_enabled=&#8220;0&#8243;]<\/p>\n<p>Auf Wunsch bieten wir nach der standesamtlichen Trauung einen Empfang Ihrer G\u00e4ste mit Verk\u00f6stigung an:<\/p>\n<h4><strong>Getr\u00e4nke:<\/strong><\/h4>\n<p>1 Flasche Bier (auch alkoholfrei) | 0,33 L = 4,00 \u20ac<br \/>1 Flasche Winzer-Sekt | 0,7 L = 25,00 \u20ac<br \/>1 Flasche Mineralwasser | 0,7 L = 5,00 \u20ac<br \/>1 Flasche Sauerkirsch-Traubensaft \/ Frizz | 0,7 L = 18,00 \u20ac<br \/>1 Flasche Orangensaft | 0,7 L = 5,00 \u20ac<br \/>1 Flasche Apfel \/ Rhabarberschorle | 0,33 L = 3,50 \u20ac<br \/>1 Flasche Apfelsaft | 0,7 L = 3,50 \u20ac<br \/>1 kleiner Becher Eis (verschiedene Sorten)| 150g = 3,50 \u20ac<\/p>\n<p>&nbsp;<\/p>\n<h4><strong>Kleine H\u00e4ppchen:<\/strong><\/h4>\n<p>Liebevoll kreierte kleine H\u00e4ppchen mit unserer ausgezeichneten Hausmacherwurst,<br \/>Lachs, Schinken und K\u00e4se = 9,90 \u20ac pro Person<\/p>\n<p>Zus\u00e4tzlich Kaffee 5,90 \u20ac pro Gast und Kuchen ab 6,50 \u20ac pro Gast. Bei mitgebrachten Kuchen berechnen wir ein Tellergeld von 3,00 \u20ac pro Gast. Laugengeb\u00e4ck, ein Barbecue oder ein 3-G\u00e4nge-Men\u00fc bis zu 25 Personen sind m\u00f6glich.<\/p>\n<p>[\/et_pb_accordion_item][\/et_pb_accordion][\/et_pb_column][\/et_pb_row][\/et_pb_section][et_pb_section fb_built=&#8220;1&#8243; admin_label=&#8220;Section&#8220; _builder_version=&#8220;4.27.0&#8243; _module_preset=&#8220;default&#8220; background_color=&#8220;#F9F2E4&#8243; custom_padding=&#8220;||1px|||&#8220; locked=&#8220;off&#8220; global_colors_info=&#8220;{}&#8220;][et_pb_row _builder_version=&#8220;4.27.0&#8243; _module_preset=&#8220;default&#8220; width=&#8220;90%&#8220; custom_margin=&#8220;0px|auto|40px|auto|false|false&#8220; custom_margin_tablet=&#8220;0px||90px||false|false&#8220; custom_margin_phone=&#8220;||70px||false|false&#8220; custom_margin_last_edited=&#8220;on|tablet&#8220; custom_padding=&#8220;0px||0px||false|false&#8220; animation_style=&#8220;slide&#8220; animation_delay=&#8220;500ms&#8220; animation_speed_curve=&#8220;ease&#8220; locked=&#8220;off&#8220; global_colors_info=&#8220;{}&#8220;][et_pb_column type=&#8220;4_4&#8243; _builder_version=&#8220;4.23.1&#8243; _module_preset=&#8220;default&#8220; global_colors_info=&#8220;{}&#8220;][et_pb_text _builder_version=&#8220;4.27.2&#8243; _module_preset=&#8220;602385bd-f45a-40f6-8e22-f1058fc06b12&#8243; header_2_text_color=&#8220;#B15C5D&#8220; header_2_font_size_tablet=&#8220;32px&#8220; header_2_font_size_phone=&#8220;24px&#8220; global_colors_info=&#8220;{%22gcid-primary-color%22:%91%22link_text_color%22,%22link_text_color%22,%22link_text_color%22,%22link_text_color%22%93,%22gcid-heading-color%22:%91%22header_text_color%22,%22header_4_text_color%22,%22header_3_text_color%22,%22header_5_text_color%22,%22header_6_text_color%22,%22quote_text_color%22,%22header_text_color%22,%22header_4_text_color%22,%22header_3_text_color%22,%22header_5_text_color%22,%22header_6_text_color%22,%22quote_text_color%22,%22header_text_color%22,%22header_4_text_color%22,%22header_3_text_color%22,%22header_5_text_color%22,%22header_6_text_color%22,%22quote_text_color%22,%22header_text_color%22,%22header_4_text_color%22,%22header_3_text_color%22,%22header_5_text_color%22,%22header_6_text_color%22,%22quote_text_color%22%93,%22gcid-body-color%22:%91%22text_text_color%22,%22text_text_color%22,%22text_text_color%22,%22text_text_color%22%93,%22gcid-secondary-color%22:%91%22quote_border_color%22,%22quote_border_color%22,%22quote_border_color%22,%22quote_border_color%22%93}&#8220;]<\/p>\n<h2>Was unsere Paare sagen<\/h2>\n<p>[\/et_pb_text][\/et_pb_column][\/et_pb_row][\/et_pb_section][et_pb_section fb_built=&#8220;1&#8243; admin_label=&#8220;Section&#8220; _builder_version=&#8220;4.27.2&#8243; _module_preset=&#8220;default&#8220; background_color=&#8220;#F9F2E4&#8243; background_image=&#8220;https:\/\/irene-wolk.de\/gahmener-hof\/wp-content\/uploads\/sites\/13\/2024\/10\/web_Kundenstimmen-Gartentrauung-Gahmener-Hof.jpg&#8220; height=&#8220;900px&#8220; height_tablet=&#8220;900px&#8220; height_phone=&#8220;900px&#8220; height_last_edited=&#8220;on|phone&#8220; custom_padding=&#8220;13px|||||&#8220; background_last_edited=&#8220;on|phone&#8220; background_image_phone=&#8220;https:\/\/irene-wolk.de\/gahmener-hof\/wp-content\/uploads\/sites\/13\/2024\/11\/Kundenstimmen-Gartentrauung-Gahmener-Hof-mobil.jpg&#8220; background_enable_image_phone=&#8220;on&#8220; locked=&#8220;off&#8220; global_colors_info=&#8220;{}&#8220;][et_pb_row _builder_version=&#8220;4.27.3&#8243; _module_preset=&#8220;default&#8220; custom_margin=&#8220;300px||||false|false&#8220; custom_margin_tablet=&#8220;200px||200px||true|false&#8220; custom_margin_phone=&#8220;200px||200px||true|false&#8220; custom_margin_last_edited=&#8220;on|phone&#8220; global_colors_info=&#8220;{}&#8220;][et_pb_column type=&#8220;4_4&#8243; _builder_version=&#8220;4.27.0&#8243; _module_preset=&#8220;default&#8220; global_colors_info=&#8220;{}&#8220;][dnxte_testimonial_parent dnxte_testimonial_use_icon=&#8220;on&#8220; dnxt_testimonial_autoplay_delay=&#8220;3000&#8243; dnxt_testimonial_loop=&#8220;on&#8220; dnxt_testimonial_arrows=&#8220;on&#8220; dnxt_testimonial_pagination_bullets=&#8220;off&#8220; dnxt_testimonial_arrow_color=&#8220;#B15C5D&#8220; dnxt_testimonial_arrow_background_color=&#8220;rgba(255,255,255,0.54)&#8220; dnxt_testimonial_dots_color=&#8220;#006440&#8243; dnxt_testimonial_dots_active_color=&#8220;#B15C5D&#8220; dnxt_testimonial_arrow_size=&#8220;30&#8243; dnxt_testimonial_arrow_position=&#8220;outer&#8220; dnxt_testimonial_pause_on_hover=&#8220;on&#8220; dnxt_testimonial_breakpoint_desktop=&#8220;3&#8243; _builder_version=&#8220;4.27.3&#8243; _module_preset=&#8220;default&#8220; header_font=&#8220;ptserif-bold_local||||||||&#8220; body_font=&#8220;PT_serif_local||||||||&#8220; body_font_size=&#8220;14px&#8220; position_font=&#8220;PT_serif_local||||||||&#8220; global_colors_info=&#8220;{}&#8220;][dnxte_testimonial_child admin_label_text=&#8220;Petra K.&#8220; dnxte_testimonial_name=&#8220;Petra K.&#8220; dnxte_testimonial_description=&#8220;<\/p>\n<h2><strong><em><span style=%22color: #b15c5d;%22>Das gr\u00fcne Trauzimmer<\/span><\/em><\/strong><\/h2>\n<p>\u201eToller Garten f\u00fcr Hochzeiten im Gr\u00fcnen! Wundersch\u00f6ne Kulisse f\u00fcr gute Photos. Traumhaft sch\u00f6n. Sehr zu empfehlen.\u201c<\/p>\n<p>&#8220; dnxte_testimonial_rating_position=&#8220;none&#8220; dnxte_testimonial_description_padding=&#8220;25px|25px|25px|25px|true|true&#8220; _builder_version=&#8220;4.27.3&#8243; _module_preset=&#8220;default&#8220; header_font=&#8220;PT_serif_local||on||||||&#8220; header_text_align=&#8220;left&#8220; header_text_color=&#8220;#575656&#8243; header_font_size=&#8220;14px&#8220; header_letter_spacing=&#8220;0px&#8220; description_font=&#8220;pt-serif-local||||||||&#8220; description_text_align=&#8220;left&#8220; description_text_color=&#8220;#575656&#8243; description_line_height=&#8220;1.8em&#8220; background_color=&#8220;#F9F2E4&#8243; background_enable_color=&#8220;on&#8220; description_font_size_tablet=&#8220;&#8220; description_font_size_phone=&#8220;16px&#8220; description_font_size_last_edited=&#8220;on|phone&#8220; border_radii=&#8220;on|8px|8px|8px|8px&#8220; border_width_all=&#8220;2px&#8220; border_color_all=&#8220;#BE9E66&#8243; global_colors_info=&#8220;{}&#8220;][\/dnxte_testimonial_child][dnxte_testimonial_child admin_label_text=&#8220;Daniela B.&#8220; dnxte_testimonial_name=&#8220;Daniela B.&#8220; dnxte_testimonial_description=&#8220;<\/p>\n<h2><strong><em><span style=%22color: #b15c5d;%22>Hochzeit mit Catering<\/span><\/em><\/strong><\/h2>\n<p>\u201eWir haben im Kaminimmer des Gahmener Hofes geheiratet. Die Kommunikation vorab mit Frau Goertz war sehr angenehm. Unsere W\u00fcnsche und Vorstellungen wurden 1:1 umgesetzt. Angefangen vom liebevoll hergerichteten Trauzimmer \u00fcber das perfekt ausgerichtete Catering beim Sektempfang mit regionalen Produkten aus dem Hofladen bis hin zu der tollen Bewirtung durch Frau Goertz und ihrem Sohn Fabian, war alles 100% stimmig. Auch unsere G\u00e4ste waren total begeistert!\u201c<\/p>\n<p>&#8220; dnxte_testimonial_rating_position=&#8220;none&#8220; dnxte_testimonial_description_padding=&#8220;25px|25px|25px|25px|true|true&#8220; _builder_version=&#8220;4.27.3&#8243; _module_preset=&#8220;default&#8220; header_font=&#8220;PT_serif_local||on||||||&#8220; header_text_align=&#8220;left&#8220; header_text_color=&#8220;#575656&#8243; header_font_size=&#8220;14px&#8220; header_letter_spacing=&#8220;0px&#8220; description_font=&#8220;pt-serif-local||||||||&#8220; description_text_align=&#8220;left&#8220; description_text_color=&#8220;#575656&#8243; description_line_height=&#8220;1.8em&#8220; background_color=&#8220;#F9F2E4&#8243; background_enable_color=&#8220;on&#8220; description_font_size_tablet=&#8220;&#8220; description_font_size_phone=&#8220;16px&#8220; description_font_size_last_edited=&#8220;on|phone&#8220; border_radii=&#8220;on|8px|8px|8px|8px&#8220; border_width_all=&#8220;2px&#8220; border_color_all=&#8220;#BE9E66&#8243; global_colors_info=&#8220;{}&#8220;][\/dnxte_testimonial_child][dnxte_testimonial_child admin_label_text=&#8220;Monika L.&#8220; dnxte_testimonial_name=&#8220;Monika L.&#8220; dnxte_testimonial_description=&#8220;<\/p>\n<h2><strong><em><span style=%22color: #b15c5d;%22>Silberhochzeit<\/span><\/em><\/strong><\/h2>\n<p>\u201eDer Gahmener Hof war f\u00fcr uns die ideale Wahl f\u00fcr eine bodenst\u00e4ndige und authentische Silberhochzeit. Das rustikale Trauzimmer mit seinen l\u00e4ndlichen Dekorationen war f\u00fcr uns das perfekte Ambiente, unser Ja-Wort nach 25 Ehejahren im Kreis von Freunden und Familie aufzufrischen. Die Bauernhof-Location und das sch\u00f6ne Wetter boten uns perfekte Voraussetzungen f\u00fcr wundersch\u00f6ne Erinnerungsfotos.\u201c<\/p>\n<p>&#8220; dnxte_testimonial_rating_position=&#8220;none&#8220; dnxte_testimonial_description_padding=&#8220;25px|25px|25px|25px|true|true&#8220; _builder_version=&#8220;4.27.3&#8243; _module_preset=&#8220;default&#8220; header_font=&#8220;PT_serif_local||on||||||&#8220; header_text_align=&#8220;left&#8220; header_text_color=&#8220;#575656&#8243; header_font_size=&#8220;14px&#8220; header_letter_spacing=&#8220;0px&#8220; description_font=&#8220;pt-serif-local||||||||&#8220; description_text_align=&#8220;left&#8220; description_text_color=&#8220;#575656&#8243; description_line_height=&#8220;1.8em&#8220; background_color=&#8220;#F9F2E4&#8243; background_enable_color=&#8220;on&#8220; description_font_size_tablet=&#8220;&#8220; description_font_size_phone=&#8220;16px&#8220; description_font_size_last_edited=&#8220;on|phone&#8220; border_radii=&#8220;on|8px|8px|8px|8px&#8220; border_width_all=&#8220;2px&#8220; border_color_all=&#8220;#BE9E66&#8243; global_colors_info=&#8220;{}&#8220;][\/dnxte_testimonial_child][dnxte_testimonial_child admin_label_text=&#8220;Annika W.&#8220; dnxte_testimonial_name=&#8220;Annika W.&#8220; dnxte_testimonial_description=&#8220;<\/p>\n<h2><strong><em><span style=%22color: #b15c5d;%22>Rustikaler Charme und Flexibilit\u00e4t<\/span><\/em><\/strong><\/h2>\n<p>\u201eDas Terrassen-Zimmer strahlt eine rustikale und zugleich elegante \u00c4sthetik aus, die uns gleich gefallen hat. Sabine Goertz war bei der Planung der Sitzordnung, Catering und Deko super flexibel und hat uns jeden Wunsch erf\u00fcllt.\u201c<\/p>\n<p>&#8220; dnxte_testimonial_rating_position=&#8220;none&#8220; dnxte_testimonial_description_padding=&#8220;25px|25px|25px|25px|true|true&#8220; _builder_version=&#8220;4.27.3&#8243; _module_preset=&#8220;default&#8220; header_font=&#8220;PT_serif_local||on||||||&#8220; header_text_align=&#8220;left&#8220; header_text_color=&#8220;#575656&#8243; header_font_size=&#8220;14px&#8220; header_letter_spacing=&#8220;0px&#8220; description_font=&#8220;pt-serif-local||||||||&#8220; description_text_align=&#8220;left&#8220; description_text_color=&#8220;#575656&#8243; description_line_height=&#8220;1.8em&#8220; background_color=&#8220;#F9F2E4&#8243; background_enable_color=&#8220;on&#8220; description_font_size_tablet=&#8220;&#8220; description_font_size_phone=&#8220;16px&#8220; description_font_size_last_edited=&#8220;on|phone&#8220; border_radii=&#8220;on|8px|8px|8px|8px&#8220; border_width_all=&#8220;2px&#8220; border_color_all=&#8220;#BE9E66&#8243; global_colors_info=&#8220;{}&#8220;][\/dnxte_testimonial_child][\/dnxte_testimonial_parent][\/et_pb_column][\/et_pb_row][\/et_pb_section][et_pb_section fb_built=&#8220;1&#8243; admin_label=&#8220;Section&#8220; _builder_version=&#8220;4.27.2&#8243; _module_preset=&#8220;default&#8220; background_color=&#8220;#F9F2E4&#8243; custom_padding=&#8220;100px||100px||true|&#8220; locked=&#8220;off&#8220; global_colors_info=&#8220;{}&#8220;][et_pb_row _builder_version=&#8220;4.27.0&#8243; _module_preset=&#8220;default&#8220; width=&#8220;90%&#8220; custom_margin=&#8220;0px|auto|40px|auto|false|false&#8220; custom_margin_tablet=&#8220;0px||90px||false|false&#8220; custom_margin_phone=&#8220;||70px||false|false&#8220; custom_margin_last_edited=&#8220;on|tablet&#8220; custom_padding=&#8220;0px||0px||false|false&#8220; animation_style=&#8220;slide&#8220; animation_delay=&#8220;500ms&#8220; animation_speed_curve=&#8220;ease&#8220; locked=&#8220;off&#8220; global_colors_info=&#8220;{}&#8220;][et_pb_column type=&#8220;4_4&#8243; _builder_version=&#8220;4.23.1&#8243; _module_preset=&#8220;default&#8220; global_colors_info=&#8220;{}&#8220;][et_pb_text _builder_version=&#8220;4.27.2&#8243; _module_preset=&#8220;602385bd-f45a-40f6-8e22-f1058fc06b12&#8243; header_2_text_color=&#8220;#B15C5D&#8220; header_2_font_size_tablet=&#8220;32px&#8220; header_2_font_size_phone=&#8220;24px&#8220; global_colors_info=&#8220;{%22gcid-primary-color%22:%91%22link_text_color%22,%22link_text_color%22,%22link_text_color%22,%22link_text_color%22%93,%22gcid-heading-color%22:%91%22header_text_color%22,%22header_4_text_color%22,%22header_3_text_color%22,%22header_5_text_color%22,%22header_6_text_color%22,%22quote_text_color%22,%22header_text_color%22,%22header_4_text_color%22,%22header_3_text_color%22,%22header_5_text_color%22,%22header_6_text_color%22,%22quote_text_color%22,%22header_text_color%22,%22header_4_text_color%22,%22header_3_text_color%22,%22header_5_text_color%22,%22header_6_text_color%22,%22quote_text_color%22,%22header_text_color%22,%22header_4_text_color%22,%22header_3_text_color%22,%22header_5_text_color%22,%22header_6_text_color%22,%22quote_text_color%22%93,%22gcid-body-color%22:%91%22text_text_color%22,%22text_text_color%22,%22text_text_color%22,%22text_text_color%22%93,%22gcid-secondary-color%22:%91%22quote_border_color%22,%22quote_border_color%22,%22quote_border_color%22,%22quote_border_color%22%93}&#8220;]<\/p>\n<h2>Lassen Sie sich inspirieren<\/h2>\n<p>[\/et_pb_text][et_pb_text _builder_version=&#8220;4.27.3&#8243; _module_preset=&#8220;default&#8220; text_font=&#8220;ptserif-bold_local|700|on||||||&#8220; text_text_color=&#8220;#BE9E66&#8243; text_font_size=&#8220;20px&#8220; text_line_height=&#8220;1.6em&#8220; link_font=&#8220;||||on||||&#8220; link_text_color=&#8220;#B15C5D&#8220; header_3_font=&#8220;Varela_local|700|||||||&#8220; header_3_text_color=&#8220;#006440&#8243; header_3_letter_spacing=&#8220;1px&#8220; text_orientation=&#8220;center&#8220; locked=&#8220;off&#8220; global_colors_info=&#8220;{}&#8220;]<\/p>\n<p>Die Trauzimmer k\u00f6nnen Sie sich gerne vorab anschauen. Daf\u00fcr bitte unbedingt einen Termin vereinbaren!<br \/>Schreiben Sie uns dazu eine E-Mail mit Ihrer Telefonnummer, damit wir Sie zur\u00fcckrufen k\u00f6nnen.<br \/><a href=\"mailto:trauzimmer@gahmener-hof.de\" title=\"trauzimmer@gahmener-hof.de\">trauzimmer@gahmener-hof.de<\/a><\/p>\n<p>[\/et_pb_text][\/et_pb_column][\/et_pb_row][et_pb_row _builder_version=&#8220;4.27.3&#8243; _module_preset=&#8220;default&#8220; width=&#8220;45%&#8220; width_tablet=&#8220;70%&#8220; width_phone=&#8220;90%&#8220; width_last_edited=&#8220;on|phone&#8220; module_alignment=&#8220;center&#8220; global_colors_info=&#8220;{}&#8220;][et_pb_column type=&#8220;4_4&#8243; _builder_version=&#8220;4.27.3&#8243; _module_preset=&#8220;default&#8220; global_colors_info=&#8220;{}&#8220;][et_pb_image src=&#8220;https:\/\/irene-wolk.de\/gahmener-hof\/wp-content\/uploads\/sites\/13\/2024\/10\/Button-Instagram-Trauzimmer-Gahmener-Hof.jpg&#8220; title_text=&#8220;Screenshot&#8220; url=&#8220;https:\/\/www.instagram.com\/trauzimmer.gahmener.hof\/&#8220; url_new_window=&#8220;on&#8220; align=&#8220;center&#8220; force_fullwidth=&#8220;on&#8220; _builder_version=&#8220;4.27.3&#8243; _module_preset=&#8220;default&#8220; width_tablet=&#8220;40%&#8220; width_phone=&#8220;95%&#8220; width_last_edited=&#8220;on|phone&#8220; module_alignment=&#8220;center&#8220; custom_margin=&#8220;1px||||false|false&#8220; global_colors_info=&#8220;{}&#8220;][\/et_pb_image][\/et_pb_column][\/et_pb_row][\/et_pb_section]<\/p>\n","protected":false},"excerpt":{"rendered":"<p>Heiraten auf dem Gahmener HofTrauung im besonderen AmbienteVon Dienstag ab 11.00 Uhr bis Samstag 15.00 Uhr k\u00f6nnen Sie sich im hofeigenen Standesamt trauen lassen.Ihre Liebe im Einklang mit der Natur! Eine Trauung auf dem Gahmener Hof verbindet Romantik mit Naturverbundenheit und authentischem Charme. Unser Hof bietet vielf\u00e4ltige M\u00f6glichkeiten standesamtliche oder freie Trauungen in l\u00e4ndlicher Idylle [&hellip;]<\/p>\n","protected":false},"author":1,"featured_media":790,"parent":0,"menu_order":0,"comment_status":"closed","ping_status":"closed","template":"","meta":{"_et_pb_use_builder":"on","_et_pb_old_content":"<!-- wp:divi\/placeholder \/-->","_et_gb_content_width":"","_lmt_disableupdate":"","_lmt_disable":"","footnotes":""},"class_list":["post-111","page","type-page","status-publish","has-post-thumbnail","hentry"],"yoast_head":"<!-- This site is optimized with the Yoast SEO plugin v27.4 - https:\/\/yoast.com\/product\/yoast-seo-wordpress\/ -->\n<title>Heiraten auf dem Gahmener Hof in der Natur<\/title>\n<meta name=\"description\" content=\"Ob in einem unserer traditionellen Trauzimmer oder im Freien unter strahlend blauem Himmel \u2013 bei uns wird Ihre Trauung zu einem unvergesslichen Erlebnis.\" \/>\n<meta name=\"robots\" content=\"index, follow, max-snippet:-1, max-image-preview:large, max-video-preview:-1\" \/>\n<link rel=\"canonical\" href=\"https:\/\/irene-wolk.de\/gahmener-hof\/trauzimmer\/\" \/>\n<meta property=\"og:locale\" content=\"de_DE\" \/>\n<meta property=\"og:type\" content=\"article\" \/>\n<meta property=\"og:title\" content=\"Heiraten auf dem Gahmener Hof in der Natur\" \/>\n<meta property=\"og:description\" content=\"Ob in einem unserer traditionellen Trauzimmer oder im Freien unter strahlend blauem Himmel \u2013 bei uns wird Ihre Trauung zu einem unvergesslichen Erlebnis.\" \/>\n<meta property=\"og:url\" content=\"https:\/\/irene-wolk.de\/gahmener-hof\/trauzimmer\/\" \/>\n<meta property=\"og:site_name\" content=\"Gahmener Hof\" \/>\n<meta property=\"article:modified_time\" content=\"2025-10-24T09:17:14+00:00\" \/>\n<meta property=\"og:image\" content=\"https:\/\/irene-wolk.de\/gahmener-hof\/wp-content\/uploads\/sites\/13\/2024\/11\/Startbilder-Gahmener-Hof-Trauzimmer.jpg\" \/>\n\t<meta property=\"og:image:width\" content=\"781\" \/>\n\t<meta property=\"og:image:height\" content=\"520\" \/>\n\t<meta property=\"og:image:type\" content=\"image\/jpeg\" \/>\n<meta name=\"twitter:card\" content=\"summary_large_image\" \/>\n<meta name=\"twitter:label1\" content=\"Gesch\u00e4tzte Lesezeit\" \/>\n\t<meta name=\"twitter:data1\" content=\"6\u00a0Minuten\" \/>\n<script type=\"application\/ld+json\" class=\"yoast-schema-graph\">{\"@context\":\"https:\\\/\\\/schema.org\",\"@graph\":[{\"@type\":\"WebPage\",\"@id\":\"https:\\\/\\\/irene-wolk.de\\\/gahmener-hof\\\/trauzimmer\\\/\",\"url\":\"https:\\\/\\\/irene-wolk.de\\\/gahmener-hof\\\/trauzimmer\\\/\",\"name\":\"Heiraten auf dem Gahmener Hof in der Natur\",\"isPartOf\":{\"@id\":\"https:\\\/\\\/irene-wolk.de\\\/gahmener-hof\\\/#website\"},\"primaryImageOfPage\":{\"@id\":\"https:\\\/\\\/irene-wolk.de\\\/gahmener-hof\\\/trauzimmer\\\/#primaryimage\"},\"image\":{\"@id\":\"https:\\\/\\\/irene-wolk.de\\\/gahmener-hof\\\/trauzimmer\\\/#primaryimage\"},\"thumbnailUrl\":\"https:\\\/\\\/irene-wolk.de\\\/gahmener-hof\\\/wp-content\\\/uploads\\\/sites\\\/13\\\/2024\\\/11\\\/Startbilder-Gahmener-Hof-Trauzimmer.jpg\",\"datePublished\":\"2024-09-24T13:55:06+00:00\",\"dateModified\":\"2025-10-24T09:17:14+00:00\",\"description\":\"Ob in einem unserer traditionellen Trauzimmer oder im Freien unter strahlend blauem Himmel \u2013 bei uns wird Ihre Trauung zu einem unvergesslichen Erlebnis.\",\"breadcrumb\":{\"@id\":\"https:\\\/\\\/irene-wolk.de\\\/gahmener-hof\\\/trauzimmer\\\/#breadcrumb\"},\"inLanguage\":\"de\",\"potentialAction\":[{\"@type\":\"ReadAction\",\"target\":[\"https:\\\/\\\/irene-wolk.de\\\/gahmener-hof\\\/trauzimmer\\\/\"]}]},{\"@type\":\"ImageObject\",\"inLanguage\":\"de\",\"@id\":\"https:\\\/\\\/irene-wolk.de\\\/gahmener-hof\\\/trauzimmer\\\/#primaryimage\",\"url\":\"https:\\\/\\\/irene-wolk.de\\\/gahmener-hof\\\/wp-content\\\/uploads\\\/sites\\\/13\\\/2024\\\/11\\\/Startbilder-Gahmener-Hof-Trauzimmer.jpg\",\"contentUrl\":\"https:\\\/\\\/irene-wolk.de\\\/gahmener-hof\\\/wp-content\\\/uploads\\\/sites\\\/13\\\/2024\\\/11\\\/Startbilder-Gahmener-Hof-Trauzimmer.jpg\",\"width\":781,\"height\":520,\"caption\":\"Startbilder Gahmener Hof Trauzimmer\"},{\"@type\":\"BreadcrumbList\",\"@id\":\"https:\\\/\\\/irene-wolk.de\\\/gahmener-hof\\\/trauzimmer\\\/#breadcrumb\",\"itemListElement\":[{\"@type\":\"ListItem\",\"position\":1,\"name\":\"Startseite\",\"item\":\"https:\\\/\\\/irene-wolk.de\\\/gahmener-hof\\\/\"},{\"@type\":\"ListItem\",\"position\":2,\"name\":\"Trauzimmer\"}]},{\"@type\":\"WebSite\",\"@id\":\"https:\\\/\\\/irene-wolk.de\\\/gahmener-hof\\\/#website\",\"url\":\"https:\\\/\\\/irene-wolk.de\\\/gahmener-hof\\\/\",\"name\":\"Gahmener Hof\",\"description\":\"\",\"potentialAction\":[{\"@type\":\"SearchAction\",\"target\":{\"@type\":\"EntryPoint\",\"urlTemplate\":\"https:\\\/\\\/irene-wolk.de\\\/gahmener-hof\\\/?s={search_term_string}\"},\"query-input\":{\"@type\":\"PropertyValueSpecification\",\"valueRequired\":true,\"valueName\":\"search_term_string\"}}],\"inLanguage\":\"de\"}]}<\/script>\n<!-- \/ Yoast SEO plugin. -->","yoast_head_json":{"title":"Heiraten auf dem Gahmener Hof in der Natur","description":"Ob in einem unserer traditionellen Trauzimmer oder im Freien unter strahlend blauem Himmel \u2013 bei uns wird Ihre Trauung zu einem unvergesslichen Erlebnis.","robots":{"index":"index","follow":"follow","max-snippet":"max-snippet:-1","max-image-preview":"max-image-preview:large","max-video-preview":"max-video-preview:-1"},"canonical":"https:\/\/irene-wolk.de\/gahmener-hof\/trauzimmer\/","og_locale":"de_DE","og_type":"article","og_title":"Heiraten auf dem Gahmener Hof in der Natur","og_description":"Ob in einem unserer traditionellen Trauzimmer oder im Freien unter strahlend blauem Himmel \u2013 bei uns wird Ihre Trauung zu einem unvergesslichen Erlebnis.","og_url":"https:\/\/irene-wolk.de\/gahmener-hof\/trauzimmer\/","og_site_name":"Gahmener Hof","article_modified_time":"2025-10-24T09:17:14+00:00","og_image":[{"width":781,"height":520,"url":"https:\/\/irene-wolk.de\/gahmener-hof\/wp-content\/uploads\/sites\/13\/2024\/11\/Startbilder-Gahmener-Hof-Trauzimmer.jpg","type":"image\/jpeg"}],"twitter_card":"summary_large_image","twitter_misc":{"Gesch\u00e4tzte Lesezeit":"6\u00a0Minuten"},"schema":{"@context":"https:\/\/schema.org","@graph":[{"@type":"WebPage","@id":"https:\/\/irene-wolk.de\/gahmener-hof\/trauzimmer\/","url":"https:\/\/irene-wolk.de\/gahmener-hof\/trauzimmer\/","name":"Heiraten auf dem Gahmener Hof in der Natur","isPartOf":{"@id":"https:\/\/irene-wolk.de\/gahmener-hof\/#website"},"primaryImageOfPage":{"@id":"https:\/\/irene-wolk.de\/gahmener-hof\/trauzimmer\/#primaryimage"},"image":{"@id":"https:\/\/irene-wolk.de\/gahmener-hof\/trauzimmer\/#primaryimage"},"thumbnailUrl":"https:\/\/irene-wolk.de\/gahmener-hof\/wp-content\/uploads\/sites\/13\/2024\/11\/Startbilder-Gahmener-Hof-Trauzimmer.jpg","datePublished":"2024-09-24T13:55:06+00:00","dateModified":"2025-10-24T09:17:14+00:00","description":"Ob in einem unserer traditionellen Trauzimmer oder im Freien unter strahlend blauem Himmel \u2013 bei uns wird Ihre Trauung zu einem unvergesslichen Erlebnis.","breadcrumb":{"@id":"https:\/\/irene-wolk.de\/gahmener-hof\/trauzimmer\/#breadcrumb"},"inLanguage":"de","potentialAction":[{"@type":"ReadAction","target":["https:\/\/irene-wolk.de\/gahmener-hof\/trauzimmer\/"]}]},{"@type":"ImageObject","inLanguage":"de","@id":"https:\/\/irene-wolk.de\/gahmener-hof\/trauzimmer\/#primaryimage","url":"https:\/\/irene-wolk.de\/gahmener-hof\/wp-content\/uploads\/sites\/13\/2024\/11\/Startbilder-Gahmener-Hof-Trauzimmer.jpg","contentUrl":"https:\/\/irene-wolk.de\/gahmener-hof\/wp-content\/uploads\/sites\/13\/2024\/11\/Startbilder-Gahmener-Hof-Trauzimmer.jpg","width":781,"height":520,"caption":"Startbilder Gahmener Hof Trauzimmer"},{"@type":"BreadcrumbList","@id":"https:\/\/irene-wolk.de\/gahmener-hof\/trauzimmer\/#breadcrumb","itemListElement":[{"@type":"ListItem","position":1,"name":"Startseite","item":"https:\/\/irene-wolk.de\/gahmener-hof\/"},{"@type":"ListItem","position":2,"name":"Trauzimmer"}]},{"@type":"WebSite","@id":"https:\/\/irene-wolk.de\/gahmener-hof\/#website","url":"https:\/\/irene-wolk.de\/gahmener-hof\/","name":"Gahmener Hof","description":"","potentialAction":[{"@type":"SearchAction","target":{"@type":"EntryPoint","urlTemplate":"https:\/\/irene-wolk.de\/gahmener-hof\/?s={search_term_string}"},"query-input":{"@type":"PropertyValueSpecification","valueRequired":true,"valueName":"search_term_string"}}],"inLanguage":"de"}]}},"_links":{"self":[{"href":"https:\/\/irene-wolk.de\/gahmener-hof\/wp-json\/wp\/v2\/pages\/111","targetHints":{"allow":["GET"]}}],"collection":[{"href":"https:\/\/irene-wolk.de\/gahmener-hof\/wp-json\/wp\/v2\/pages"}],"about":[{"href":"https:\/\/irene-wolk.de\/gahmener-hof\/wp-json\/wp\/v2\/types\/page"}],"author":[{"embeddable":true,"href":"https:\/\/irene-wolk.de\/gahmener-hof\/wp-json\/wp\/v2\/users\/1"}],"replies":[{"embeddable":true,"href":"https:\/\/irene-wolk.de\/gahmener-hof\/wp-json\/wp\/v2\/comments?post=111"}],"version-history":[{"count":0,"href":"https:\/\/irene-wolk.de\/gahmener-hof\/wp-json\/wp\/v2\/pages\/111\/revisions"}],"wp:featuredmedia":[{"embeddable":true,"href":"https:\/\/irene-wolk.de\/gahmener-hof\/wp-json\/wp\/v2\/media\/790"}],"wp:attachment":[{"href":"https:\/\/irene-wolk.de\/gahmener-hof\/wp-json\/wp\/v2\/media?parent=111"}],"curies":[{"name":"wp","href":"https:\/\/api.w.org\/{rel}","templated":true}]}}