{"id":4,"date":"2024-08-09T12:42:55","date_gmt":"2024-08-09T10:42:55","guid":{"rendered":"https:\/\/wpwebsitecoach.de\/zwischenschritt\/shop\/"},"modified":"2025-08-13T12:10:09","modified_gmt":"2025-08-13T10:10:09","slug":"jobs","status":"publish","type":"page","link":"https:\/\/irene-wolk.de\/zwischenschritt\/jobs\/","title":{"rendered":"Jobs"},"content":{"rendered":"<p>[et_pb_section fb_built=&#8220;1&#8243; admin_label=&#8220;section&#8220; _builder_version=&#8220;4.27.0&#8243; background_color=&#8220;#005186&#8243; custom_margin=&#8220;0px||0px||true|false&#8220; custom_padding=&#8220;0px||0px||true|false&#8220; global_colors_info=&#8220;{}&#8220;][et_pb_row column_structure=&#8220;3_5,2_5&#8243; use_custom_gutter=&#8220;on&#8220; gutter_width=&#8220;1&#8243; make_equal=&#8220;on&#8220; _builder_version=&#8220;4.27.4&#8243; _module_preset=&#8220;default&#8220; width=&#8220;100%&#8220; max_width=&#8220;100%&#8220; min_height=&#8220;550px&#8220; custom_margin=&#8220;0px||0px||true|false&#8220; custom_padding=&#8220;0px||0px||true|false&#8220; hover_enabled=&#8220;0&#8243; global_colors_info=&#8220;{}&#8220; sticky_enabled=&#8220;0&#8243;][et_pb_column type=&#8220;3_5&#8243; _builder_version=&#8220;4.27.4&#8243; _module_preset=&#8220;default&#8220; background_image=&#8220;https:\/\/irene-wolk.de\/wp-content\/uploads\/sites\/11\/2025\/08\/Mitarbeiten-Zwischenschritt-Jugendhilfe.jpg&#8220; background_position=&#8220;bottom_center&#8220; background_vertical_offset=&#8220;15%&#8220; custom_padding=&#8220;0px|0px|0px|0px|true|true&#8220; hover_enabled=&#8220;0&#8243; global_colors_info=&#8220;{}&#8220; title_text=&#8220;Mitarbeiten Zwischenschritt Jugendhilfe&#8220; sticky_enabled=&#8220;0&#8243;][\/et_pb_column][et_pb_column type=&#8220;2_5&#8243; _builder_version=&#8220;4.27.0&#8243; _module_preset=&#8220;default&#8220; custom_padding=&#8220;50px|50px|50px|50px|true|true&#8220; global_colors_info=&#8220;{}&#8220;][et_pb_text _builder_version=&#8220;4.27.0&#8243; _module_preset=&#8220;default&#8220; text_text_color=&#8220;#FFFFFF&#8220; link_text_color=&#8220;#FFFFFF&#8220; quote_text_color=&#8220;#FFFFFF&#8220; header_4_font=&#8220;|||on|||||&#8220; header_4_text_align=&#8220;left&#8220; header_4_text_color=&#8220;#E2E2E2&#8243; header_4_font_size=&#8220;20px&#8220; header_4_line_height=&#8220;1.2em&#8220; custom_margin=&#8220;0px||0px||false|false&#8220; custom_padding=&#8220;19px|20px|0px|0px|false|false&#8220; locked=&#8220;off&#8220; global_colors_info=&#8220;{%22gcid-primary-color%22:%91%22link_text_color%22,%22link_text_color%22,%22link_text_color%22,%22link_text_color%22,%22link_text_color%22,%22link_text_color%22,%22link_text_color%22%93,%22gcid-heading-color%22:%91%22header_text_color%22,%22header_3_text_color%22,%22header_2_text_color%22,%22header_5_text_color%22,%22header_6_text_color%22,%22quote_text_color%22,%22header_text_color%22,%22header_3_text_color%22,%22header_2_text_color%22,%22header_5_text_color%22,%22header_6_text_color%22,%22quote_text_color%22,%22header_text_color%22,%22header_3_text_color%22,%22header_2_text_color%22,%22header_5_text_color%22,%22header_6_text_color%22,%22quote_text_color%22,%22header_text_color%22,%22header_3_text_color%22,%22header_2_text_color%22,%22header_5_text_color%22,%22header_6_text_color%22,%22quote_text_color%22,%22header_text_color%22,%22header_3_text_color%22,%22header_2_text_color%22,%22header_5_text_color%22,%22header_6_text_color%22,%22quote_text_color%22,%22header_text_color%22,%22header_3_text_color%22,%22header_2_text_color%22,%22header_5_text_color%22,%22header_6_text_color%22,%22quote_text_color%22,%22header_text_color%22,%22header_3_text_color%22,%22header_2_text_color%22,%22header_5_text_color%22,%22header_6_text_color%22,%22quote_text_color%22%93,%22gcid-body-color%22:%91%22text_text_color%22,%22text_text_color%22,%22text_text_color%22,%22text_text_color%22,%22text_text_color%22,%22text_text_color%22,%22text_text_color%22%93,%22gcid-secondary-color%22:%91%22quote_border_color%22,%22quote_border_color%22,%22quote_border_color%22,%22quote_border_color%22,%22quote_border_color%22,%22quote_border_color%22,%22quote_border_color%22%93}&#8220; header_4_text_color__hover=&#8220;#9D9D9C&#8220; header_4_text_color__hover_enabled=&#8220;on|hover&#8220;]<\/p>\n<h4>Mitarbeiten<\/h4>\n<p>[\/et_pb_text][et_pb_text _builder_version=&#8220;4.27.0&#8243; _module_preset=&#8220;default&#8220; header_2_font=&#8220;|700||on|||||&#8220; header_2_text_align=&#8220;left&#8220; header_2_text_color=&#8220;#FFFFFF&#8220; header_2_font_size=&#8220;30px&#8220; header_2_letter_spacing=&#8220;1px&#8220; header_2_line_height=&#8220;1.28em&#8220; custom_margin=&#8220;0px||5px||false|false&#8220; custom_padding=&#8220;0px||0px||false|false&#8220; header_2_font_size_tablet=&#8220;37px&#8220; header_2_font_size_phone=&#8220;28px&#8220; locked=&#8220;off&#8220; global_colors_info=&#8220;{}&#8220;]<\/p>\n<h2>Jobangebote<\/h2>\n<p>[\/et_pb_text][et_pb_text _builder_version=&#8220;4.27.0&#8243; _module_preset=&#8220;default&#8220; text_font=&#8220;||||||||&#8220; text_text_color=&#8220;#FFFFFF&#8220; text_line_height=&#8220;1.6em&#8220; custom_margin=&#8220;0px||0px||false|false&#8220; custom_padding=&#8220;0px||20px||false|false&#8220; locked=&#8220;off&#8220; global_colors_info=&#8220;{}&#8220;]<\/p>\n<p>Werden Sie Teil eines engagierten Teams bei Zwischenschritt Jugendhilfe und setzen Sie sich leidenschaftlich f\u00fcr die Entwicklung junger Menschen und Familien ein.<\/p>\n<p>Wir schaffen eine vertrauensvolle Atmosph\u00e4re und bieten Ihnen vielf\u00e4ltige Jobangebote, um Ihre F\u00e4higkeiten sinnvoll einzubringen und die Lebensbedingungen in der Gemeinschaft aktiv zu verbessern.\u00a0<\/p>\n<p>[\/et_pb_text][et_pb_button button_url=&#8220;mailto:info@zwischenschritt-jugendhilfe.de&#8220; button_text=&#8220;E-Mail an uns&#8220; _builder_version=&#8220;4.27.4&#8243; _module_preset=&#8220;cbff0763-4f8b-4184-8d71-5d6c5123c125&#8243; button_bg_color=&#8220;#9D9D9C&#8220; button_icon=&#8220;&#xf0e0;||fa||900&#8243; global_colors_info=&#8220;{}&#8220;][\/et_pb_button][\/et_pb_column][\/et_pb_row][\/et_pb_section][et_pb_section fb_built=&#8220;1&#8243; use_custom_gutter=&#8220;on&#8220; gutter_width=&#8220;1&#8243; specialty=&#8220;on&#8220; custom_padding_last_edited=&#8220;on|tablet&#8220; padding_top_1=&#8220;0px&#8220; padding_top_2=&#8220;50px&#8220; padding_bottom_1=&#8220;0px&#8220; padding_bottom_2=&#8220;0px&#8220; padding_left_2=&#8220;50px&#8220; padding_top_bottom_link_1=&#8220;false&#8220; padding_top_bottom_link_2=&#8220;false&#8220; padding_left_right_link_2=&#8220;false&#8220; padding_2_tablet=&#8220;0px||0px|0px|false|false&#8220; padding_2_phone=&#8220;0px||0px||false|false&#8220; padding_2_last_edited=&#8220;on|tablet&#8220; _builder_version=&#8220;4.27.4&#8243; _module_preset=&#8220;default&#8220; background_color=&#8220;#f2f2f2&#8243; background_enable_image=&#8220;off&#8220; background_size=&#8220;initial&#8220; background_position=&#8220;bottom_right&#8220; inner_width=&#8220;90%&#8220; custom_margin=&#8220;0px||0px||false|false&#8220; custom_padding=&#8220;50px||50px||true|false&#8220; custom_padding_tablet=&#8220;100px||100px||false|false&#8220; custom_padding_phone=&#8220;90px||84px||false|false&#8220; background_last_edited=&#8220;on|phone&#8220; background_enable_image_phone=&#8220;off&#8220; locked=&#8220;off&#8220; global_colors_info=&#8220;{}&#8220;][et_pb_column type=&#8220;1_2&#8243; _builder_version=&#8220;4.16&#8243; custom_padding=&#8220;|||&#8220; global_colors_info=&#8220;{}&#8220; custom_padding__hover=&#8220;|||&#8220;][et_pb_image src=&#8220;https:\/\/irene-wolk.de\/wp-content\/uploads\/sites\/11\/2025\/08\/Jobs-Zwischenschritt-Jugendhilfe.jpg&#8220; title_text=&#8220;Jobs-Zwischenschritt-Jugendhilfe&#8220; force_fullwidth=&#8220;on&#8220; _builder_version=&#8220;4.27.4&#8243; _module_preset=&#8220;default&#8220; custom_margin=&#8220;0px||0px||false|false&#8220; custom_margin_tablet=&#8220;0px||80px||false|false&#8220; custom_margin_phone=&#8220;||55px||false|false&#8220; custom_margin_last_edited=&#8220;on|tablet&#8220; custom_padding=&#8220;0px||0px||false|false&#8220; hover_enabled=&#8220;0&#8243; global_colors_info=&#8220;{}&#8220; sticky_enabled=&#8220;0&#8243;][\/et_pb_image][\/et_pb_column][et_pb_column type=&#8220;1_2&#8243; specialty_columns=&#8220;2&#8243; _builder_version=&#8220;4.16&#8243; custom_padding=&#8220;|||&#8220; global_colors_info=&#8220;{}&#8220; custom_padding__hover=&#8220;|||&#8220;][et_pb_row_inner use_custom_gutter=&#8220;on&#8220; make_equal=&#8220;on&#8220; _builder_version=&#8220;4.27.0&#8243; _module_preset=&#8220;default&#8220; custom_padding=&#8220;0px|0px|0px|0px|false|true&#8220; global_colors_info=&#8220;{}&#8220;][et_pb_column_inner saved_specialty_column_type=&#8220;1_2&#8243; _builder_version=&#8220;4.23.1&#8243; _module_preset=&#8220;default&#8220; global_colors_info=&#8220;{}&#8220;][et_pb_text _builder_version=&#8220;4.27.0&#8243; _module_preset=&#8220;default&#8220; header_3_font=&#8220;&#8211;et_global_heading_font|700||on|||||&#8220; header_3_text_color=&#8220;#075B90&#8243; header_3_font_size=&#8220;22px&#8220; locked=&#8220;off&#8220; global_colors_info=&#8220;{%22gcid-primary-color%22:%91%22link_text_color%22,%22link_text_color%22%93,%22gcid-heading-color%22:%91%22header_text_color%22,%22header_4_text_color%22,%22header_2_text_color%22,%22header_5_text_color%22,%22header_6_text_color%22,%22quote_text_color%22,%22header_text_color%22,%22header_4_text_color%22,%22header_2_text_color%22,%22header_5_text_color%22,%22header_6_text_color%22,%22quote_text_color%22%93,%22gcid-body-color%22:%91%22text_text_color%22,%22text_text_color%22%93,%22gcid-secondary-color%22:%91%22quote_border_color%22,%22quote_border_color%22%93}&#8220;]<\/p>\n<h3>Zusammenarbeit auf Augenh\u00f6he<\/h3>\n<p>[\/et_pb_text][et_pb_text _builder_version=&#8220;4.27.0&#8243; _module_preset=&#8220;default&#8220; text_font=&#8220;||||||||&#8220; text_text_color=&#8220;#6B7589&#8243; text_line_height=&#8220;1.6em&#8220; custom_margin=&#8220;4px||0px||false|false&#8220; custom_padding=&#8220;0px||0px||false|false&#8220; global_colors_info=&#8220;{%22gcid-primary-color%22:%91%22link_text_color%22,%22link_text_color%22,%22link_text_color%22%93,%22gcid-heading-color%22:%91%22header_text_color%22,%22header_4_text_color%22,%22header_3_text_color%22,%22header_2_text_color%22,%22header_5_text_color%22,%22header_6_text_color%22,%22quote_text_color%22,%22header_text_color%22,%22header_4_text_color%22,%22header_3_text_color%22,%22header_2_text_color%22,%22header_5_text_color%22,%22header_6_text_color%22,%22quote_text_color%22,%22header_text_color%22,%22header_4_text_color%22,%22header_3_text_color%22,%22header_2_text_color%22,%22header_5_text_color%22,%22header_6_text_color%22,%22quote_text_color%22%93,%22gcid-secondary-color%22:%91%22quote_border_color%22,%22quote_border_color%22,%22quote_border_color%22%93}&#8220;]<\/p>\n<p>Die Organisationsform von Zwischenschritt erm\u00f6glicht eine Zusammenarbeit auf Augenh\u00f6he. Wir beschr\u00e4nken uns bewusst auf eine minimale interne Hierarchie. Die Planungssicherheit wird verbessert durch eine angemessene finanzielle Honorierung der Basisarbeit, und sichert die Arbeitszufriedenheit. Wir profitieren von unseren umfangreichen Erfahrungen und Qualifikationen mit dem multiperspektivischen Blick auf die von uns erbrachten Leistungen. Wir m\u00f6chten aktiv an der Gestaltung einer kinder-, jugend- und familienfreundlicheren Gesellschaft mitwirken.<\/p>\n<p>Wir engagieren uns f\u00fcr eine Gesellschaft, in der jeder Mensch unabh\u00e4ngig von seinem sozialen Status, seiner Bildung und seinem gesellschaftlich anerkannten F\u00e4higkeiten das Recht hat, an allen Entscheidungen, die sein Leben und das gesellschaftliche Miteinander betreffen mitzubestimmen, eine Gesellschaft, die den gr\u00f6\u00dftm\u00f6glichen Entfaltungsfreiraum zur Autonomie und Selbstbestimmung bietet und eine Gesellschaft, in der Stigmatisierung, Diskriminierung und ein Leben am Rand der Gesellschaft vermieden oder verhindert wird.<\/p>\n<p>[\/et_pb_text][et_pb_button button_url=&#8220;\/ueber-uns&#8220; button_text=&#8220;Ihr Arbeitgeber&#8220; button_alignment=&#8220;left&#8220; _builder_version=&#8220;4.27.0&#8243; _module_preset=&#8220;88f546bd-6188-4025-aa92-f30abcc50216&#8243; button_bg_color=&#8220;#075B90&#8243; background_layout=&#8220;dark&#8220; custom_margin=&#8220;25px||30px||false|false&#8220; locked=&#8220;off&#8220; global_colors_info=&#8220;{}&#8220;][\/et_pb_button][\/et_pb_column_inner][\/et_pb_row_inner][\/et_pb_column][\/et_pb_section][et_pb_section fb_built=&#8220;1&#8243; module_id=&#8220;stellenangebote&#8220; _builder_version=&#8220;4.24.3&#8243; _module_preset=&#8220;default&#8220; custom_padding=&#8220;||31px|||&#8220; global_colors_info=&#8220;{}&#8220;][et_pb_row use_custom_gutter=&#8220;on&#8220; make_equal=&#8220;on&#8220; _builder_version=&#8220;4.27.0&#8243; width=&#8220;90%&#8220; width_tablet=&#8220;90%&#8220; width_phone=&#8220;90%&#8220; width_last_edited=&#8220;on|tablet&#8220; max_width_tablet=&#8220;1400px&#8220; max_width_phone=&#8220;90%&#8220; max_width_last_edited=&#8220;on|tablet&#8220; locked=&#8220;off&#8220; global_colors_info=&#8220;{}&#8220;][et_pb_column type=&#8220;4_4&#8243; _builder_version=&#8220;4.16&#8243; custom_padding=&#8220;|||&#8220; animation_style=&#8220;fade&#8220; animation_duration=&#8220;300ms&#8220; animation_delay=&#8220;500ms&#8220; animation_speed_curve=&#8220;ease&#8220; global_colors_info=&#8220;{}&#8220; custom_padding__hover=&#8220;|||&#8220;][et_pb_text _builder_version=&#8220;4.27.0&#8243; _module_preset=&#8220;default&#8220; text_text_color=&#8220;#FFFFFF&#8220; link_text_color=&#8220;#FFFFFF&#8220; quote_text_color=&#8220;#FFFFFF&#8220; header_2_font=&#8220;&#8211;et_global_heading_font|700|||||||&#8220; header_2_text_align=&#8220;center&#8220; header_2_text_color=&#8220;#075B90&#8243; header_2_font_size=&#8220;40px&#8220; header_4_font=&#8220;||||||||&#8220; header_4_text_align=&#8220;center&#8220; header_4_text_color=&#8220;#FFFFFF&#8220; header_4_font_size=&#8220;20px&#8220; header_4_line_height=&#8220;1.2em&#8220; custom_margin=&#8220;0px||0px||false|false&#8220; custom_padding=&#8220;3px|20px|3px||false|false&#8220; locked=&#8220;off&#8220; global_colors_info=&#8220;{%22gcid-primary-color%22:%91%22link_text_color%22,%22link_text_color%22%93,%22gcid-heading-color%22:%91%22header_text_color%22,%22header_4_text_color%22,%22header_3_text_color%22,%22header_2_text_color%22,%22header_5_text_color%22,%22header_6_text_color%22,%22quote_text_color%22,%22header_text_color%22,%22header_4_text_color%22,%22header_3_text_color%22,%22header_5_text_color%22,%22header_6_text_color%22,%22quote_text_color%22%93,%22gcid-body-color%22:%91%22text_text_color%22,%22text_text_color%22%93,%22gcid-secondary-color%22:%91%22quote_border_color%22,%22quote_border_color%22%93}&#8220; header_4_text_color__hover=&#8220;#fa9928&#8243; header_4_text_color__hover_enabled=&#8220;on|desktop&#8220;]<\/p>\n<h2>Aktuelle Stellenangebote<\/h2>\n<p>[\/et_pb_text][et_pb_text _builder_version=&#8220;4.27.0&#8243; _module_preset=&#8220;default&#8220; text_font=&#8220;&#8211;et_global_body_font|700|||||||&#8220; text_text_color=&#8220;#075B90&#8243; link_text_color=&#8220;#FFFFFF&#8220; quote_text_color=&#8220;#FFFFFF&#8220; header_4_font=&#8220;||||||||&#8220; header_4_text_align=&#8220;center&#8220; header_4_text_color=&#8220;#FFFFFF&#8220; header_4_font_size=&#8220;20px&#8220; header_4_line_height=&#8220;1.2em&#8220; text_orientation=&#8220;center&#8220; width=&#8220;80%&#8220; module_alignment=&#8220;center&#8220; custom_margin=&#8220;0px||0px||false|false&#8220; custom_padding=&#8220;19px|20px|11px|20px|false|false&#8220; global_colors_info=&#8220;{%22gcid-primary-color%22:%91%22link_text_color%22,%22link_text_color%22,%22link_text_color%22%93,%22gcid-heading-color%22:%91%22header_text_color%22,%22header_4_text_color%22,%22header_3_text_color%22,%22header_2_text_color%22,%22header_5_text_color%22,%22header_6_text_color%22,%22quote_text_color%22,%22header_text_color%22,%22header_4_text_color%22,%22header_3_text_color%22,%22header_2_text_color%22,%22header_5_text_color%22,%22header_6_text_color%22,%22quote_text_color%22,%22header_text_color%22,%22header_4_text_color%22,%22header_3_text_color%22,%22header_2_text_color%22,%22header_5_text_color%22,%22header_6_text_color%22,%22quote_text_color%22%93,%22gcid-secondary-color%22:%91%22quote_border_color%22,%22quote_border_color%22,%22quote_border_color%22%93}&#8220; header_4_text_color__hover=&#8220;#fa9928&#8243; header_4_text_color__hover_enabled=&#8220;on|desktop&#8220;]Zwischenschritt Jugendhilfe ist ein Zusammenschluss von freiberuflichen Fachkr\u00e4ften aus unterschiedlichen<br \/>\nBereichen. Unsere Arbeitsprinzipien sind verbindlich, systemisch und bindungsorientiert.<br \/>\nDie Angebote an die Bedarfe der Menschen anzupassen (und nicht umgekehrt) ist ein<br \/>\nwichtiger Grundsatz der Arbeit von Zwischenschritt.[\/et_pb_text][\/et_pb_column][\/et_pb_row][et_pb_row column_structure=&#8220;1_2,1_2&#8243; _builder_version=&#8220;4.27.0&#8243; _module_preset=&#8220;default&#8220; global_colors_info=&#8220;{}&#8220;][et_pb_column type=&#8220;1_2&#8243; _builder_version=&#8220;4.27.0&#8243; _module_preset=&#8220;default&#8220; global_colors_info=&#8220;{}&#8220;][et_pb_text _builder_version=&#8220;4.27.0&#8243; text_font=&#8220;|700|||||||&#8220; text_text_color=&#8220;#6B7589&#8243; text_line_height=&#8220;1.6em&#8220; link_text_color=&#8220;#075B90&#8243; header_font=&#8220;|700|||||||&#8220; header_text_color=&#8220;#297FCA&#8220; header_line_height=&#8220;1.3em&#8220; header_2_font=&#8220;||||||||&#8220; header_2_text_align=&#8220;left&#8220; header_2_text_color=&#8220;#CD1619&#8243; header_3_font=&#8220;||||||||&#8220; header_3_text_align=&#8220;left&#8220; header_3_text_color=&#8220;#075B90&#8243; header_3_font_size=&#8220;20px&#8220; custom_margin_tablet=&#8220;-20px||||false|false&#8220; custom_margin_phone=&#8220;-20px||||false|false&#8220; custom_margin_last_edited=&#8220;on|phone&#8220; custom_padding=&#8220;||||false|false&#8220; animation_style=&#8220;slide&#8220; animation_direction=&#8220;right&#8220; animation_delay=&#8220;100ms&#8220; locked=&#8220;off&#8220; global_colors_info=&#8220;{%22gcid-primary-color%22:%91%22link_text_color%22,%22link_text_color%22,%22link_text_color%22,%22link_text_color%22%93,%22gcid-heading-color%22:%91%22header_text_color%22,%22header_4_text_color%22,%22header_3_text_color%22,%22header_2_text_color%22,%22header_5_text_color%22,%22header_6_text_color%22,%22quote_text_color%22,%22header_text_color%22,%22header_4_text_color%22,%22header_2_text_color%22,%22header_5_text_color%22,%22header_6_text_color%22,%22quote_text_color%22,%22header_text_color%22,%22header_4_text_color%22,%22header_2_text_color%22,%22header_5_text_color%22,%22header_6_text_color%22,%22quote_text_color%22,%22header_text_color%22,%22header_4_text_color%22,%22header_2_text_color%22,%22header_5_text_color%22,%22header_6_text_color%22,%22quote_text_color%22,%22header_text_color%22,%22header_4_text_color%22,%22header_2_text_color%22,%22header_5_text_color%22,%22header_6_text_color%22,%22quote_text_color%22,%22header_text_color%22,%22header_4_text_color%22,%22header_2_text_color%22,%22header_5_text_color%22,%22header_6_text_color%22,%22quote_text_color%22,%22header_text_color%22,%22header_4_text_color%22,%22header_2_text_color%22,%22header_5_text_color%22,%22header_6_text_color%22,%22quote_text_color%22,%22header_text_color%22,%22header_4_text_color%22,%22header_2_text_color%22,%22header_5_text_color%22,%22header_6_text_color%22,%22quote_text_color%22,%22header_text_color%22,%22header_4_text_color%22,%22header_2_text_color%22,%22header_5_text_color%22,%22header_6_text_color%22,%22quote_text_color%22,%22header_text_color%22,%22header_4_text_color%22,%22header_2_text_color%22,%22header_5_text_color%22,%22header_6_text_color%22,%22quote_text_color%22%93,%22gcid-secondary-color%22:%91%22quote_border_color%22,%22quote_border_color%22,%22quote_border_color%22,%22quote_border_color%22,%22quote_border_color%22,%22quote_border_color%22,%22quote_border_color%22,%22quote_border_color%22,%22quote_border_color%22,%22quote_border_color%22%93,%22gcid-body-color%22:%91%22text_text_color%22,%22text_text_color%22%93}&#8220;]<\/p>\n<h3>Inklusionsassistenz\/ Schulbegleitung<\/h3>\n<p>f\u00fcr die Teilhabebereiche Kita, Schule und Freizeit (m\/w\/d)<\/p>\n<p>[\/et_pb_text][et_pb_accordion open_toggle_text_color=&#8220;#075B90&#8243; open_toggle_background_color=&#8220;#FFFFFF&#8220; closed_toggle_text_color=&#8220;#075B90&#8243; closed_toggle_background_color=&#8220;#FFFFFF&#8220; toggle_icon=&#8220;&#x43;||divi||400&#8243; icon_color=&#8220;#075B90&#8243; icon_font_size=&#8220;24px&#8220; _builder_version=&#8220;4.27.0&#8243; _module_preset=&#8220;default&#8220; toggle_text_color=&#8220;#075B90&#8243; toggle_level=&#8220;h4&#8243; toggle_font=&#8220;||||||||&#8220; toggle_line_height=&#8220;1.2em&#8220; closed_toggle_font=&#8220;||||||||&#8220; closed_toggle_font_size=&#8220;18px&#8220; body_font=&#8220;||||||||&#8220; body_text_color=&#8220;#9D9D9C&#8220; border_radii=&#8220;on|0px|0px|0px|0px&#8220; border_width_all=&#8220;0px&#8220; border_width_bottom=&#8220;1px&#8220; border_color_bottom=&#8220;#9D9D9C&#8220; locked=&#8220;off&#8220; global_colors_info=&#8220;{%22gcid-36fd78a7-34bc-404d-873c-dafa34efaae5%22:%91%22quote_icon_color%22,%22quote_icon_color%22,%22quote_icon_color%22,%22quote_icon_color%22%93,%22gcid-primary-color%22:%91%22open_toggle_text_color%22,%22icon_color%22,%22open_toggle_text_color%22,%22icon_color%22,%22icon_color%22%93,%22gcid-heading-color%22:%91%22toggle_text_color%22%93}&#8220;][et_pb_accordion_item title=&#8220;Ihre Aufgaben&#8220; open=&#8220;on&#8220; _builder_version=&#8220;4.27.0&#8243; _module_preset=&#8220;default&#8220; body_font=&#8220;||||||||&#8220; body_text_color=&#8220;#706F6F&#8220; body_font_size=&#8220;15px&#8220; global_colors_info=&#8220;{}&#8220;]<\/p>\n<ul>\n<li>Unterst\u00fctzung\/Assistenz bei der Teilhabe am Alltag in Kindergarten, Schule oder Freizeit.<\/li>\n<li>Vermittlung von Orientierung und Sicherheit.<\/li>\n<li>Zusammenarbeit mit den unterschiedlichen Prozessbeteiligten wie Personensorgeberechtigten,<br \/>Lehrkr\u00e4ften, p\u00e4dagogischen Fachkr\u00e4ften, Therapeut*innen usw.<\/li>\n<li>Teilnahme an Hilfeplangespr\u00e4chen<\/li>\n<\/ul>\n<p>[\/et_pb_accordion_item][et_pb_accordion_item title=&#8220;Wir bieten:&#8220; _builder_version=&#8220;4.27.0&#8243; _module_preset=&#8220;default&#8220; body_font=&#8220;Raleway_local||||||||&#8220; body_text_color=&#8220;#706F6F&#8220; global_colors_info=&#8220;{}&#8220; open=&#8220;off&#8220;]<\/p>\n<ul>\n<li>Eine zun\u00e4chst befristete Anstellung in Teilzeit mit Zukunftsperspektive<\/li>\n<li>gut erreichbare und feste Ansprechpartner*in<\/li>\n<li>eine \u00fcberdurchschnittliche Bezahlung bei geregelten Arbeitszeiten<\/li>\n<li>kollegiale Fallberatung<\/li>\n<li>professionelles Coaching mit anschlie\u00dfender Teilnahmebescheinigung<\/li>\n<\/ul>\n<p>[\/et_pb_accordion_item][et_pb_accordion_item title=&#8220;Ihre Vorraussetzungen&#8220; _builder_version=&#8220;4.27.0&#8243; _module_preset=&#8220;default&#8220; body_font=&#8220;Raleway_local||||||||&#8220; body_text_color=&#8220;#706F6F&#8220; global_colors_info=&#8220;{}&#8220; open=&#8220;off&#8220;]<\/p>\n<ul>\n<li>Eine respektvolle Grundhaltung, sowie die Bereitschaft sich auf die unterschiedlichen<br \/>Bed\u00fcrfnisse der Kinder und Jugendlichen einzulassen<\/li>\n<li>Die Identifikation mit dem Konzept einer inklusiven Gesellschaft<\/li>\n<li>Teamf\u00e4higkeit und Verl\u00e4sslichkeit<\/li>\n<\/ul>\n<p>&nbsp;<\/p>\n<p>&nbsp;<\/p>\n<p>[\/et_pb_accordion_item][\/et_pb_accordion][\/et_pb_column][et_pb_column type=&#8220;1_2&#8243; _builder_version=&#8220;4.27.0&#8243; _module_preset=&#8220;default&#8220; global_colors_info=&#8220;{}&#8220;][et_pb_text _builder_version=&#8220;4.27.0&#8243; text_font=&#8220;|700|||||||&#8220; text_text_color=&#8220;#6B7589&#8243; text_line_height=&#8220;1.6em&#8220; link_text_color=&#8220;#075B90&#8243; header_font=&#8220;|700|||||||&#8220; header_text_color=&#8220;#297FCA&#8220; header_line_height=&#8220;1.3em&#8220; header_2_font=&#8220;||||||||&#8220; header_2_text_align=&#8220;left&#8220; header_2_text_color=&#8220;#CD1619&#8243; header_3_font=&#8220;||||||||&#8220; header_3_text_align=&#8220;left&#8220; header_3_text_color=&#8220;#075B90&#8243; header_3_font_size=&#8220;20px&#8220; custom_margin_tablet=&#8220;-20px||||false|false&#8220; custom_margin_phone=&#8220;-20px||||false|false&#8220; custom_margin_last_edited=&#8220;on|phone&#8220; custom_padding=&#8220;||||false|false&#8220; animation_style=&#8220;slide&#8220; animation_direction=&#8220;right&#8220; animation_delay=&#8220;100ms&#8220; locked=&#8220;off&#8220; global_colors_info=&#8220;{%22gcid-primary-color%22:%91%22link_text_color%22,%22link_text_color%22,%22link_text_color%22%93,%22gcid-heading-color%22:%91%22header_text_color%22,%22header_4_text_color%22,%22header_3_text_color%22,%22header_2_text_color%22,%22header_5_text_color%22,%22header_6_text_color%22,%22quote_text_color%22,%22header_text_color%22,%22header_4_text_color%22,%22header_2_text_color%22,%22header_5_text_color%22,%22header_6_text_color%22,%22quote_text_color%22,%22header_text_color%22,%22header_4_text_color%22,%22header_2_text_color%22,%22header_5_text_color%22,%22header_6_text_color%22,%22quote_text_color%22,%22header_text_color%22,%22header_4_text_color%22,%22header_2_text_color%22,%22header_5_text_color%22,%22header_6_text_color%22,%22quote_text_color%22,%22header_text_color%22,%22header_4_text_color%22,%22header_2_text_color%22,%22header_5_text_color%22,%22header_6_text_color%22,%22quote_text_color%22,%22header_text_color%22,%22header_4_text_color%22,%22header_2_text_color%22,%22header_5_text_color%22,%22header_6_text_color%22,%22quote_text_color%22%93,%22gcid-secondary-color%22:%91%22quote_border_color%22,%22quote_border_color%22,%22quote_border_color%22,%22quote_border_color%22,%22quote_border_color%22,%22quote_border_color%22%93}&#8220;]<\/p>\n<h3>Sozialarbeiter*in \/ Sozialp\u00e4dagog*in<\/h3>\n<p>(Diplom\/BA\/MA), Erzieher*in (m\/w\/d) freiberuflich auf Honorarbasis<\/p>\n<p>[\/et_pb_text][et_pb_accordion open_toggle_text_color=&#8220;#075B90&#8243; open_toggle_background_color=&#8220;#FFFFFF&#8220; closed_toggle_text_color=&#8220;#075B90&#8243; closed_toggle_background_color=&#8220;#FFFFFF&#8220; toggle_icon=&#8220;&#x43;||divi||400&#8243; icon_color=&#8220;#075B90&#8243; icon_font_size=&#8220;24px&#8220; _builder_version=&#8220;4.27.0&#8243; _module_preset=&#8220;default&#8220; toggle_text_color=&#8220;#075B90&#8243; toggle_level=&#8220;h4&#8243; toggle_font=&#8220;||||||||&#8220; toggle_line_height=&#8220;1.2em&#8220; closed_toggle_font=&#8220;||||||||&#8220; closed_toggle_font_size=&#8220;18px&#8220; body_font=&#8220;||||||||&#8220; body_text_color=&#8220;#9D9D9C&#8220; border_radii=&#8220;on|0px|0px|0px|0px&#8220; border_width_all=&#8220;0px&#8220; border_width_bottom=&#8220;1px&#8220; border_color_bottom=&#8220;#9D9D9C&#8220; locked=&#8220;off&#8220; global_colors_info=&#8220;{%22gcid-36fd78a7-34bc-404d-873c-dafa34efaae5%22:%91%22quote_icon_color%22,%22quote_icon_color%22,%22quote_icon_color%22,%22quote_icon_color%22%93,%22gcid-primary-color%22:%91%22open_toggle_text_color%22,%22icon_color%22,%22open_toggle_text_color%22,%22icon_color%22,%22icon_color%22%93,%22gcid-heading-color%22:%91%22toggle_text_color%22%93}&#8220;][et_pb_accordion_item title=&#8220;Ihre Aufgaben&#8220; open=&#8220;on&#8220; _builder_version=&#8220;4.27.0&#8243; _module_preset=&#8220;default&#8220; body_font=&#8220;||||||||&#8220; body_text_color=&#8220;#706F6F&#8220; body_font_size=&#8220;15px&#8220; global_colors_info=&#8220;{}&#8220;]<\/p>\n<ul>\n<li>Verselbstst\u00e4ndigung von Jugendlichen und jungen Erwachsenen<\/li>\n<li>Unterst\u00fctzung und Begleitung bei Beh\u00f6rdenangelegenheiten<\/li>\n<li>Clearing und Krisenintervention<\/li>\n<li>Beratung, Begleitung und Unterst\u00fctzung von Familien bei der Gestaltung des Zusammenlebens<br \/>sowie der Gew\u00e4hrleistung des Kindeswohls<\/li>\n<li>F\u00f6rderung der Erziehungskompetenz der Eltern bzw. Sorgeberechtigten, enge Zusammenarbeit<br \/>mit dem Jugendamt, \u00c4rzt*innen, Kitas und Schulen sowie Fachdiensten<\/li>\n<li>Dokumentation der Hilfeverl\u00e4ufe sowie Berichterstattung u.v.m<\/li>\n<\/ul>\n<p>[\/et_pb_accordion_item][et_pb_accordion_item title=&#8220;Wir bieten:&#8220; _builder_version=&#8220;4.27.0&#8243; _module_preset=&#8220;default&#8220; body_font=&#8220;Raleway_local||||||||&#8220; body_text_color=&#8220;#706F6F&#8220; global_colors_info=&#8220;{}&#8220; open=&#8220;off&#8220;]<\/p>\n<ul>\n<li>gute Bezahlung<\/li>\n<li>einen von Wertsch\u00e4tzung gepr\u00e4gten Umgang<\/li>\n<li>die M\u00f6glichkeit, die eigenen kreativen Ans\u00e4tze f\u00fcr Klient*innen einzubringen<\/li>\n<li>minimale interne Hierarchie<\/li>\n<li>kollegiale Fallberatung<\/li>\n<li>pers\u00f6nliche Ansprechpartner*innen und Prozessbegleitung<\/li>\n<li>externe Supervision<\/li>\n<li>intensives Coaching f\u00fcr Einsteiger*innen<\/li>\n<\/ul>\n<p>[\/et_pb_accordion_item][et_pb_accordion_item title=&#8220;Ihre Vorraussetzungen&#8220; _builder_version=&#8220;4.27.0&#8243; _module_preset=&#8220;default&#8220; body_font=&#8220;Raleway_local||||||||&#8220; body_text_color=&#8220;#706F6F&#8220; global_colors_info=&#8220;{}&#8220; open=&#8220;off&#8220;]<\/p>\n<ul>\n<li>Fachhochschul- bzw. Hochschulabsolvent*innen aus dem Bereich Sozialwesen oder<br \/>vergleichbaren Fachrichtungen<\/li>\n<li>Erzieher*innen<\/li>\n<li>Heilp\u00e4dagog*innen<\/li>\n<\/ul>\n<p>&nbsp;<\/p>\n<p>&nbsp;<\/p>\n<p>[\/et_pb_accordion_item][\/et_pb_accordion][\/et_pb_column][\/et_pb_row][et_pb_row use_custom_gutter=&#8220;on&#8220; make_equal=&#8220;on&#8220; _builder_version=&#8220;4.27.0&#8243; width=&#8220;90%&#8220; width_tablet=&#8220;90%&#8220; width_phone=&#8220;90%&#8220; width_last_edited=&#8220;on|tablet&#8220; max_width_tablet=&#8220;1400px&#8220; max_width_phone=&#8220;90%&#8220; max_width_last_edited=&#8220;on|tablet&#8220; locked=&#8220;off&#8220; global_colors_info=&#8220;{}&#8220;][et_pb_column type=&#8220;4_4&#8243; _builder_version=&#8220;4.16&#8243; custom_padding=&#8220;|||&#8220; animation_style=&#8220;fade&#8220; animation_duration=&#8220;300ms&#8220; animation_delay=&#8220;500ms&#8220; animation_speed_curve=&#8220;ease&#8220; global_colors_info=&#8220;{}&#8220; custom_padding__hover=&#8220;|||&#8220;][et_pb_text _builder_version=&#8220;4.27.0&#8243; text_font=&#8220;|700|||||||&#8220; text_text_color=&#8220;#075B90&#8243; text_font_size=&#8220;20px&#8220; text_line_height=&#8220;1.6em&#8220; link_font=&#8220;|700|||||||&#8220; link_text_color=&#8220;#075B90&#8243; link_font_size=&#8220;20px&#8220; link_line_height=&#8220;1.2em&#8220; header_font=&#8220;|700|||||||&#8220; header_text_color=&#8220;#297FCA&#8220; header_line_height=&#8220;1.3em&#8220; header_2_font=&#8220;Oswald_local||||||||&#8220; header_2_text_align=&#8220;left&#8220; header_2_text_color=&#8220;#CD1619&#8243; header_3_font=&#8220;||||||||&#8220; header_3_text_align=&#8220;left&#8220; header_3_text_color=&#8220;#075B90&#8243; header_3_font_size=&#8220;26px&#8220; text_orientation=&#8220;center&#8220; custom_margin_tablet=&#8220;-20px||||false|false&#8220; custom_margin_phone=&#8220;-20px||||false|false&#8220; custom_margin_last_edited=&#8220;on|phone&#8220; custom_padding=&#8220;||||false|false&#8220; animation_style=&#8220;slide&#8220; animation_direction=&#8220;right&#8220; animation_delay=&#8220;100ms&#8220; locked=&#8220;off&#8220; global_colors_info=&#8220;{%22gcid-primary-color%22:%91%22link_text_color%22%93,%22gcid-heading-color%22:%91%22header_text_color%22,%22header_4_text_color%22,%22header_3_text_color%22,%22header_2_text_color%22,%22header_5_text_color%22,%22header_6_text_color%22,%22quote_text_color%22,%22header_text_color%22,%22header_4_text_color%22,%22header_3_text_color%22,%22header_2_text_color%22,%22header_5_text_color%22,%22header_6_text_color%22,%22quote_text_color%22,%22header_text_color%22,%22header_4_text_color%22,%22header_2_text_color%22,%22header_5_text_color%22,%22header_6_text_color%22,%22quote_text_color%22%93,%22gcid-secondary-color%22:%91%22quote_border_color%22,%22quote_border_color%22,%22quote_border_color%22%93}&#8220;]<\/p>\n<p>Bewerbung bitte mit Lebenslauf und Zeugnissen in einem einzigen Scan an:<br \/>info@zwischenschritt-jugendhilfe.de<\/p>\n<p>[\/et_pb_text][\/et_pb_column][\/et_pb_row][\/et_pb_section]<\/p>\n","protected":false},"excerpt":{"rendered":"<p>MitarbeitenJobangeboteWerden Sie Teil eines engagierten Teams bei Zwischenschritt Jugendhilfe und setzen Sie sich leidenschaftlich f\u00fcr die Entwicklung junger Menschen und Familien ein. Wir schaffen eine vertrauensvolle Atmosph\u00e4re und bieten Ihnen vielf\u00e4ltige Jobangebote, um Ihre F\u00e4higkeiten sinnvoll einzubringen und die Lebensbedingungen in der Gemeinschaft aktiv zu verbessern.\u00a0Zusammenarbeit auf Augenh\u00f6heDie Organisationsform von Zwischenschritt erm\u00f6glicht eine Zusammenarbeit auf [&hellip;]<\/p>\n","protected":false},"author":1,"featured_media":0,"parent":0,"menu_order":0,"comment_status":"closed","ping_status":"closed","template":"","meta":{"_et_pb_use_builder":"on","_et_pb_old_content":"","_et_gb_content_width":"","footnotes":""},"class_list":["post-4","page","type-page","status-publish","hentry"],"yoast_head":"<!-- This site is optimized with the Yoast SEO plugin v27.4 - https:\/\/yoast.com\/product\/yoast-seo-wordpress\/ -->\n<title>Jobs - Zwischenschritt Jugendhilfe<\/title>\n<meta name=\"robots\" content=\"noindex, follow, max-snippet:-1, max-image-preview:large, max-video-preview:-1\" \/>\n<meta property=\"og:locale\" content=\"de_DE\" \/>\n<meta property=\"og:type\" content=\"article\" \/>\n<meta property=\"og:title\" content=\"Jobs - Zwischenschritt Jugendhilfe\" \/>\n<meta property=\"og:description\" content=\"MitarbeitenJobangeboteWerden Sie Teil eines engagierten Teams bei Zwischenschritt Jugendhilfe und setzen Sie sich leidenschaftlich f\u00fcr die Entwicklung junger Menschen und Familien ein. Wir schaffen eine vertrauensvolle Atmosph\u00e4re und bieten Ihnen vielf\u00e4ltige Jobangebote, um Ihre F\u00e4higkeiten sinnvoll einzubringen und die Lebensbedingungen in der Gemeinschaft aktiv zu verbessern.\u00a0Zusammenarbeit auf Augenh\u00f6heDie Organisationsform von Zwischenschritt erm\u00f6glicht eine Zusammenarbeit auf [&hellip;]\" \/>\n<meta property=\"og:url\" content=\"https:\/\/irene-wolk.de\/zwischenschritt\/jobs\/\" \/>\n<meta property=\"og:site_name\" content=\"Zwischenschritt Jugendhilfe\" \/>\n<meta property=\"article:modified_time\" content=\"2025-08-13T10:10:09+00:00\" \/>\n<meta name=\"twitter:card\" content=\"summary_large_image\" \/>\n<meta name=\"twitter:label1\" content=\"Gesch\u00e4tzte Lesezeit\" \/>\n\t<meta name=\"twitter:data1\" content=\"17\u00a0Minuten\" \/>\n<script type=\"application\/ld+json\" class=\"yoast-schema-graph\">{\"@context\":\"https:\\\/\\\/schema.org\",\"@graph\":[{\"@type\":\"WebPage\",\"@id\":\"https:\\\/\\\/irene-wolk.de\\\/zwischenschritt\\\/jobs\\\/\",\"url\":\"https:\\\/\\\/irene-wolk.de\\\/zwischenschritt\\\/jobs\\\/\",\"name\":\"Jobs - Zwischenschritt Jugendhilfe\",\"isPartOf\":{\"@id\":\"https:\\\/\\\/irene-wolk.de\\\/zwischenschritt\\\/#website\"},\"datePublished\":\"2024-08-09T10:42:55+00:00\",\"dateModified\":\"2025-08-13T10:10:09+00:00\",\"breadcrumb\":{\"@id\":\"https:\\\/\\\/irene-wolk.de\\\/zwischenschritt\\\/jobs\\\/#breadcrumb\"},\"inLanguage\":\"de\",\"potentialAction\":[{\"@type\":\"ReadAction\",\"target\":[\"https:\\\/\\\/irene-wolk.de\\\/zwischenschritt\\\/jobs\\\/\"]}]},{\"@type\":\"BreadcrumbList\",\"@id\":\"https:\\\/\\\/irene-wolk.de\\\/zwischenschritt\\\/jobs\\\/#breadcrumb\",\"itemListElement\":[{\"@type\":\"ListItem\",\"position\":1,\"name\":\"Startseite\",\"item\":\"https:\\\/\\\/irene-wolk.de\\\/zwischenschritt\\\/\"},{\"@type\":\"ListItem\",\"position\":2,\"name\":\"Jobs\"}]},{\"@type\":\"WebSite\",\"@id\":\"https:\\\/\\\/irene-wolk.de\\\/zwischenschritt\\\/#website\",\"url\":\"https:\\\/\\\/irene-wolk.de\\\/zwischenschritt\\\/\",\"name\":\"Zwischenschritt Jugendhilfe\",\"description\":\"Ambulante Angebote und Wohnprojekte\",\"potentialAction\":[{\"@type\":\"SearchAction\",\"target\":{\"@type\":\"EntryPoint\",\"urlTemplate\":\"https:\\\/\\\/irene-wolk.de\\\/zwischenschritt\\\/?s={search_term_string}\"},\"query-input\":{\"@type\":\"PropertyValueSpecification\",\"valueRequired\":true,\"valueName\":\"search_term_string\"}}],\"inLanguage\":\"de\"}]}<\/script>\n<!-- \/ Yoast SEO plugin. -->","yoast_head_json":{"title":"Jobs - Zwischenschritt Jugendhilfe","robots":{"index":"noindex","follow":"follow","max-snippet":"max-snippet:-1","max-image-preview":"max-image-preview:large","max-video-preview":"max-video-preview:-1"},"og_locale":"de_DE","og_type":"article","og_title":"Jobs - Zwischenschritt Jugendhilfe","og_description":"MitarbeitenJobangeboteWerden Sie Teil eines engagierten Teams bei Zwischenschritt Jugendhilfe und setzen Sie sich leidenschaftlich f\u00fcr die Entwicklung junger Menschen und Familien ein. Wir schaffen eine vertrauensvolle Atmosph\u00e4re und bieten Ihnen vielf\u00e4ltige Jobangebote, um Ihre F\u00e4higkeiten sinnvoll einzubringen und die Lebensbedingungen in der Gemeinschaft aktiv zu verbessern.\u00a0Zusammenarbeit auf Augenh\u00f6heDie Organisationsform von Zwischenschritt erm\u00f6glicht eine Zusammenarbeit auf [&hellip;]","og_url":"https:\/\/irene-wolk.de\/zwischenschritt\/jobs\/","og_site_name":"Zwischenschritt Jugendhilfe","article_modified_time":"2025-08-13T10:10:09+00:00","twitter_card":"summary_large_image","twitter_misc":{"Gesch\u00e4tzte Lesezeit":"17\u00a0Minuten"},"schema":{"@context":"https:\/\/schema.org","@graph":[{"@type":"WebPage","@id":"https:\/\/irene-wolk.de\/zwischenschritt\/jobs\/","url":"https:\/\/irene-wolk.de\/zwischenschritt\/jobs\/","name":"Jobs - Zwischenschritt Jugendhilfe","isPartOf":{"@id":"https:\/\/irene-wolk.de\/zwischenschritt\/#website"},"datePublished":"2024-08-09T10:42:55+00:00","dateModified":"2025-08-13T10:10:09+00:00","breadcrumb":{"@id":"https:\/\/irene-wolk.de\/zwischenschritt\/jobs\/#breadcrumb"},"inLanguage":"de","potentialAction":[{"@type":"ReadAction","target":["https:\/\/irene-wolk.de\/zwischenschritt\/jobs\/"]}]},{"@type":"BreadcrumbList","@id":"https:\/\/irene-wolk.de\/zwischenschritt\/jobs\/#breadcrumb","itemListElement":[{"@type":"ListItem","position":1,"name":"Startseite","item":"https:\/\/irene-wolk.de\/zwischenschritt\/"},{"@type":"ListItem","position":2,"name":"Jobs"}]},{"@type":"WebSite","@id":"https:\/\/irene-wolk.de\/zwischenschritt\/#website","url":"https:\/\/irene-wolk.de\/zwischenschritt\/","name":"Zwischenschritt Jugendhilfe","description":"Ambulante Angebote und Wohnprojekte","potentialAction":[{"@type":"SearchAction","target":{"@type":"EntryPoint","urlTemplate":"https:\/\/irene-wolk.de\/zwischenschritt\/?s={search_term_string}"},"query-input":{"@type":"PropertyValueSpecification","valueRequired":true,"valueName":"search_term_string"}}],"inLanguage":"de"}]}},"_links":{"self":[{"href":"https:\/\/irene-wolk.de\/zwischenschritt\/wp-json\/wp\/v2\/pages\/4","targetHints":{"allow":["GET"]}}],"collection":[{"href":"https:\/\/irene-wolk.de\/zwischenschritt\/wp-json\/wp\/v2\/pages"}],"about":[{"href":"https:\/\/irene-wolk.de\/zwischenschritt\/wp-json\/wp\/v2\/types\/page"}],"author":[{"embeddable":true,"href":"https:\/\/irene-wolk.de\/zwischenschritt\/wp-json\/wp\/v2\/users\/1"}],"replies":[{"embeddable":true,"href":"https:\/\/irene-wolk.de\/zwischenschritt\/wp-json\/wp\/v2\/comments?post=4"}],"version-history":[{"count":0,"href":"https:\/\/irene-wolk.de\/zwischenschritt\/wp-json\/wp\/v2\/pages\/4\/revisions"}],"wp:attachment":[{"href":"https:\/\/irene-wolk.de\/zwischenschritt\/wp-json\/wp\/v2\/media?parent=4"}],"curies":[{"name":"wp","href":"https:\/\/api.w.org\/{rel}","templated":true}]}}